{"id":721592,"date":"2025-08-27T18:52:17","date_gmt":"2025-08-27T15:52:17","guid":{"rendered":"https:\/\/roveyayinevi.com.tr\/index.php\/urun\/turk-dunyasinda-soykirim-cilt-1\/"},"modified":"2026-04-16T02:29:26","modified_gmt":"2026-04-15T23:29:26","slug":"turk-dunyasinda-soykirim-cilt-1","status":"publish","type":"product","link":"https:\/\/roveyayinevi.com.tr\/index.php\/urun\/turk-dunyasinda-soykirim-cilt-1\/","title":{"rendered":"T\u00fcrk D\u00fcnyas\u0131nda Soyk\u0131r\u0131m Cilt 1"},"content":{"rendered":"<p>\u00dcnl\u00fc T\u00fcrk filozofu Mevlana\u2019n\u0131n&#8221;Tanr\u0131 korusun, T\u00fcrk ba\u011f\u0131r\u0131rsa e\u011fer, K\u00f6pek nedir ki, aslan\u0131n erke\u011fi kan kusar.\u201ddiye karakterize etti\u011fi T\u00fcrk milleti, pek \u00e7ok yerde oldu\u011fu gibi \u0130ran\u2019da da egemenli\u011fini u\u011fram\u0131\u015f oldu\u011fu vahim soyk\u0131r\u0131mla kaybetmi\u015f ve kendi topra\u011f\u0131nda kimlik itibar\u0131yla a\u015fa\u011f\u0131lanarak esarete al\u0131nm\u0131\u015ft\u0131r.Firdevsi\u2019nin &#8220;\u015eahname\u201d eserindeki \u0130ran-Turan efsanesi \u00fczerinden hareket edilerek kurgulanm\u0131\u015f olan s\u00f6zde resmi tarih anlay\u0131\u015f\u0131 ile \u0130ran, T\u00fcrk d\u00fcnyas\u0131n\u0131n d\u0131\u015f\u0131nda ve kar\u015f\u0131s\u0131nda tutulmu\u015ftur.  Bu resmi tarih anlay\u0131\u015f\u0131, T\u00fcrklerin Avrasya egemenli\u011finin b\u00fcsb\u00fct\u00fcn yenilgiye u\u011framas\u0131ndan ve M\u00fcttefik Kuvvetlerin i\u015fgalinden sonra kurulan Yeni D\u00fcnya D\u00fczeni ile me\u015fruluk kazanm\u0131\u015ft\u0131r.    D\u00fcnyada bir\u00e7ok sava\u015f, toplu katliam ve soyk\u0131r\u0131mlar ya\u015fanm\u0131\u015ft\u0131r. Ancak en a\u011f\u0131r, en y\u0131k\u0131c\u0131 \u015fekilde soyk\u0131r\u0131ma u\u011frat\u0131lm\u0131\u015f olan ve hakk\u0131nda gerekti\u011fi seviyede konu\u015fulmayan ve bununla yetinmeyip her daim kendisinin u\u011frad\u0131\u011f\u0131 soyk\u0131r\u0131m\u0131 ba\u015fkas\u0131na yapm\u0131\u015f gibi su\u00e7lu sandalyesine oturtmakla korkutulan millet T\u00fcrklerdir. Ba\u015fka bir ifade ile d\u00fcnya da en y\u0131k\u0131c\u0131 ve korkun\u00e7 soyk\u0131r\u0131m T\u00fcrklere kar\u015f\u0131 yap\u0131lm\u0131\u015f olan soyk\u0131r\u0131md\u0131r.  <\/p>\n","protected":false},"excerpt":{"rendered":"<p>\u00dcnl\u00fc T\u00fcrk filozofu Mevlana\u2019n\u0131n&#8221;Tanr\u0131 korusun, T\u00fcrk ba\u011f\u0131r\u0131rsa e\u011fer, K\u00f6pek nedir ki, aslan\u0131n erke\u011fi kan kusar.\u201ddiye karakterize etti\u011fi T\u00fcrk milleti, pek \u00e7ok yerde oldu\u011fu gibi \u0130ran\u2019da da<span class=\"excerpt-hellip\"> [\u2026]<\/span><\/p>\n","protected":false},"featured_media":0,"template":"","meta":{"_monsterinsights_skip_tracking":false,"_monsterinsights_sitenote_active":false,"_monsterinsights_sitenote_note":"","_monsterinsights_sitenote_category":0},"product_brand":[],"product_cat":[12305,12304],"product_tag":[],"class_list":{"0":"post-721592","1":"product","2":"type-product","3":"status-publish","5":"product_cat-dunya-tarihi","6":"product_cat-tarih","7":"pa_cilt-ciltsiz","8":"pa_tur-kitap","9":"pa_yayinevi-astana-yayinlari","10":"pa_yazar-rahim-cavadbeyli","12":"first","13":"instock","14":"sale","15":"shipping-taxable","16":"purchasable","17":"product-type-simple"},"_links":{"self":[{"href":"https:\/\/roveyayinevi.com.tr\/index.php\/wp-json\/wp\/v2\/product\/721592","targetHints":{"allow":["GET"]}}],"collection":[{"href":"https:\/\/roveyayinevi.com.tr\/index.php\/wp-json\/wp\/v2\/product"}],"about":[{"href":"https:\/\/roveyayinevi.com.tr\/index.php\/wp-json\/wp\/v2\/types\/product"}],"wp:attachment":[{"href":"https:\/\/roveyayinevi.com.tr\/index.php\/wp-json\/wp\/v2\/media?parent=721592"}],"wp:term":[{"taxonomy":"product_brand","embeddable":true,"href":"https:\/\/roveyayinevi.com.tr\/index.php\/wp-json\/wp\/v2\/product_brand?post=721592"},{"taxonomy":"product_cat","embeddable":true,"href":"https:\/\/roveyayinevi.com.tr\/index.php\/wp-json\/wp\/v2\/product_cat?post=721592"},{"taxonomy":"product_tag","embeddable":true,"href":"https:\/\/roveyayinevi.com.tr\/index.php\/wp-json\/wp\/v2\/product_tag?post=721592"}],"curies":[{"name":"wp","href":"https:\/\/api.w.org\/{rel}","templated":true}]}}