{"id":721426,"date":"2025-08-27T18:50:01","date_gmt":"2025-08-27T15:50:01","guid":{"rendered":"https:\/\/roveyayinevi.com.tr\/index.php\/urun\/ahlak-iktisat-ve-bilim\/"},"modified":"2026-04-16T02:29:22","modified_gmt":"2026-04-15T23:29:22","slug":"ahlak-iktisat-ve-bilim","status":"publish","type":"product","link":"https:\/\/roveyayinevi.com.tr\/index.php\/urun\/ahlak-iktisat-ve-bilim\/","title":{"rendered":"Ahlak \u0130ktisat ve Bilim"},"content":{"rendered":"<p>\u0130ktisat ve iktisadi ili\u015fkiler, g\u00fcn\u00fcm\u00fcz d\u00fcnyas\u0131nda her \u015feyin ard\u0131nda yatan temel ger\u00e7ek ve a\u00e7\u0131klama olarak g\u00f6r\u00fclmeye ba\u015flad\u0131. Ampirik ve bilimsel olma iddias\u0131ndaki her yakla\u015f\u0131m gibi iktisadi yakla\u015f\u0131m da ahlaki olanla de\u011fil sadece olgularla ili\u015fkili oldu\u011funu iddia eder. Ahlaki yarg\u0131 verme zorunlulu\u011fu, olgular\u0131n bir \u00e7e\u015fit analizi oldu\u011fu \u00f6ne s\u00fcr\u00fclen \u00e7\u0131kar\u0131mlar yapmaya yerini b\u0131rakm\u0131\u015f gibi sunuluyor. G\u00fcn\u00fcm\u00fczde kendini siyasal ve ahlaki olarak konumland\u0131ramayan ya da \u00e7aresiz hisseden ve bir \u00e7e\u015fit yarg\u0131s\u0131zl\u0131k ile duygusuzluk durumuna hapsolmu\u015f her modernizm sonu bireyi, iktisadi olan\u0131n bu s\u00f6zde bilimsel \u00e7at\u0131s\u0131 alt\u0131nda kendine bir s\u0131\u011f\u0131nak aramaktad\u0131r. Oysa insanl\u0131\u011f\u0131n iktisadi olanla ili\u015fkisi her zaman b\u00f6yle ger\u00e7ekle\u015fmemi\u015ftir. Klasik iktisad\u0131n kurucusu say\u0131lan ve ayn\u0131 zamanda bir filozof da olan Adam Smith\u2019in de dahil oldu\u011fu eski d\u00fcnya tasavvurunda iktisat ahlaktan tamamen ayr\u0131 bir alan de\u011fildir. Hatta ahlaki yarg\u0131lar taraf\u0131ndan belirlenen bir aland\u0131r. Bu ili\u015fki t\u00fcr\u00fcnde do\u011fru olan iyi oland\u0131r ve iyinin ne oldu\u011fu da felsefi bir meseledir. \u00d6yle g\u00f6r\u00fcn\u00fcyor ki, iktisat bilimle\u015fme s\u00fcrecinde ahlakla olan ili\u015fkisinden felsefeden koptu\u011fu \u00f6l\u00e7\u00fcde uzakla\u015fm\u0131\u015ft\u0131r. Bu kitap, i\u015fte bu kopu\u015ftan \u00f6nceki d\u00fcnyan\u0131n felsefi temellerinin hikayesidir\u2026 <\/p>\n","protected":false},"excerpt":{"rendered":"<p>\u0130ktisat ve iktisadi ili\u015fkiler, g\u00fcn\u00fcm\u00fcz d\u00fcnyas\u0131nda her \u015feyin ard\u0131nda yatan temel ger\u00e7ek ve a\u00e7\u0131klama olarak g\u00f6r\u00fclmeye ba\u015flad\u0131. Ampirik ve bilimsel olma iddias\u0131ndaki her yakla\u015f\u0131m gibi iktisadi<span class=\"excerpt-hellip\"> [\u2026]<\/span><\/p>\n","protected":false},"featured_media":0,"template":"","meta":{"_monsterinsights_skip_tracking":false,"_monsterinsights_sitenote_active":false,"_monsterinsights_sitenote_note":"","_monsterinsights_sitenote_category":0},"product_brand":[],"product_cat":[16038,12388],"product_tag":[],"class_list":{"0":"post-721426","1":"product","2":"type-product","3":"status-publish","5":"product_cat-arastirma-inceleme-referans-felsefe","6":"product_cat-felsefe","7":"pa_cilt-ciltsiz","8":"pa_tur-kitap","9":"pa_yayinevi-pinhan-yayincilik","10":"pa_yazar-gokhan-murteza","12":"first","13":"instock","14":"sale","15":"shipping-taxable","16":"purchasable","17":"product-type-simple"},"_links":{"self":[{"href":"https:\/\/roveyayinevi.com.tr\/index.php\/wp-json\/wp\/v2\/product\/721426","targetHints":{"allow":["GET"]}}],"collection":[{"href":"https:\/\/roveyayinevi.com.tr\/index.php\/wp-json\/wp\/v2\/product"}],"about":[{"href":"https:\/\/roveyayinevi.com.tr\/index.php\/wp-json\/wp\/v2\/types\/product"}],"wp:attachment":[{"href":"https:\/\/roveyayinevi.com.tr\/index.php\/wp-json\/wp\/v2\/media?parent=721426"}],"wp:term":[{"taxonomy":"product_brand","embeddable":true,"href":"https:\/\/roveyayinevi.com.tr\/index.php\/wp-json\/wp\/v2\/product_brand?post=721426"},{"taxonomy":"product_cat","embeddable":true,"href":"https:\/\/roveyayinevi.com.tr\/index.php\/wp-json\/wp\/v2\/product_cat?post=721426"},{"taxonomy":"product_tag","embeddable":true,"href":"https:\/\/roveyayinevi.com.tr\/index.php\/wp-json\/wp\/v2\/product_tag?post=721426"}],"curies":[{"name":"wp","href":"https:\/\/api.w.org\/{rel}","templated":true}]}}