{"id":721331,"date":"2025-08-27T18:48:43","date_gmt":"2025-08-27T15:48:43","guid":{"rendered":"https:\/\/roveyayinevi.com.tr\/index.php\/urun\/dunyayi-degistiren-dusunurler-5\/"},"modified":"2026-04-16T02:29:20","modified_gmt":"2026-04-15T23:29:20","slug":"dunyayi-degistiren-dusunurler-5","status":"publish","type":"product","link":"https:\/\/roveyayinevi.com.tr\/index.php\/urun\/dunyayi-degistiren-dusunurler-5\/","title":{"rendered":"D\u00fcnyay\u0131 De\u011fi\u015ftiren D\u00fc\u015f\u00fcn\u00fcrler 5"},"content":{"rendered":"<p>Bu kitapla birlikte 5 cilt olarak tasarlanan &#8220;D\u00fcnyay\u0131 De\u011fi\u015ftiren D\u00fc\u015f\u00fcn\u00fcrler&#8221; serimizi de tamamlam\u0131\u015f oluyoruz. &#8220;Felsefenin \u015fafa\u011f\u0131&#8221; olarak adland\u0131rd\u0131\u011f\u0131m\u0131z ilk onlardan ba\u015flayarak uygarl\u0131k ve felsefe tarihinin ayak izini, 19. y\u00fczy\u0131l sonlar\u0131na kadar takip etmi\u015ftik. D\u00fcnyay\u0131 De\u011fi\u015ftiren D\u00fc\u015f\u00fcn\u00fcrler 5 ile eksik kalan ara a\u015famay\u0131, Islamwygarl\u0131\u011f\u0131 a\u015famas\u0131n\u0131 da ilave etmi\u015f oluyoruz. Bu \u00e7al\u0131\u015fmada Hz. Muhammed, el-Kindi, er-Ravendi, er-Razi, el-Maarri, Farabi, Ibn Sina, Gazzali, Omer Hayyam, Ibn R\u00fc\u015fd ve Ibn Haldun&#8217;un d\u00fc\u015f\u00fcncelerini ele ald\u0131k. Ayr\u0131ca Mutezile ve Ihvan-\u0131 Safa ak\u0131mlar\u0131n&#8217; inceledik. S\u00f6zkonusu on bir d\u00fc\u015f\u00fcn\u00fcr\u00fc ve iki d\u00fc\u015f\u00fcnce ak\u0131m\u0131n\u0131, Islam uygarl\u0131\u011f\u0131ndaki kritik ve \u00e7\u0131\u011f\u0131r a\u00e7\u0131c\u0131 rollerinden \u00f6t\u00fcr\u00fc tercih ettik.Elinizdeki kitap, \u00f6zellikle iki kesim g\u00f6z \u00f6n\u00fcnde bulundurularak yaz\u0131ld\u0131. Bunlar\u0131n ilki, Islam uygarl\u0131\u011f\u0131n\u0131n tarihsel ger\u00e7ekli\u011fini ve ge\u00e7mi\u015fte medeniyete yapt\u0131\u011f\u0131 b\u00fcy\u00fck katk\u0131y\u0131 \u00f6nyarg\u0131lar\u0131ndan \u00f6t\u00fcr\u00fc yok saymay\u0131 bir marifet sanan kimi laik-ateist \u00e7evrelerdir. Islam&#8217;\u0131n ge\u00e7mi\u015fte oynad\u0131\u011f\u0131 rol ba\u015fka, bug\u00fcn ona siyasi a\u00e7\u0131dan y\u00fcklenen i\u015flev ba\u015fkad\u0131r. Bu iki tarihsel d\u00f6nemi (8-12. y\u00fczy\u0131l ve g\u00fcn\u00fcm\u00fcz) ve M\u00fcsl\u00fcmanlar\u0131n tarihte oynad\u0131klar\u0131 rolleri birbirinden ay\u0131rmak gerekir.\u0130kinci kesimse, hurafelere dayanan, \u015fi\u015firme hik\u00e2ye ve efsanelerle s\u00fcslenmi\u015f Islam tarihine yap\u0131lan her verimli, olumlu ve ciddi ele\u015ftiriyi \u0130slam&#8217;a, Hz. Muhammed&#8217;e ve Allah&#8217;a bir hakaret sayan baz\u0131 muhafazak\u00e2r-Islami \u00e7evrelerdir. Ne yaz\u0131k ki bu \u00e7evre, s\u00f6zkonusu tutumuyla geri kafal\u0131 fanatik ak\u0131mlara hizmet etti\u011finin ve sonu\u00e7ta onlar\u0131n &#8220;cephaneli\u011fine barut ta\u015f\u0131d\u0131\u011f\u0131n\u0131n&#8221; fark\u0131nda de\u011fildir. \u00c7al\u0131\u015fmam\u0131z\u0131n bu iki grup i\u00e7in de cevap niteli\u011fi ta\u015f\u0131d\u0131\u011f\u0131na ve yeni tart\u0131\u015fmalara kap\u0131 aralayaca\u011f\u0131na inan\u0131yoruz.<\/p>\n","protected":false},"excerpt":{"rendered":"<p>Bu kitapla birlikte 5 cilt olarak tasarlanan &#8220;D\u00fcnyay\u0131 De\u011fi\u015ftiren D\u00fc\u015f\u00fcn\u00fcrler&#8221; serimizi de tamamlam\u0131\u015f oluyoruz. &#8220;Felsefenin \u015fafa\u011f\u0131&#8221; olarak adland\u0131rd\u0131\u011f\u0131m\u0131z ilk onlardan ba\u015flayarak uygarl\u0131k ve felsefe tarihinin ayak<span class=\"excerpt-hellip\"> [\u2026]<\/span><\/p>\n","protected":false},"featured_media":0,"template":"","meta":{"_monsterinsights_skip_tracking":false,"_monsterinsights_sitenote_active":false,"_monsterinsights_sitenote_note":"","_monsterinsights_sitenote_category":0},"product_brand":[],"product_cat":[12370,12304],"product_tag":[],"class_list":{"0":"post-721331","1":"product","2":"type-product","3":"status-publish","5":"product_cat-arastirma-inceleme","6":"product_cat-tarih","7":"pa_cilt-ciltsiz","8":"pa_tur-kitap","9":"pa_yayinevi-kafka-yayinevi","10":"pa_yazar-sadik-usta","12":"first","13":"instock","14":"sale","15":"shipping-taxable","16":"purchasable","17":"product-type-simple"},"_links":{"self":[{"href":"https:\/\/roveyayinevi.com.tr\/index.php\/wp-json\/wp\/v2\/product\/721331","targetHints":{"allow":["GET"]}}],"collection":[{"href":"https:\/\/roveyayinevi.com.tr\/index.php\/wp-json\/wp\/v2\/product"}],"about":[{"href":"https:\/\/roveyayinevi.com.tr\/index.php\/wp-json\/wp\/v2\/types\/product"}],"wp:attachment":[{"href":"https:\/\/roveyayinevi.com.tr\/index.php\/wp-json\/wp\/v2\/media?parent=721331"}],"wp:term":[{"taxonomy":"product_brand","embeddable":true,"href":"https:\/\/roveyayinevi.com.tr\/index.php\/wp-json\/wp\/v2\/product_brand?post=721331"},{"taxonomy":"product_cat","embeddable":true,"href":"https:\/\/roveyayinevi.com.tr\/index.php\/wp-json\/wp\/v2\/product_cat?post=721331"},{"taxonomy":"product_tag","embeddable":true,"href":"https:\/\/roveyayinevi.com.tr\/index.php\/wp-json\/wp\/v2\/product_tag?post=721331"}],"curies":[{"name":"wp","href":"https:\/\/api.w.org\/{rel}","templated":true}]}}