{"id":721190,"date":"2025-08-27T18:46:44","date_gmt":"2025-08-27T15:46:44","guid":{"rendered":"https:\/\/roveyayinevi.com.tr\/index.php\/urun\/keskul-dergisi-sayi-50\/"},"modified":"2026-04-16T02:29:17","modified_gmt":"2026-04-15T23:29:17","slug":"keskul-dergisi-sayi-50","status":"publish","type":"product","link":"https:\/\/roveyayinevi.com.tr\/index.php\/urun\/keskul-dergisi-sayi-50\/","title":{"rendered":"Ke\u015fk\u00fcl Dergisi Say\u0131: 50"},"content":{"rendered":"<p>Ke\u015fk\u00fcl Dergisi \u2018Kud\u00fcs H\u00e2t\u0131r\u00e2t\u0131\u2019yla Son Noktay\u0131 Koydu\u0130sl\u00e2m \u00e2lemine \u015f\u00f6yle bir bak\u0131ld\u0131\u011f\u0131nda, bu co\u011frafyan\u0131n \u00e2det\u00e2 kollar\u0131n\u0131 a\u00e7m\u0131\u015f bir insan v\u00fcc\u00fbdu gibi oldu\u011fu g\u00f6r\u00fcl\u00fcr. Ba\u015f k\u0131sm\u0131 Balkanlar, y\u00fcz\u00fc \u0130stanbul, sadr\u0131 Kud\u00fcs ve Mescid-i Aks\u00e2, sa\u011f taraf\u0131 M\u0131s\u0131r ve Afrika, sol taraf\u0131 Orta Asya, ayaklar\u0131 ise Ka\u2019be\u2019dir.M\u00fcsl\u00fcmanlar\u0131n kalplerinin birbirine ne kadar kilitlendi\u011fini g\u00f6steren zemindir Kud\u00fcs ve Mescid-i Aks\u00e2. Efendimiz sallallahu aleyhi ve sellem&#8217;den g\u00fcn\u00fcm\u00fcze gelinceye kadar Mescid-i Aks\u00e2&#8217;n\u0131n \u015fartlar\u0131 g\u00fczelse M\u00fcsl\u00fcmanlar\u0131n hali iyi, Mescid-i Aks\u00e2&#8217;n\u0131n durumu kar\u0131\u015f\u0131ksa M\u00fcsl\u00fcmanlar\u0131n hali per\u00ee\u015fan olmu\u015ftur.Ke\u015fk\u00fcl dergisi, bu v\u00fcc\u00fbd telakkisinden hareketle muhtelif say\u0131lar\u0131ndaki yaz\u0131lar ve birbirinden k\u0131ymetli g\u00f6rsel muhtevadan da istifade edilerek haz\u0131rlanm\u0131\u015f yeni say\u0131s\u0131yla son kez okuyucusuyla bulu\u015fuyor.  2004 senesi haziran\u0131nda ilk kez yay\u0131mlanan Ke\u015fk\u00fcl\u2019\u00fcn yay\u0131n hayat\u0131, 50. say\u0131s\u0131 ile hit\u00e2ma eriyor.<\/p>\n","protected":false},"excerpt":{"rendered":"<p>Ke\u015fk\u00fcl Dergisi \u2018Kud\u00fcs H\u00e2t\u0131r\u00e2t\u0131\u2019yla Son Noktay\u0131 Koydu\u0130sl\u00e2m \u00e2lemine \u015f\u00f6yle bir bak\u0131ld\u0131\u011f\u0131nda, bu co\u011frafyan\u0131n \u00e2det\u00e2 kollar\u0131n\u0131 a\u00e7m\u0131\u015f bir insan v\u00fcc\u00fbdu gibi oldu\u011fu g\u00f6r\u00fcl\u00fcr. Ba\u015f k\u0131sm\u0131 Balkanlar, y\u00fcz\u00fc<span class=\"excerpt-hellip\"> [\u2026]<\/span><\/p>\n","protected":false},"featured_media":0,"template":"","meta":{"_monsterinsights_skip_tracking":false,"_monsterinsights_sitenote_active":false,"_monsterinsights_sitenote_note":"","_monsterinsights_sitenote_category":0},"product_brand":[],"product_cat":[13527],"product_tag":[],"class_list":{"0":"post-721190","1":"product","2":"type-product","3":"status-publish","5":"product_cat-sureli-yayinlar","6":"pa_cilt-ciltsiz","7":"pa_tur-dergi","8":"pa_yayinevi-sufi-kitap","9":"pa_yazar-kolektif","11":"first","12":"instock","13":"sale","14":"shipping-taxable","15":"purchasable","16":"product-type-simple"},"_links":{"self":[{"href":"https:\/\/roveyayinevi.com.tr\/index.php\/wp-json\/wp\/v2\/product\/721190","targetHints":{"allow":["GET"]}}],"collection":[{"href":"https:\/\/roveyayinevi.com.tr\/index.php\/wp-json\/wp\/v2\/product"}],"about":[{"href":"https:\/\/roveyayinevi.com.tr\/index.php\/wp-json\/wp\/v2\/types\/product"}],"wp:attachment":[{"href":"https:\/\/roveyayinevi.com.tr\/index.php\/wp-json\/wp\/v2\/media?parent=721190"}],"wp:term":[{"taxonomy":"product_brand","embeddable":true,"href":"https:\/\/roveyayinevi.com.tr\/index.php\/wp-json\/wp\/v2\/product_brand?post=721190"},{"taxonomy":"product_cat","embeddable":true,"href":"https:\/\/roveyayinevi.com.tr\/index.php\/wp-json\/wp\/v2\/product_cat?post=721190"},{"taxonomy":"product_tag","embeddable":true,"href":"https:\/\/roveyayinevi.com.tr\/index.php\/wp-json\/wp\/v2\/product_tag?post=721190"}],"curies":[{"name":"wp","href":"https:\/\/api.w.org\/{rel}","templated":true}]}}