{"id":721169,"date":"2025-08-27T18:46:26","date_gmt":"2025-08-27T15:46:26","guid":{"rendered":"https:\/\/roveyayinevi.com.tr\/index.php\/urun\/emile-verhaeren\/"},"modified":"2026-04-16T02:29:17","modified_gmt":"2026-04-15T23:29:17","slug":"emile-verhaeren","status":"publish","type":"product","link":"https:\/\/roveyayinevi.com.tr\/index.php\/urun\/emile-verhaeren\/","title":{"rendered":"Emile Verhaeren"},"content":{"rendered":"<p>Bel\u00e7ikal\u0131 \u00fcnl\u00fc \u015fair Emile Verhaeren (1855-1916) \u015fiirlerindeki yo\u011fun imge dokusu ve tekni\u011fin belirledi\u011fi modern \u00e7a\u011f\u0131 olumlayan tavr\u0131yla Avrupa\u2019n\u0131n Walt Whitman\u2019\u0131 olarak \u00fcn kazand\u0131.Stefan Zweig onunla 1902 yaz\u0131nda Bel\u00e7ika\u2019da tan\u0131\u015ft\u0131 ve tan\u0131\u015f\u0131r tan\u0131\u015fmaz \u015faire dostluk besledi. Hakk\u0131ndaki ilk denemesini 1904\u2019te yazd\u0131, ilerleyen y\u0131llarda Verhaeren \u00fczerine \u00e7al\u0131\u015fmalar\u0131n\u0131 s\u00fcrd\u00fcrd\u00fc. Verhaeren 1916\u2019da talihsiz bir tren kazas\u0131nda \u00f6ld\u00fc\u011f\u00fcnde Birinci D\u00fcnya Sava\u015f\u0131 iki yazar\u0131n yollar\u0131n\u0131 \u00e7oktan ay\u0131rm\u0131\u015ft\u0131.Zweig, Verhaeren hakk\u0131ndaki an\u0131lar\u0131n\u0131 da derleyerek \u00e7al\u0131\u015fmalar\u0131n\u0131 yay\u0131mlamay\u0131 ye\u011fledi.<\/p>\n","protected":false},"excerpt":{"rendered":"<p>Bel\u00e7ikal\u0131 \u00fcnl\u00fc \u015fair Emile Verhaeren (1855-1916) \u015fiirlerindeki yo\u011fun imge dokusu ve tekni\u011fin belirledi\u011fi modern \u00e7a\u011f\u0131 olumlayan tavr\u0131yla Avrupa\u2019n\u0131n Walt Whitman\u2019\u0131 olarak \u00fcn kazand\u0131.Stefan Zweig onunla 1902<span class=\"excerpt-hellip\"> [\u2026]<\/span><\/p>\n","protected":false},"featured_media":0,"template":"","meta":{"_monsterinsights_skip_tracking":false,"_monsterinsights_sitenote_active":false,"_monsterinsights_sitenote_note":"","_monsterinsights_sitenote_category":0},"product_brand":[],"product_cat":[14009,12291],"product_tag":[],"class_list":{"0":"post-721169","1":"product","2":"type-product","3":"status-publish","5":"product_cat-biyografi-otobiyografi-edebiyat","6":"product_cat-edebiyat","7":"pa_cilt-ciltsiz","8":"pa_tur-kitap","9":"pa_yayinevi-can-yayinlari","10":"pa_yazar-stefan-zweig","12":"first","13":"instock","14":"sale","15":"shipping-taxable","16":"purchasable","17":"product-type-simple"},"_links":{"self":[{"href":"https:\/\/roveyayinevi.com.tr\/index.php\/wp-json\/wp\/v2\/product\/721169","targetHints":{"allow":["GET"]}}],"collection":[{"href":"https:\/\/roveyayinevi.com.tr\/index.php\/wp-json\/wp\/v2\/product"}],"about":[{"href":"https:\/\/roveyayinevi.com.tr\/index.php\/wp-json\/wp\/v2\/types\/product"}],"wp:attachment":[{"href":"https:\/\/roveyayinevi.com.tr\/index.php\/wp-json\/wp\/v2\/media?parent=721169"}],"wp:term":[{"taxonomy":"product_brand","embeddable":true,"href":"https:\/\/roveyayinevi.com.tr\/index.php\/wp-json\/wp\/v2\/product_brand?post=721169"},{"taxonomy":"product_cat","embeddable":true,"href":"https:\/\/roveyayinevi.com.tr\/index.php\/wp-json\/wp\/v2\/product_cat?post=721169"},{"taxonomy":"product_tag","embeddable":true,"href":"https:\/\/roveyayinevi.com.tr\/index.php\/wp-json\/wp\/v2\/product_tag?post=721169"}],"curies":[{"name":"wp","href":"https:\/\/api.w.org\/{rel}","templated":true}]}}