{"id":721101,"date":"2025-08-27T18:45:33","date_gmt":"2025-08-27T15:45:33","guid":{"rendered":"https:\/\/roveyayinevi.com.tr\/index.php\/urun\/asilmayip-beslenenler\/"},"modified":"2026-04-16T02:29:15","modified_gmt":"2026-04-15T23:29:15","slug":"asilmayip-beslenenler","status":"publish","type":"product","link":"https:\/\/roveyayinevi.com.tr\/index.php\/urun\/asilmayip-beslenenler\/","title":{"rendered":"As\u0131lmay\u0131p Beslenenler"},"content":{"rendered":"<p>12 Eyl\u00fcl cuntas\u0131n\u0131n toplumsal tahribat\u0131n\u0131n sonu\u00e7lar\u0131n\u0131 istatistiki veri olmaktan \u00e7\u0131karan ve o g\u00fcnleri ya\u015fayanlar\u0131n tan\u0131kl\u0131\u011f\u0131na dayanan bu s\u00f6zl\u00fc tarih \u00e7al\u0131\u015fmas\u0131, hem kurumsalla\u015fm\u0131\u015f i\u015fkencenin deh\u015fetini hem de insanl\u0131\u011f\u0131n tarihsel onurunu g\u00f6zler \u00f6n\u00fcne seriyor. Yaln\u0131zca hainleri de\u011fil, bir b\u00fct\u00fcn olarak toplumu ve gelecek ku\u015faklar\u0131n siyasal bilincini yok etmek ad\u0131na tankla topla devreye sokulan bu \u00f6rg\u00fctl\u00fc kimliksizle\u015ftirme politikas\u0131n\u0131n ba\u015far\u0131ya ula\u015fan ve her \u015feye ra\u011fmen yenilgiye u\u011frayan y\u00f6nlerini a\u00e7\u0131kl\u0131kla ortaya koyuyor.Sesini her y\u00fckseltenin ter\u00f6rist olarak yaftalanmas\u0131, insanl\u0131kd\u0131\u015f\u0131 hapishane ko\u015fullar\u0131, hak gasplar\u0131, i\u015fkenceler ve \u00f6d\u00fcllendirilen i\u015fkenceciler&#8230; B\u00fct\u00fcn bunlar\u0131n normalle\u015fti\u011fi ve kan\u0131ksand\u0131\u011f\u0131 T\u00fcrkiye tarihinin son elli y\u0131l\u0131ndaki devlet gelene\u011fini ve bu gelenekteki s\u00fcreklili\u011fi g\u00f6zler \u00f6n\u00fcne seren As\u0131lmayanlar\u0131n ya\u015fad\u0131klar\u0131, toplumsal haf\u0131zay\u0131 diri tutarak d\u00fcnle bug\u00fcn\u00fcn ba\u011f\u0131n\u0131 g\u00fc\u00e7lendiriyor.As\u0131lmay\u0131p Beslenenler, unutu\u015fun zindanlar\u0131na terk edilmek istenen hakikatin g\u00fcne\u015f misali her sabah yeniden do\u011fu\u015funun kitab\u0131.<\/p>\n","protected":false},"excerpt":{"rendered":"<p>12 Eyl\u00fcl cuntas\u0131n\u0131n toplumsal tahribat\u0131n\u0131n sonu\u00e7lar\u0131n\u0131 istatistiki veri olmaktan \u00e7\u0131karan ve o g\u00fcnleri ya\u015fayanlar\u0131n tan\u0131kl\u0131\u011f\u0131na dayanan bu s\u00f6zl\u00fc tarih \u00e7al\u0131\u015fmas\u0131, hem kurumsalla\u015fm\u0131\u015f i\u015fkencenin deh\u015fetini hem de<span class=\"excerpt-hellip\"> [\u2026]<\/span><\/p>\n","protected":false},"featured_media":0,"template":"","meta":{"_monsterinsights_skip_tracking":false,"_monsterinsights_sitenote_active":false,"_monsterinsights_sitenote_note":"","_monsterinsights_sitenote_category":0},"product_brand":[],"product_cat":[13701,12291],"product_tag":[],"class_list":{"0":"post-721101","1":"product","2":"type-product","3":"status-publish","5":"product_cat-ani-mektup-gunluk","6":"product_cat-edebiyat","7":"pa_cilt-ciltsiz","8":"pa_tur-kitap","9":"pa_yayinevi-sel-yayincilik","10":"pa_yazar-ertugrul-mavioglu","12":"first","13":"instock","14":"sale","15":"shipping-taxable","16":"purchasable","17":"product-type-simple"},"_links":{"self":[{"href":"https:\/\/roveyayinevi.com.tr\/index.php\/wp-json\/wp\/v2\/product\/721101","targetHints":{"allow":["GET"]}}],"collection":[{"href":"https:\/\/roveyayinevi.com.tr\/index.php\/wp-json\/wp\/v2\/product"}],"about":[{"href":"https:\/\/roveyayinevi.com.tr\/index.php\/wp-json\/wp\/v2\/types\/product"}],"wp:attachment":[{"href":"https:\/\/roveyayinevi.com.tr\/index.php\/wp-json\/wp\/v2\/media?parent=721101"}],"wp:term":[{"taxonomy":"product_brand","embeddable":true,"href":"https:\/\/roveyayinevi.com.tr\/index.php\/wp-json\/wp\/v2\/product_brand?post=721101"},{"taxonomy":"product_cat","embeddable":true,"href":"https:\/\/roveyayinevi.com.tr\/index.php\/wp-json\/wp\/v2\/product_cat?post=721101"},{"taxonomy":"product_tag","embeddable":true,"href":"https:\/\/roveyayinevi.com.tr\/index.php\/wp-json\/wp\/v2\/product_tag?post=721101"}],"curies":[{"name":"wp","href":"https:\/\/api.w.org\/{rel}","templated":true}]}}