{"id":721059,"date":"2025-08-27T18:45:04","date_gmt":"2025-08-27T15:45:04","guid":{"rendered":"https:\/\/roveyayinevi.com.tr\/index.php\/urun\/arkadas-mektuplari-erdal-oz-adnan-ozyalciner-kemal-ozer\/"},"modified":"2026-04-16T02:29:14","modified_gmt":"2026-04-15T23:29:14","slug":"arkadas-mektuplari-erdal-oz-adnan-ozyalciner-kemal-ozer","status":"publish","type":"product","link":"https:\/\/roveyayinevi.com.tr\/index.php\/urun\/arkadas-mektuplari-erdal-oz-adnan-ozyalciner-kemal-ozer\/","title":{"rendered":"Arkada\u015f Mektuplar\u0131: Erdal \u00d6z &#8211; Adnan \u00d6zyal\u00e7\u0131ner &#8211; Kemal \u00d6zer"},"content":{"rendered":"<p>Bir a\u011fac\u0131n dallar\u0131 gibiydik, diyor Kemal \u00d6zer, 1950 ku\u015fa\u011f\u0131ndan dostlar\u0131n\u0131 anarken. Arkada\u015f Mektuplar\u0131\u2019nda bu \u00e7ok dall\u0131 a\u011fac\u0131n \u00fc\u00e7 ismi Erdal \u00d6z, Adnan \u00d6zyal\u00e7\u0131ner ve Kemal \u00d6zer\u2019in 1955 ile 1973 y\u0131llar\u0131 aras\u0131nda yazd\u0131klar\u0131 mektuplar bir araya getirildi.Erdal \u00d6z, Kendimin o y\u0131llardaki g\u00f6r\u00fcnt\u00fcs\u00fcn\u00fc buluyorum, diyerek arkada\u015flar\u0131na yazd\u0131\u011f\u0131 mektuplar\u0131n bir d\u00f6nemin belle\u011fini nas\u0131l kayda ge\u00e7irdi\u011fine i\u015faret ederken Kemal \u00d6zer de mektuplar\u0131 sayesinde kendisiyle y\u00fczle\u015fme olana\u011f\u0131 yakalad\u0131\u011f\u0131n\u0131 dile getiriyor: \u00d6zellikle 1970\u2019e kadar yazd\u0131klar\u0131m, elimde ba\u015fka \u00f6rnekler olmad\u0131\u011f\u0131 i\u00e7in, ba\u015fl\u0131 ba\u015f\u0131na birer kendimle y\u00fczle\u015fme olana\u011f\u0131. Bu mektuplara ula\u015fana de\u011fin o y\u0131llara ili\u015fkin yaln\u0131z belle\u011fimde kalanlar vard\u0131, bir de elimdeki yan\u0131tlardan \u00e7\u0131kard\u0131\u011f\u0131m birtak\u0131m ipu\u00e7lar\u0131. \u0130lk kez bir arada yay\u0131mlanan mektuplar, bir ku\u015fa\u011f\u0131n g\u00f6r\u00fcnt\u00fcs\u00fcne ula\u015fmam\u0131za olanak sa\u011fl\u0131yor.1950 ku\u015fa\u011f\u0131n\u0131n \u00fc\u00e7 \u00f6nemli isminin mektuplar\u0131, kendi ki\u015fisel tarihlerinin kay\u0131tlar\u0131n\u0131 tutman\u0131n yan\u0131 s\u0131ra 1955\u2019ten 1973\u2019e kadar arkada\u015f sohbetlerine saklanm\u0131\u015f \u201cgizli\u201d edebiyat tarihini de a\u00e7\u0131\u011fa \u00e7\u0131kar\u0131yor.<\/p>\n","protected":false},"excerpt":{"rendered":"<p>Bir a\u011fac\u0131n dallar\u0131 gibiydik, diyor Kemal \u00d6zer, 1950 ku\u015fa\u011f\u0131ndan dostlar\u0131n\u0131 anarken. Arkada\u015f Mektuplar\u0131\u2019nda bu \u00e7ok dall\u0131 a\u011fac\u0131n \u00fc\u00e7 ismi Erdal \u00d6z, Adnan \u00d6zyal\u00e7\u0131ner ve Kemal \u00d6zer\u2019in<span class=\"excerpt-hellip\"> [\u2026]<\/span><\/p>\n","protected":false},"featured_media":0,"template":"","meta":{"_monsterinsights_skip_tracking":false,"_monsterinsights_sitenote_active":false,"_monsterinsights_sitenote_note":"","_monsterinsights_sitenote_category":0},"product_brand":[],"product_cat":[13701,12291],"product_tag":[],"class_list":{"0":"post-721059","1":"product","2":"type-product","3":"status-publish","5":"product_cat-ani-mektup-gunluk","6":"product_cat-edebiyat","7":"pa_cilt-ciltsiz","8":"pa_tur-kitap","9":"pa_yayinevi-can-yayinlari","10":"pa_yazar-yalcin-armagan","12":"first","13":"instock","14":"sale","15":"shipping-taxable","16":"purchasable","17":"product-type-simple"},"_links":{"self":[{"href":"https:\/\/roveyayinevi.com.tr\/index.php\/wp-json\/wp\/v2\/product\/721059","targetHints":{"allow":["GET"]}}],"collection":[{"href":"https:\/\/roveyayinevi.com.tr\/index.php\/wp-json\/wp\/v2\/product"}],"about":[{"href":"https:\/\/roveyayinevi.com.tr\/index.php\/wp-json\/wp\/v2\/types\/product"}],"wp:attachment":[{"href":"https:\/\/roveyayinevi.com.tr\/index.php\/wp-json\/wp\/v2\/media?parent=721059"}],"wp:term":[{"taxonomy":"product_brand","embeddable":true,"href":"https:\/\/roveyayinevi.com.tr\/index.php\/wp-json\/wp\/v2\/product_brand?post=721059"},{"taxonomy":"product_cat","embeddable":true,"href":"https:\/\/roveyayinevi.com.tr\/index.php\/wp-json\/wp\/v2\/product_cat?post=721059"},{"taxonomy":"product_tag","embeddable":true,"href":"https:\/\/roveyayinevi.com.tr\/index.php\/wp-json\/wp\/v2\/product_tag?post=721059"}],"curies":[{"name":"wp","href":"https:\/\/api.w.org\/{rel}","templated":true}]}}