{"id":720999,"date":"2025-08-27T18:43:49","date_gmt":"2025-08-27T15:43:49","guid":{"rendered":"https:\/\/roveyayinevi.com.tr\/index.php\/urun\/evren-nasil-ortaya-cikti\/"},"modified":"2026-04-16T02:28:48","modified_gmt":"2026-04-15T23:28:48","slug":"evren-nasil-ortaya-cikti","status":"publish","type":"product","link":"https:\/\/roveyayinevi.com.tr\/index.php\/urun\/evren-nasil-ortaya-cikti\/","title":{"rendered":"Evren Nas\u0131l Ortaya \u00c7\u0131kt\u0131?"},"content":{"rendered":"<p>Nas\u0131l ba\u015flad\u0131? Nas\u0131l devam edecek?   Yakla\u015f\u0131k yu\u0308z y\u0131l \u00f6nce Albert Einstein genel g\u00f6relilik kuram\u0131n\u0131 d\u00fcnyaya duyurdu ve b\u00f6ylece evren anlay\u0131\u015f\u0131m\u0131z\u0131 k\u00f6kten de\u011fi\u015ftirdi. Kuram, zaman ve mek\u00e2n\u0131 yepyeni bir bak\u0131\u015f a\u00e7\u0131s\u0131yla ele ald\u0131, evrenimizin Bu\u0308yu\u0308k Patlama denen s\u0131cak ve yo\u011fun bir haldeyken \u015fi\u015ferek bu\u0308yu\u0308du\u0308\u011fu\u0308nu\u0308 ortaya koydu ve kara deliklerin varl\u0131\u011f\u0131n\u0131 \u00f6ng\u00f6rdu\u0308.   Evren Nas\u0131l Ortaya \u00c7\u0131kt\u0131? 13 milyar y\u0131ll\u0131k bir yolculuk. Bu kitab\u0131 okurken Einstein\u2019\u0131n \u00e7al\u0131\u015fmalar\u0131n\u0131n evrenin neden bu durumda oldu\u011fu sorusuna nas\u0131l yan\u0131tlar verdi\u011fini, evrenin %95\u2019lik k\u0131sm\u0131n\u0131n kay\u0131p olu\u015funa nas\u0131l bir a\u00e7\u0131klama getirdi\u011fini, fizik\u00e7ilerin ku\u0308tle\u00e7ekiminin s\u0131rlar\u0131n\u0131 ke\u015ffetmekte ne denli b\u00fcy\u00fck mesafeler kat ettiklerini ve kara deliklerin nas\u0131l olup da her \u015feyin teorisinin anahtar\u0131n\u0131 i\u00e7erdi\u011fini \u00f6\u011freneceksiniz. <\/p>\n","protected":false},"excerpt":{"rendered":"<p>Nas\u0131l ba\u015flad\u0131? Nas\u0131l devam edecek? Yakla\u015f\u0131k yu\u0308z y\u0131l \u00f6nce Albert Einstein genel g\u00f6relilik kuram\u0131n\u0131 d\u00fcnyaya duyurdu ve b\u00f6ylece evren anlay\u0131\u015f\u0131m\u0131z\u0131 k\u00f6kten de\u011fi\u015ftirdi. Kuram, zaman ve mek\u00e2n\u0131<span class=\"excerpt-hellip\"> [\u2026]<\/span><\/p>\n","protected":false},"featured_media":0,"template":"","meta":{"_monsterinsights_skip_tracking":false,"_monsterinsights_sitenote_active":false,"_monsterinsights_sitenote_note":"","_monsterinsights_sitenote_category":0},"product_brand":[],"product_cat":[13005,37328],"product_tag":[],"class_list":{"0":"post-720999","1":"product","2":"type-product","3":"status-publish","5":"product_cat-bilim-muhendislik","6":"product_cat-diger-bilim-muhendislik","7":"pa_cilt-ciltsiz","8":"pa_tur-kitap","9":"pa_yayinevi-say-yayinlari","10":"pa_yazar-new-scientist","12":"first","13":"instock","14":"sale","15":"shipping-taxable","16":"purchasable","17":"product-type-simple"},"_links":{"self":[{"href":"https:\/\/roveyayinevi.com.tr\/index.php\/wp-json\/wp\/v2\/product\/720999","targetHints":{"allow":["GET"]}}],"collection":[{"href":"https:\/\/roveyayinevi.com.tr\/index.php\/wp-json\/wp\/v2\/product"}],"about":[{"href":"https:\/\/roveyayinevi.com.tr\/index.php\/wp-json\/wp\/v2\/types\/product"}],"wp:attachment":[{"href":"https:\/\/roveyayinevi.com.tr\/index.php\/wp-json\/wp\/v2\/media?parent=720999"}],"wp:term":[{"taxonomy":"product_brand","embeddable":true,"href":"https:\/\/roveyayinevi.com.tr\/index.php\/wp-json\/wp\/v2\/product_brand?post=720999"},{"taxonomy":"product_cat","embeddable":true,"href":"https:\/\/roveyayinevi.com.tr\/index.php\/wp-json\/wp\/v2\/product_cat?post=720999"},{"taxonomy":"product_tag","embeddable":true,"href":"https:\/\/roveyayinevi.com.tr\/index.php\/wp-json\/wp\/v2\/product_tag?post=720999"}],"curies":[{"name":"wp","href":"https:\/\/api.w.org\/{rel}","templated":true}]}}