{"id":720954,"date":"2025-08-27T18:43:17","date_gmt":"2025-08-27T15:43:17","guid":{"rendered":"https:\/\/roveyayinevi.com.tr\/index.php\/urun\/faraziyeler-mecmuasi-sayi-2\/"},"modified":"2026-04-16T02:28:47","modified_gmt":"2026-04-15T23:28:47","slug":"faraziyeler-mecmuasi-sayi-2","status":"publish","type":"product","link":"https:\/\/roveyayinevi.com.tr\/index.php\/urun\/faraziyeler-mecmuasi-sayi-2\/","title":{"rendered":"Faraziyeler Mecmuas\u0131 Say\u0131 : 2"},"content":{"rendered":"<p>D\u00fcn-Bug\u00fcn-Yar\u0131n konsepti \u00e7er\u00e7evesinde ve \u201cTarih-Co\u011frafya-Strateji\u201d mottosuyla yay\u0131mlad\u0131\u011f\u0131m\u0131z dergimizin ilk say\u0131s\u0131 \u00e7ok b\u00fcy\u00fck bir ilgi g\u00f6rd\u00fc. Okuyucular\u0131m\u0131z b\u00fcy\u00fck bir tevecc\u00fch g\u00f6stererek \u00e7e\u015fitli kanallardan bize ula\u015ft\u0131lar. Derginin 2\u2019nci say\u0131s\u0131n\u0131 heyecanla beklediklerini s\u00f6ylediler. Bizim  amac\u0131m\u0131z,  insanl\u0131\u011f\u0131n  problemlerini tespit etmek ve \u00e7\u00f6z\u00fcm yollar\u0131 sunmakt\u0131r. Dergiye g\u00f6sterilen ilgi ne denli do\u011fru bir yolda oldu\u011fumuzun kan\u0131t\u0131d\u0131r. Dergimiz, bu suretle sadece yerel ve b\u00f6lgesel sorunlar\u0131 ele alan bir dergi olmay\u0131p, evrensel meselelere de \u00e7\u00f6z\u00fcm aramaktad\u0131r. Zaten ayd\u0131n sorumlulu\u011fu da bu de\u011fil midir? \u015eu halde, elinizdeki dergi ilk say\u0131s\u0131ndan itibaren ba\u015fucu eseri olma \u00f6zelli\u011fini ta\u015f\u0131yacakt\u0131r. Nitekim bu say\u0131m\u0131zda, b\u00f6lgemizi ve d\u00fcnyay\u0131 ilgilendiren \u201cJeopolitik A\u00e7\u0131dan G\u00f6\u00e7 Yahut Bir Harbin Ayak Sesleri mi?\u201d ba\u015fl\u0131k makale Erdem PARMAKSIZ taraf\u0131ndan kaleme al\u0131nm\u0131\u015ft\u0131r. Dergimizin ikinci makalesi, bug\u00fcne kadar hi\u00e7 bilinmeyen bir konuyu ayd\u0131nlatmaktad\u0131r. Milli M\u00fccadelenin \u00f6nderlerinden Kaz\u0131m KARABEK\u0130R, Refet BELE, Ali Fuat CEBESOY Cafer Tayyar E\u011e\u0130LMEZ pa\u015falar\u0131n ordu ile ili\u015fkilerinin nas\u0131l kesildi\u011fini ve bu geli\u015fmeyi kimin belirledi\u011fini orijinal belgelerin \u0131\u015f\u0131\u011f\u0131n bu makalede okuyacaks\u0131n\u0131z. \u201cDo\u011fu Akdeniz\u2019deki Geli\u015fmelerin \u0130\u00e7 Y\u00fcz\u00fc! Gizli bir anla\u015fma var m\u0131?\u201d ba\u015fl\u0131kl\u0131 makale Stratejist Murat Akdo\u011fan taraf\u0131ndan kaleme al\u0131nm\u0131\u015ft\u0131r.Makale ile uluslararas\u0131 bir sorunun bilinmeyen boyutu g\u00f6zler \u00f6n\u00fcne serilmi\u015ftir.Uluslararas\u0131 bir bankas\u0131n\u0131n T\u00fcrkiye M\u00fcmassili olan Kadir Y\u0131lmaz&#8217;\u0131n paraya ili\u015fkin makalesi finans okur yazarl\u0131\u011f\u0131na b\u00fcy\u00fck bir katk\u0131 sunacakt\u0131r.Dr. Sezai K\u00fcr\u015fat \u00d6KTE &#8220;\u0130Lk Siyaset Belgesi mi?&#8221; Dahiliye Vekaleti \u201cUmumi M\u00fcfetti\u015fler Konferans\u0131\u201d (5-22 Aral\u0131k 1936)\u201d ba\u015fl\u0131kl\u0131 \u00e7al\u0131\u015fmas\u0131nda, T\u00fcrkiye\u2019nin \u00e7ok \u00f6nemli bir soru nuna de\u011finmektedir.\u201cABD ile \u00c7in Ni\u00e7in Anla\u015famaz?\u201d ba\u015fl\u0131kl\u0131 makale, k\u00fcresel sorunlar\u0131 ve g\u00fc\u00e7 m\u00fccadelesini nas\u0131l okuyaca\u011f\u0131m\u0131za dair bir k\u0131lavuzdur.\u201c\u0130ran Bat\u0131 Cephesine mi Ge\u00e7iyor ?\u201d ba\u015fl\u0131kl\u0131 makalemiz ise okuyucular\u0131m\u0131za farkl\u0131 bir bak\u0131\u015f a\u00e7\u0131s\u0131 sunmaktad\u0131r.Dergimizin ki\u015fisel geli\u015fim k\u00f6\u015fesinde, gelece\u011fimizin teminat\u0131 \u00f6zellikle gen\u00e7lerimiz ba\u015fta olmak \u00fczere \u201cEtkin Kamuoyu\u201dnu yak\u0131ndan ilgilendiren \u201cSosyal Bilimlerde Y\u00fcksek Lisans ve Doktora Tezi Nas\u0131l Yaz\u0131l\u0131r ?\u201d konusu okuyucumuzun istifadesine sunulmu\u015ftur.Gustave Le Bon\u2019un klasik hale gelen \u201cKitle \u00d6nderlerinin Hareket ve Uygulama Ara\u00e7lar\u0131 \u0130ddia-Tekrar-Sirayet\u201d  ba\u015fl\u0131kl\u0131  \u00e7al\u0131\u015fmas\u0131n\u0131n ikinci b\u00f6l\u00fcm\u00fc okuyucular\u0131m\u0131z i\u00e7in yararl\u0131 olacakt\u0131r.<\/p>\n","protected":false},"excerpt":{"rendered":"<p>D\u00fcn-Bug\u00fcn-Yar\u0131n konsepti \u00e7er\u00e7evesinde ve \u201cTarih-Co\u011frafya-Strateji\u201d mottosuyla yay\u0131mlad\u0131\u011f\u0131m\u0131z dergimizin ilk say\u0131s\u0131 \u00e7ok b\u00fcy\u00fck bir ilgi g\u00f6rd\u00fc. Okuyucular\u0131m\u0131z b\u00fcy\u00fck bir tevecc\u00fch g\u00f6stererek \u00e7e\u015fitli kanallardan bize ula\u015ft\u0131lar. Derginin 2\u2019nci<span class=\"excerpt-hellip\"> [\u2026]<\/span><\/p>\n","protected":false},"featured_media":0,"template":"","meta":{"_monsterinsights_skip_tracking":false,"_monsterinsights_sitenote_active":false,"_monsterinsights_sitenote_note":"","_monsterinsights_sitenote_category":0},"product_brand":[],"product_cat":[13527,14356],"product_tag":[],"class_list":{"0":"post-720954","1":"product","2":"type-product","3":"status-publish","5":"product_cat-sureli-yayinlar","6":"product_cat-tarih-sureli-yayinlar","7":"pa_cilt-ciltsiz","8":"pa_tur-dergi","9":"pa_yayinevi-erguvani-yayinevi","10":"pa_yazar-kolektif","12":"first","13":"instock","14":"sale","15":"shipping-taxable","16":"purchasable","17":"product-type-simple"},"_links":{"self":[{"href":"https:\/\/roveyayinevi.com.tr\/index.php\/wp-json\/wp\/v2\/product\/720954","targetHints":{"allow":["GET"]}}],"collection":[{"href":"https:\/\/roveyayinevi.com.tr\/index.php\/wp-json\/wp\/v2\/product"}],"about":[{"href":"https:\/\/roveyayinevi.com.tr\/index.php\/wp-json\/wp\/v2\/types\/product"}],"wp:attachment":[{"href":"https:\/\/roveyayinevi.com.tr\/index.php\/wp-json\/wp\/v2\/media?parent=720954"}],"wp:term":[{"taxonomy":"product_brand","embeddable":true,"href":"https:\/\/roveyayinevi.com.tr\/index.php\/wp-json\/wp\/v2\/product_brand?post=720954"},{"taxonomy":"product_cat","embeddable":true,"href":"https:\/\/roveyayinevi.com.tr\/index.php\/wp-json\/wp\/v2\/product_cat?post=720954"},{"taxonomy":"product_tag","embeddable":true,"href":"https:\/\/roveyayinevi.com.tr\/index.php\/wp-json\/wp\/v2\/product_tag?post=720954"}],"curies":[{"name":"wp","href":"https:\/\/api.w.org\/{rel}","templated":true}]}}