{"id":720918,"date":"2025-08-27T18:42:51","date_gmt":"2025-08-27T15:42:51","guid":{"rendered":"https:\/\/roveyayinevi.com.tr\/index.php\/urun\/mustafa-kemal-ve-mandacilar\/"},"modified":"2026-04-16T02:28:46","modified_gmt":"2026-04-15T23:28:46","slug":"mustafa-kemal-ve-mandacilar","status":"publish","type":"product","link":"https:\/\/roveyayinevi.com.tr\/index.php\/urun\/mustafa-kemal-ve-mandacilar\/","title":{"rendered":"Mustafa Kemal ve Mandac\u0131lar"},"content":{"rendered":"<p>Birinci D\u00fcnya Sava\u015f\u0131\u2019n\u0131n ard\u0131ndan k\u00fcresel ba\u011flamda klasik s\u00f6m\u00fcrgecilik anlay\u0131\u015f\u0131 sona ermi\u015f, Osmanl\u0131 \u0130mparatorlu\u011fu\u2019ndan ayr\u0131larak ba\u011f\u0131ms\u0131zl\u0131\u011fa eri\u015fen \u00fclkeler \u0130tilaf Devletleri\u2019nin odak noktas\u0131 haline gelmi\u015ftir. \u0130tilaf Devletleri, yeni s\u00f6m\u00fcrgecilik olarak nitelendirilebilecek manda kavram\u0131n\u0131 Paris Bar\u0131\u015f Konferans\u0131\u2019nda \u00f6ne s\u00fcrm\u00fc\u015f ve ba\u011f\u0131ms\u0131z \u00fclkeleri masumane bir yard\u0131m vaadiyle mandalar\u0131 haline getirmeye \u00e7al\u0131\u015fm\u0131\u015ft\u0131r. Osmanl\u0131 \u0130mparatorlu\u011fu i\u00e7in de ayn\u0131 \u015feyleri hedefleyen \u0130tilaf Devletleri\u2019ne Mustafa Kemal ve arkada\u015flar\u0131 engel olmu\u015ftur. Bu kitap, d\u00f6nemin mandac\u0131l\u0131k anlay\u0131\u015f\u0131n\u0131 Cumhuriyet tarihimizin en \u00f6nemli olaylar\u0131 olan Erzurum ve Sivas Kongresi belgeleri \u0131\u015f\u0131\u011f\u0131nda de\u011ferlendirmektedir.<\/p>\n","protected":false},"excerpt":{"rendered":"<p>Birinci D\u00fcnya Sava\u015f\u0131\u2019n\u0131n ard\u0131ndan k\u00fcresel ba\u011flamda klasik s\u00f6m\u00fcrgecilik anlay\u0131\u015f\u0131 sona ermi\u015f, Osmanl\u0131 \u0130mparatorlu\u011fu\u2019ndan ayr\u0131larak ba\u011f\u0131ms\u0131zl\u0131\u011fa eri\u015fen \u00fclkeler \u0130tilaf Devletleri\u2019nin odak noktas\u0131 haline gelmi\u015ftir. \u0130tilaf Devletleri, yeni<span class=\"excerpt-hellip\"> [\u2026]<\/span><\/p>\n","protected":false},"featured_media":0,"template":"","meta":{"_monsterinsights_skip_tracking":false,"_monsterinsights_sitenote_active":false,"_monsterinsights_sitenote_note":"","_monsterinsights_sitenote_category":0},"product_brand":[],"product_cat":[12530,12304],"product_tag":[],"class_list":{"0":"post-720918","1":"product","2":"type-product","3":"status-publish","5":"product_cat-mustafa-kemal-ataturk","6":"product_cat-tarih","7":"pa_cilt-ciltsiz","8":"pa_tur-kitap","9":"pa_yayinevi-efil-yayinevi","10":"pa_yazar-vural-fuat-savas","12":"first","13":"instock","14":"sale","15":"shipping-taxable","16":"purchasable","17":"product-type-simple"},"_links":{"self":[{"href":"https:\/\/roveyayinevi.com.tr\/index.php\/wp-json\/wp\/v2\/product\/720918","targetHints":{"allow":["GET"]}}],"collection":[{"href":"https:\/\/roveyayinevi.com.tr\/index.php\/wp-json\/wp\/v2\/product"}],"about":[{"href":"https:\/\/roveyayinevi.com.tr\/index.php\/wp-json\/wp\/v2\/types\/product"}],"wp:attachment":[{"href":"https:\/\/roveyayinevi.com.tr\/index.php\/wp-json\/wp\/v2\/media?parent=720918"}],"wp:term":[{"taxonomy":"product_brand","embeddable":true,"href":"https:\/\/roveyayinevi.com.tr\/index.php\/wp-json\/wp\/v2\/product_brand?post=720918"},{"taxonomy":"product_cat","embeddable":true,"href":"https:\/\/roveyayinevi.com.tr\/index.php\/wp-json\/wp\/v2\/product_cat?post=720918"},{"taxonomy":"product_tag","embeddable":true,"href":"https:\/\/roveyayinevi.com.tr\/index.php\/wp-json\/wp\/v2\/product_tag?post=720918"}],"curies":[{"name":"wp","href":"https:\/\/api.w.org\/{rel}","templated":true}]}}