{"id":720904,"date":"2025-08-27T18:42:41","date_gmt":"2025-08-27T15:42:41","guid":{"rendered":"https:\/\/roveyayinevi.com.tr\/index.php\/urun\/ataturk-cocukluk-ve-okul-yillari\/"},"modified":"2026-04-16T02:28:46","modified_gmt":"2026-04-15T23:28:46","slug":"ataturk-cocukluk-ve-okul-yillari","status":"publish","type":"product","link":"https:\/\/roveyayinevi.com.tr\/index.php\/urun\/ataturk-cocukluk-ve-okul-yillari\/","title":{"rendered":"Atat\u00fcrk &#8211; \u00c7ocukluk ve Okul Y\u0131llar\u0131"},"content":{"rendered":"<p>\u0130pek \u00c7al\u0131\u015flar, bir \u00e7ocuk olarak Atat\u00fcrk\u2019\u00fc anlat\u0131yor.Mustafa nas\u0131l bir ailede do\u011fdu, nas\u0131l bir \u00e7ocukluk ge\u00e7irdi, \u00f6\u011frenim hayat\u0131na nas\u0131l ba\u015flad\u0131, Osmanl\u0131 \u0130mparatorlu\u011fu o d\u00f6nem nas\u0131l bir siyasi foto\u011fraf sergiliyordu?Mustafa\u2019n\u0131n aile ge\u00e7mi\u015fi, \u00e7ocuklu\u011fu ve Harp Okulu y\u0131llar\u0131na kadar hayat\u0131na odaklanan bu metinde yeti\u015fmekte olan bir y\u00fcre\u011fin \u00e7ocukluk ilgi ve meraklar\u0131ndan tutun vicdani, ahlaki ve d\u00fc\u015f\u00fcnsel geli\u015fimine ayna tutuluyor.Vatan a\u015fk\u0131yla dolu bir gencin, bir ulusun \u00f6nderi olmaya giden yolunun kilometre ta\u015flar\u0131\u2026\u0130pek \u00c7al\u0131\u015flar\u2019dan Mustafa Delio\u011flu\u2019nun resimledi\u011fi bir ba\u015fucu kitab\u0131: Atat\u00fcrk \/ \u00c7ocukluk ve Okul Y\u0131llar\u0131\u2026Tad\u0131ml\u0131kMustafa\u2019n\u0131n g\u00f6\u00e7men \u00e7ocuklar\u0131 aras\u0131nda arkada\u015flar\u0131 vard\u0131. Bu c\u0131l\u0131z ve s\u0131ska c\u0327ocuklardan hayat\u0131n zorluklar\u0131n\u0131 \u00f6\u011frenirdi.Alt\u0131 ya\u015f\u0131ndaki Ni\u015fli Ya\u015far\u2019dan, cami bah\u00e7esine girdiklerinde sar\u0131kl\u0131 hocan\u0131n onlar\u0131 \u201cU\u011fursuzlar\u201d diye kovalad\u0131\u011f\u0131n\u0131 dinlemi\u015fti. Cami hocas\u0131, \u201cLanetliler\u201d diye Ya\u015far\u2019\u0131n \u00fczerine sald\u0131rd\u0131\u011f\u0131 g\u00fcn, Mustafa onu korumus\u0327tu.Yas\u0327ar ona, \u201cYaln\u0131z hoca de\u011fil, yerli c\u0327ocuklar da bizi do\u0308v\u00fcyorlar. Muhacirlere \u2018circir\u2019 diyorlar. Sen de muhacir misin?\u201d diye sormu\u015ftu.Kad\u0131nlar\u0131n ya\u015fad\u0131klar\u0131 dram\u0131 \u00e7ocuklar\u0131 da ya\u015famaktayd\u0131. Askeri okuldan arkada\u015f\u0131 M\u00fcrteza, teyzesi \u015eehnaz\u2019\u0131n yan\u0131nda kal\u0131rken soka\u011fa at\u0131lm\u0131s\u0327lard\u0131. Mustafa\u2019n\u0131n yas\u0327\u0131nda sar\u0131\u015f\u0131n bir \u00e7ocuk olan Ahmedoval\u0131 M\u00fcrteza\u2019n\u0131n babas\u0131 hapisteydi.Mustafa, M\u00fcrteza i\u00e7in dertlendik\u00e7e dertleniyordu.<\/p>\n","protected":false},"excerpt":{"rendered":"<p>\u0130pek \u00c7al\u0131\u015flar, bir \u00e7ocuk olarak Atat\u00fcrk\u2019\u00fc anlat\u0131yor.Mustafa nas\u0131l bir ailede do\u011fdu, nas\u0131l bir \u00e7ocukluk ge\u00e7irdi, \u00f6\u011frenim hayat\u0131na nas\u0131l ba\u015flad\u0131, Osmanl\u0131 \u0130mparatorlu\u011fu o d\u00f6nem nas\u0131l bir siyasi<span class=\"excerpt-hellip\"> [\u2026]<\/span><\/p>\n","protected":false},"featured_media":0,"template":"","meta":{"_monsterinsights_skip_tracking":false,"_monsterinsights_sitenote_active":false,"_monsterinsights_sitenote_note":"","_monsterinsights_sitenote_category":0},"product_brand":[],"product_cat":[12274,12518],"product_tag":[],"class_list":{"0":"post-720904","1":"product","2":"type-product","3":"status-publish","5":"product_cat-cocuk-ve-genclik-kitaplari","6":"product_cat-okul-oncesi-kitaplar","7":"pa_cilt-ciltsiz","8":"pa_tur-kitap","9":"pa_yayinevi-yapi-kredi-yayinlari","10":"pa_yazar-ipek-calislar","12":"first","13":"instock","14":"sale","15":"shipping-taxable","16":"purchasable","17":"product-type-simple"},"_links":{"self":[{"href":"https:\/\/roveyayinevi.com.tr\/index.php\/wp-json\/wp\/v2\/product\/720904","targetHints":{"allow":["GET"]}}],"collection":[{"href":"https:\/\/roveyayinevi.com.tr\/index.php\/wp-json\/wp\/v2\/product"}],"about":[{"href":"https:\/\/roveyayinevi.com.tr\/index.php\/wp-json\/wp\/v2\/types\/product"}],"wp:attachment":[{"href":"https:\/\/roveyayinevi.com.tr\/index.php\/wp-json\/wp\/v2\/media?parent=720904"}],"wp:term":[{"taxonomy":"product_brand","embeddable":true,"href":"https:\/\/roveyayinevi.com.tr\/index.php\/wp-json\/wp\/v2\/product_brand?post=720904"},{"taxonomy":"product_cat","embeddable":true,"href":"https:\/\/roveyayinevi.com.tr\/index.php\/wp-json\/wp\/v2\/product_cat?post=720904"},{"taxonomy":"product_tag","embeddable":true,"href":"https:\/\/roveyayinevi.com.tr\/index.php\/wp-json\/wp\/v2\/product_tag?post=720904"}],"curies":[{"name":"wp","href":"https:\/\/api.w.org\/{rel}","templated":true}]}}