{"id":720895,"date":"2025-08-27T18:42:34","date_gmt":"2025-08-27T15:42:34","guid":{"rendered":"https:\/\/roveyayinevi.com.tr\/index.php\/urun\/anadolunun-kronikleri\/"},"modified":"2025-11-20T05:34:48","modified_gmt":"2025-11-20T02:34:48","slug":"anadolunun-kronikleri","status":"publish","type":"product","link":"https:\/\/roveyayinevi.com.tr\/index.php\/urun\/anadolunun-kronikleri\/","title":{"rendered":"Anadolu&#8217;nun Kronikleri"},"content":{"rendered":"<p>YA\u015eAYAN EFSANELER, TAR\u0130H\u00ce GER\u00c7EKLER: SIRLARIYLA ANADOLU\u2019YU KU\u015eATANLAR\u2026   Anadolu topraklar\u0131, sadece fiziksel zenginliklerinden ve dolay\u0131s\u0131yla co\u011fraf\u00ee \u00f6neminden bahsedilerek kapat\u0131lacak bir konu olmam\u0131\u015ft\u0131r. Anadolu \u00f6yle bir konudur ki tarih\u00ee ser\u00fcveni anlat\u0131l\u0131rken \u00fczerinde kurulup geni\u015flemi\u015f beyliklerin, devletlerin ve topluluklar\u0131n t\u00fcm ayr\u0131nt\u0131lar\u0131 anlat\u0131lsa dahi eksik \u00e7ok \u015fey kalacakt\u0131r. \u00c7\u00fcnk\u00fc Anadolu bir s\u0131rlar hazinesidir. Buradaki s\u0131r, g\u00fcn\u00fcn\u00fcz tarih yaz\u0131m\u0131nda pop\u00fcler manada ilgi \u00e7ekmek i\u00e7in s\u00f6ylenenlerden \u00e7ok daha \u00f6tesidir. \u00d6telerde bir yerde de\u011fildir Anadolu. Vard\u0131r, ya\u015famaktad\u0131r ve k\u0131yamete kadar s\u0131rlar\u0131yla ya\u015famaya devam edecektir. \u00c7e\u015fitli tarih dergilerinde ve internet sitelerinde yazd\u0131\u011f\u0131 yaz\u0131larla Anadolu\u2019yu mayalam\u0131\u015f erleri okurlar\u0131n kalplerine nak\u015feden Mehmet Olgay S\u00f6yler, bu kez yaz\u0131lar\u0131n\u0131 bir araya getiriyor ve ara\u015ft\u0131rmac\u0131 tarih\u00e7ili\u011fe yeni bir soluk getiriyor. Bu solukta Anadolu\u2019nun her k\u00f6\u015fesinden, ta diplerinden gelen iklimler var. Efsanelerle ger\u00e7eklerin, s\u0131rlarla gizemlerin i\u00e7 i\u00e7e ge\u00e7ti\u011fi meseleler ve \u015fahsiyetler var. Okunan her sat\u0131rda, \u015fimdi \u00f6zlem duyulan nefesler ve sesler var. \u015eaman edebiyat\u0131ndan \u00e2\u015f\u0131k edebiyat\u0131na Anadolu\u2019nun epik ve menk\u0131bevi destan d\u00fcnyas\u0131 nas\u0131l \u015fekillendi? Bizans-Arap Sava\u015flar\u0131 g\u00f6lgesindeki kahraman Battal Gazi\u2019nin ger\u00e7ek hik\u00e2yesi neydi? Kahramanl\u0131k destanlar\u0131ndan halk hik\u00e2yelerine Anadolu ve Rumeli serhadlerindeki sava\u015f\u00e7\u0131 vel\u00eeler kimlerdi? Hakk\u0131nda her as\u0131rda farkl\u0131 bilgilere eri\u015filen dervi\u015f Sar\u0131 Salt\u0131k Gazi asl\u0131nda kimdi? Anadolu\u2019da kahraman\u0131 T\u00fcrk olan ilk destan anlat\u0131s\u0131 D\u00e2ni\u015fmendn\u00e2me\u2019nin ve Dani\u015fmend Gazi\u2019nin esas \u00f6yk\u00fcs\u00fc neydi? \u201cAnadolu Kronikleri: Anadolu\u2019nun Epik ve Menk\u0131bev\u00ee Destan D\u00fcnyas\u0131\u201d sadece bu sorulara cevap vermekle kalm\u0131yor, Anadolu\u2019ya ta\u015f\u0131nan t\u00fcm inan\u00e7lar\u0131, vel\u00ee k\u00fclt\u00fcn\u00fc, keramet motiflerini, destanlar\u0131 ve menak\u0131bn\u00e2meleri yepyeni bir heyecanla ku\u015fat\u0131yor\u2026 <\/p>\n","protected":false},"excerpt":{"rendered":"<p>YA\u015eAYAN EFSANELER, TAR\u0130H\u00ce GER\u00c7EKLER: SIRLARIYLA ANADOLU\u2019YU KU\u015eATANLAR\u2026 Anadolu topraklar\u0131, sadece fiziksel zenginliklerinden ve dolay\u0131s\u0131yla co\u011fraf\u00ee \u00f6neminden bahsedilerek kapat\u0131lacak bir konu olmam\u0131\u015ft\u0131r. Anadolu \u00f6yle bir konudur ki<span class=\"excerpt-hellip\"> [\u2026]<\/span><\/p>\n","protected":false},"featured_media":0,"template":"","meta":{"_monsterinsights_skip_tracking":false,"_monsterinsights_sitenote_active":false,"_monsterinsights_sitenote_note":"","_monsterinsights_sitenote_category":0},"product_brand":[],"product_cat":[12370,12304],"product_tag":[],"class_list":{"0":"post-720895","1":"product","2":"type-product","3":"status-publish","5":"product_cat-arastirma-inceleme","6":"product_cat-tarih","7":"pa_cilt-ciltsiz","8":"pa_tur-kitap","9":"pa_yayinevi-karakum-yayinevi","10":"pa_yazar-m-olgay-soyler","12":"first","13":"instock","14":"sale","15":"shipping-taxable","16":"purchasable","17":"product-type-simple"},"_links":{"self":[{"href":"https:\/\/roveyayinevi.com.tr\/index.php\/wp-json\/wp\/v2\/product\/720895","targetHints":{"allow":["GET"]}}],"collection":[{"href":"https:\/\/roveyayinevi.com.tr\/index.php\/wp-json\/wp\/v2\/product"}],"about":[{"href":"https:\/\/roveyayinevi.com.tr\/index.php\/wp-json\/wp\/v2\/types\/product"}],"wp:attachment":[{"href":"https:\/\/roveyayinevi.com.tr\/index.php\/wp-json\/wp\/v2\/media?parent=720895"}],"wp:term":[{"taxonomy":"product_brand","embeddable":true,"href":"https:\/\/roveyayinevi.com.tr\/index.php\/wp-json\/wp\/v2\/product_brand?post=720895"},{"taxonomy":"product_cat","embeddable":true,"href":"https:\/\/roveyayinevi.com.tr\/index.php\/wp-json\/wp\/v2\/product_cat?post=720895"},{"taxonomy":"product_tag","embeddable":true,"href":"https:\/\/roveyayinevi.com.tr\/index.php\/wp-json\/wp\/v2\/product_tag?post=720895"}],"curies":[{"name":"wp","href":"https:\/\/api.w.org\/{rel}","templated":true}]}}