{"id":720880,"date":"2025-08-27T18:42:24","date_gmt":"2025-08-27T15:42:24","guid":{"rendered":"https:\/\/roveyayinevi.com.tr\/index.php\/urun\/ilkel-toplumdan-melodramlar-evrenine\/"},"modified":"2026-03-12T02:37:59","modified_gmt":"2026-03-11T23:37:59","slug":"ilkel-toplumdan-melodramlar-evrenine","status":"publish","type":"product","link":"https:\/\/roveyayinevi.com.tr\/index.php\/urun\/ilkel-toplumdan-melodramlar-evrenine\/","title":{"rendered":"\u0130lkel Toplumdan Melodramlar Evrenine"},"content":{"rendered":"<p>Yakla\u015f\u0131k y\u00fczy\u0131ldan bu yana melodramlar\u0131n nas\u0131l olup da t\u00fcm d\u00fcnya seyircisini etkileyebildi\u011fi sorusunun a\u00e7\u0131klamas\u0131 modern toplumlardan \u00e7ok ilkellere \u00f6zg\u00fc toplumsal, zihinsel, k\u00fclt\u00fcrel ve insani \u00f6zelliklerde aran\u0131p, bulunabilir. Bu etkileme g\u00fcc\u00fc \u00f6yk\u00fc, oyuncu, diyalog, m\u00fczik, y\u00f6netimle, vs k\u0131smen ili\u015fkili olsa da as\u0131l yan\u0131t bekleyen soru \u015fudur: Hangi g\u00fc\u00e7 seyirciyi beyazperde veya televizyon ekranlar\u0131 kar\u015f\u0131s\u0131na s\u00fcr\u00fcklemektedir? Hi\u00e7 ku\u015fkusuz bunun baz\u0131 nedenleri vard\u0131r. Bunun nedenlerini ilkel toplumdan melodramlara giden bir \u00e7izgiyi izleyerek bulabilece\u011fimizi san\u0131yorum.<\/p>\n","protected":false},"excerpt":{"rendered":"<p>Yakla\u015f\u0131k y\u00fczy\u0131ldan bu yana melodramlar\u0131n nas\u0131l olup da t\u00fcm d\u00fcnya seyircisini etkileyebildi\u011fi sorusunun a\u00e7\u0131klamas\u0131 modern toplumlardan \u00e7ok ilkellere \u00f6zg\u00fc toplumsal, zihinsel, k\u00fclt\u00fcrel ve insani \u00f6zelliklerde aran\u0131p,<span class=\"excerpt-hellip\"> [\u2026]<\/span><\/p>\n","protected":false},"featured_media":0,"template":"","meta":{"_monsterinsights_skip_tracking":false,"_monsterinsights_sitenote_active":false,"_monsterinsights_sitenote_note":"","_monsterinsights_sitenote_category":0},"product_brand":[],"product_cat":[12409,12408],"product_tag":[],"class_list":{"0":"post-720880","1":"product","2":"type-product","3":"status-publish","5":"product_cat-fotograf-sinema-tiyatro","6":"product_cat-sanat","7":"pa_cilt-ciltsiz","8":"pa_tur-kitap","9":"pa_yayinevi-hayalperest-yayinlari","10":"pa_yazar-oguz-adanir","12":"first","13":"instock","14":"sale","15":"shipping-taxable","16":"purchasable","17":"product-type-simple"},"_links":{"self":[{"href":"https:\/\/roveyayinevi.com.tr\/index.php\/wp-json\/wp\/v2\/product\/720880","targetHints":{"allow":["GET"]}}],"collection":[{"href":"https:\/\/roveyayinevi.com.tr\/index.php\/wp-json\/wp\/v2\/product"}],"about":[{"href":"https:\/\/roveyayinevi.com.tr\/index.php\/wp-json\/wp\/v2\/types\/product"}],"wp:attachment":[{"href":"https:\/\/roveyayinevi.com.tr\/index.php\/wp-json\/wp\/v2\/media?parent=720880"}],"wp:term":[{"taxonomy":"product_brand","embeddable":true,"href":"https:\/\/roveyayinevi.com.tr\/index.php\/wp-json\/wp\/v2\/product_brand?post=720880"},{"taxonomy":"product_cat","embeddable":true,"href":"https:\/\/roveyayinevi.com.tr\/index.php\/wp-json\/wp\/v2\/product_cat?post=720880"},{"taxonomy":"product_tag","embeddable":true,"href":"https:\/\/roveyayinevi.com.tr\/index.php\/wp-json\/wp\/v2\/product_tag?post=720880"}],"curies":[{"name":"wp","href":"https:\/\/api.w.org\/{rel}","templated":true}]}}