{"id":720816,"date":"2025-08-27T18:41:08","date_gmt":"2025-08-27T15:41:08","guid":{"rendered":"https:\/\/roveyayinevi.com.tr\/index.php\/urun\/cive-pakistan\/"},"modified":"2026-04-16T02:28:45","modified_gmt":"2026-04-15T23:28:45","slug":"cive-pakistan","status":"publish","type":"product","link":"https:\/\/roveyayinevi.com.tr\/index.php\/urun\/cive-pakistan\/","title":{"rendered":"Cive Pakistan"},"content":{"rendered":"<p>Pakistan. T\u00fcrkiye\u2019nin uzaktaki karde\u015fi.Bu ifade sadece laftan ibaret de\u011fil!Birinci D\u00fcnya Sava\u015f\u0131&#8217;nda Osmanl\u0131 \u0130mparatorlu\u011fu&#8217;nu desteklemi\u015flerdi. Balkan Sava\u015flar\u0131\u2019nda ve bilhassa Milli M\u00fccadelede, Muhammed \u0130kbal \u00f6nderli\u011finde ordumuza para yard\u0131m\u0131 yapm\u0131\u015flard\u0131. Bu para hem B\u00fcy\u00fck Taarruz\u2019da hem de Sakarya ve \u00e7evresinin yeniden kalk\u0131nmas\u0131nda kullan\u0131lm\u0131\u015f, kalan miktar ise \u0130\u015f Bankas\u0131\u2019n\u0131n kurulu\u015f sermayesi olmu\u015ftu. Abdurrahman Pe\u015faveri, Milli M\u00fccadeleye \u015fahsen kat\u0131l\u0131p bir\u00e7ok &#8220;diplomatik&#8221; temasta g\u00f6rev alm\u0131\u015ft\u0131. Ayn\u0131 zamanda hen\u00fcz kurulan Anadolu Ajans\u0131\u2019n\u0131n ilk muhabiriydi. \u00dcstelik bunlar oldu\u011funda Pakistan kurulmam\u0131\u015ft\u0131 bile!1947\u2019de Pakistan\u2019\u0131n ba\u011f\u0131ms\u0131zl\u0131\u011f\u0131n\u0131 ilan etmesinden sonra diplomatik ili\u015fkinin kuruldu\u011fu \u00fclkeler aras\u0131nda ilk s\u0131ra T\u00fcrkiye Cumhuriyeti\u2019ne verilmi\u015fti\u2026Uzun y\u0131llar Pakistan\u2019da g\u00f6rev yapan Atilla D. Yerlikaya, Cive Pakistan kitab\u0131nda T\u00fcrkiye\u2019nin uzaktaki karde\u015fi Pakistan\u2019\u0131n d\u00fcn\u00fcn\u00fc ve bug\u00fcn\u00fcn\u00fc 7 insan, 7 tarih ve 7 mek\u00e2n \u00fczerinden anlat\u0131yor. Gitmesek de g\u00f6rmesek de T\u00fcrkiye\u2019yle bir\u00e7ok a\u00e7\u0131dan ayn\u0131 kaderi ya\u015fayan, ayn\u0131 hayali kuran \u201ckadim dost\u201d Pakistan\u2019\u0131n hik\u00e2yesini yaz\u0131yor\u2026<\/p>\n","protected":false},"excerpt":{"rendered":"<p>Pakistan. T\u00fcrkiye\u2019nin uzaktaki karde\u015fi.Bu ifade sadece laftan ibaret de\u011fil!Birinci D\u00fcnya Sava\u015f\u0131&#8217;nda Osmanl\u0131 \u0130mparatorlu\u011fu&#8217;nu desteklemi\u015flerdi. Balkan Sava\u015flar\u0131\u2019nda ve bilhassa Milli M\u00fccadelede, Muhammed \u0130kbal \u00f6nderli\u011finde ordumuza para yard\u0131m\u0131<span class=\"excerpt-hellip\"> [\u2026]<\/span><\/p>\n","protected":false},"featured_media":0,"template":"","meta":{"_monsterinsights_skip_tracking":false,"_monsterinsights_sitenote_active":false,"_monsterinsights_sitenote_note":"","_monsterinsights_sitenote_category":0},"product_brand":[],"product_cat":[12370,12304],"product_tag":[],"class_list":{"0":"post-720816","1":"product","2":"type-product","3":"status-publish","5":"product_cat-arastirma-inceleme","6":"product_cat-tarih","7":"pa_cilt-ciltsiz","8":"pa_tur-kitap","9":"pa_yayinevi-kirmizi-kedi-yayinevi","10":"pa_yazar-atilla-d-yerlikaya","12":"first","13":"instock","14":"sale","15":"shipping-taxable","16":"purchasable","17":"product-type-simple"},"_links":{"self":[{"href":"https:\/\/roveyayinevi.com.tr\/index.php\/wp-json\/wp\/v2\/product\/720816","targetHints":{"allow":["GET"]}}],"collection":[{"href":"https:\/\/roveyayinevi.com.tr\/index.php\/wp-json\/wp\/v2\/product"}],"about":[{"href":"https:\/\/roveyayinevi.com.tr\/index.php\/wp-json\/wp\/v2\/types\/product"}],"wp:attachment":[{"href":"https:\/\/roveyayinevi.com.tr\/index.php\/wp-json\/wp\/v2\/media?parent=720816"}],"wp:term":[{"taxonomy":"product_brand","embeddable":true,"href":"https:\/\/roveyayinevi.com.tr\/index.php\/wp-json\/wp\/v2\/product_brand?post=720816"},{"taxonomy":"product_cat","embeddable":true,"href":"https:\/\/roveyayinevi.com.tr\/index.php\/wp-json\/wp\/v2\/product_cat?post=720816"},{"taxonomy":"product_tag","embeddable":true,"href":"https:\/\/roveyayinevi.com.tr\/index.php\/wp-json\/wp\/v2\/product_tag?post=720816"}],"curies":[{"name":"wp","href":"https:\/\/api.w.org\/{rel}","templated":true}]}}