{"id":720599,"date":"2025-08-27T18:38:13","date_gmt":"2025-08-27T15:38:13","guid":{"rendered":"https:\/\/roveyayinevi.com.tr\/index.php\/urun\/kiyamet-tacirlerine-karsi-kiyam-et\/"},"modified":"2026-04-16T02:28:40","modified_gmt":"2026-04-15T23:28:40","slug":"kiyamet-tacirlerine-karsi-kiyam-et","status":"publish","type":"product","link":"https:\/\/roveyayinevi.com.tr\/index.php\/urun\/kiyamet-tacirlerine-karsi-kiyam-et\/","title":{"rendered":"K\u0131yamet Tacirlerine Kar\u015f\u0131 K\u0131yam Et"},"content":{"rendered":"<p>\u0130sve\u00e7li Greta Thunberg ilk olarak 2018 A\u011fustos\u2019unda \u201ciklim i\u00e7in okul k\u0131rma\u201d grevine ba\u015flad\u0131\u011f\u0131nda, kimse bir y\u0131l sonra d\u00fcnyan\u0131n en \u00f6nemli toplumsal fig\u00fcrlerinden biri olaca\u011f\u0131n\u0131 tahmin etmiyordu. \u00d6mer Madra hari\u00e7!Kald\u0131 ki, Madra y\u0131llard\u0131r \u201ciklim meselesi\u201d ve bitki temelli (vegan) beslenme \u00fczerine yazd\u0131\u011f\u0131 yaz\u0131larla, yapt\u0131\u011f\u0131 radyo programlar\u0131yla durumun vahametini dile getirdi\u011finde \u201ck\u00f6y\u00fcn delisi\u201d olarak de\u011ferlendiriliyordu. Zaman onu hakl\u0131 \u00e7\u0131kard\u0131.Bir vakan\u00fcvis kimli\u011fiyle kaleme ald\u0131\u011f\u0131 yaz\u0131lar\u0131nda \u00d6mer Madra, \u00f6n\u00fcm\u00fczdeki y\u0131llarda bizi ne t\u00fcr felaketlerin bekledi\u011fini, neden \u201c\u0130klim acil!\u201d dedi\u011fini ve bir an evvel uygulanmas\u0131 gereken \u00e7\u00f6z\u00fcmleri dile getiriyor.Ba\u015fta gen\u00e7ler olmak \u00fczere herkesi d\u00fcnyaya sahip \u00e7\u0131kmaya, k\u0131yamet tacirlerine kar\u015f\u0131 k\u0131yama \u00e7a\u011f\u0131r\u0131yor.<\/p>\n","protected":false},"excerpt":{"rendered":"<p>\u0130sve\u00e7li Greta Thunberg ilk olarak 2018 A\u011fustos\u2019unda \u201ciklim i\u00e7in okul k\u0131rma\u201d grevine ba\u015flad\u0131\u011f\u0131nda, kimse bir y\u0131l sonra d\u00fcnyan\u0131n en \u00f6nemli toplumsal fig\u00fcrlerinden biri olaca\u011f\u0131n\u0131 tahmin etmiyordu.<span class=\"excerpt-hellip\"> [\u2026]<\/span><\/p>\n","protected":false},"featured_media":0,"template":"","meta":{"_monsterinsights_skip_tracking":false,"_monsterinsights_sitenote_active":false,"_monsterinsights_sitenote_note":"","_monsterinsights_sitenote_category":0},"product_brand":[],"product_cat":[14787,13488],"product_tag":[],"class_list":{"0":"post-720599","1":"product","2":"type-product","3":"status-publish","5":"product_cat-diger-toplum-ve-insan","6":"product_cat-toplum-ve-insan","7":"pa_cilt-ciltsiz","8":"pa_tur-kitap","9":"pa_yayinevi-kirmizi-kedi-yayinevi","10":"pa_yazar-omer-madra","12":"first","13":"instock","14":"sale","15":"shipping-taxable","16":"purchasable","17":"product-type-simple"},"_links":{"self":[{"href":"https:\/\/roveyayinevi.com.tr\/index.php\/wp-json\/wp\/v2\/product\/720599","targetHints":{"allow":["GET"]}}],"collection":[{"href":"https:\/\/roveyayinevi.com.tr\/index.php\/wp-json\/wp\/v2\/product"}],"about":[{"href":"https:\/\/roveyayinevi.com.tr\/index.php\/wp-json\/wp\/v2\/types\/product"}],"wp:attachment":[{"href":"https:\/\/roveyayinevi.com.tr\/index.php\/wp-json\/wp\/v2\/media?parent=720599"}],"wp:term":[{"taxonomy":"product_brand","embeddable":true,"href":"https:\/\/roveyayinevi.com.tr\/index.php\/wp-json\/wp\/v2\/product_brand?post=720599"},{"taxonomy":"product_cat","embeddable":true,"href":"https:\/\/roveyayinevi.com.tr\/index.php\/wp-json\/wp\/v2\/product_cat?post=720599"},{"taxonomy":"product_tag","embeddable":true,"href":"https:\/\/roveyayinevi.com.tr\/index.php\/wp-json\/wp\/v2\/product_tag?post=720599"}],"curies":[{"name":"wp","href":"https:\/\/api.w.org\/{rel}","templated":true}]}}