{"id":720474,"date":"2025-08-27T18:36:35","date_gmt":"2025-08-27T15:36:35","guid":{"rendered":"https:\/\/roveyayinevi.com.tr\/index.php\/urun\/mustafa-abdulhalik-renda-gunlukler-1920-1950\/"},"modified":"2026-04-16T02:28:38","modified_gmt":"2026-04-15T23:28:38","slug":"mustafa-abdulhalik-renda-gunlukler-1920-1950","status":"publish","type":"product","link":"https:\/\/roveyayinevi.com.tr\/index.php\/urun\/mustafa-abdulhalik-renda-gunlukler-1920-1950\/","title":{"rendered":"Mustafa Abd\u00fclhalik Renda G\u00fcnl\u00fckler 1920-1950"},"content":{"rendered":"<p>\u0130\u015fgal g\u00fcnlerinde Malta\u2019da tutsak. Ba\u011f\u0131ms\u0131zl\u0131k Sava\u015f\u0131\u2019nda Kuva-y\u0131 Milliye\u2019nin ia\u015fesinden sorumlu Konya valisi. Kurtar\u0131lan \u0130zmir\u2019e Ankara h\u00fck\u00fcmetinin atad\u0131\u011f\u0131 ilk vali. Cumhuriyet\u2019in ilk sivil Milli Savunma Bakan\u0131. Merkez Bankas\u0131\u2019n\u0131n kurulu\u015funa nezaret eden Maliye Bakan\u0131. Atat\u00fcrk\u2019\u00fcn vefat\u0131 ertesinde cumhurba\u015fkanl\u0131\u011f\u0131n\u0131 \u0130smet \u0130n\u00f6n\u00fc\u2019ye teslim eden T\u00fcrkiye B\u00fcy\u00fck Millet Meclisi Ba\u015fkan\u0131. 1938\u2019den 1950\u2019ye Cumhurba\u015fkan\u0131 \u0130n\u00f6n\u00fc\u2019n\u00fcn en yak\u0131n \u00e7al\u0131\u015fma arkada\u015f\u0131.Hat\u0131rat\u2019\u0131n\u0131 2018 y\u0131l\u0131nda yay\u0131mlad\u0131\u011f\u0131m\u0131z Mustafa Abd\u00fclhalik Renda\u2019n\u0131n G\u00fcnl\u00fckleri (1920-1950), bir devrin siyasi tarihini, T\u00fcrkiye Cumhuriyeti\u2019ni kuran kadrolar\u0131n g\u00fcnl\u00fck hayatlar\u0131n\u0131n ola\u011fanl\u0131\u011f\u0131 i\u00e7inde g\u00f6zler \u00f6n\u00fcne seriyor.1 Ocak 1921, CumartesiBu seneye pek mahzun bir h\u00e2lde giriyorum. Sevgililerimden, Saadet\u2019imden, k\u0131zlar\u0131mdan, hem\u015firelerimden, ebeveynimden, karde\u015flerimden uzak, Malta adas\u0131n\u0131n bir k\u0131\u015flas\u0131nda mevk\u00fbf bulunuyorum. Bana bu menf\u00ee hayatta en g\u00fc\u00e7 gelen cihet, beni en ziyade d\u00fc\u015f\u00fcnd\u00fcren mesele \u00e7ocuklar\u0131m\u0131n temin-i mai\u015fetidir. Ki bug\u00fcne kadar baz\u0131 arkada\u015flar\u0131m\u0131n, pederimin muavenetiyle, e\u015fya ve bilhassa refikama ait epeyce \u015feyler satmakla temin olunmu\u015ftur. Bakal\u0131m bu sene nas\u0131l temin olunacak?Ey sevgililerim; akl\u0131, fikri, d\u00fc\u015f\u00fcncesi daima, her dakika sizde olan, m\u00fctehassir refikinizden, m\u00fctehassir baban\u0131zdan, gurbetteki a\u011fabeyinizden yeni senenin hi\u00e7 olmazsa az kederli bir sene olmas\u0131 i\u00e7in binlerce temenniy\u00e2t. C\u00fcmlenizi hasretle kucaklar, Allah\u2019a emanet ederim.30 Ekim 1923, Sal\u0131\u0130smet Pa\u015fa\u2019n\u0131n muvaffak olmas\u0131na b\u00fct\u00fcn kalbimle dua ettim. Meclis efk\u00e2r-\u0131 umumiyesi bilmiyorum ne sebepten Ferit Bey aleyhinde g\u00f6r\u00fcn\u00fcyor. Kabinenin resanetini belki bir g\u00fcn gelir bu mesele ihlal eder. Demek oluyor ki eski kabinede zay\u0131f olan uzuv Fethi Bey\u2019di. Buna da ak\u0131l erdiremedim. Fethi Bey herh\u00e2lde ak\u0131ll\u0131, malumatl\u0131 bir adamd\u0131r. Meclis\u2019te h\u00fcsn-i kabul g\u00f6rmemesi esbab\u0131 nedir anlayamad\u0131m. \u00c7ok da temas etti\u011fim yok. Enc\u00fcmenden vakit bulam\u0131yorum ki Meclis koridorlar\u0131nda sabahleyin gezeyim. Allah h\u00fck\u00fcmet-i cumhuriyemizi muvaffak buyursun, \u00e2min.11 Kas\u0131m 1938, CumaBug\u00fcn reisicumhur intihab\u0131 yap\u0131ld\u0131. Malatya mebusu \u0130smet \u0130n\u00f6n\u00fc 348 rey ile ve ittifakla reisicumhur se\u00e7ildi. Emaneti salim olarak kendilerine tevdi eyledim ve evinden Meclis\u2019e g\u00f6t\u00fcrd\u00fcm. Meclis\u2019in h\u00e2li tarih\u00ee idi.14 May\u0131s 1950, PazarSabah oylar\u0131m\u0131z\u0131 verdik. \u00d6\u011fleden evvel \u0130n\u00f6n\u00fc, han\u0131m\u0131 ve \u00e7ocuklar\u0131 ile beraber eve geldiler. Yar\u0131ma kadar oturdular, konu\u015ftuk. Radyonun gece bir saat sonraya kadar verdi\u011fi havadislerde bir netice anla\u015f\u0131lamad\u0131. Bizde iken Ayd\u0131n\u2019\u0131n bir k\u00f6y\u00fcn\u00fcn neticesi geldi. 58 CHP, 23 DP.<\/p>\n","protected":false},"excerpt":{"rendered":"<p>\u0130\u015fgal g\u00fcnlerinde Malta\u2019da tutsak. Ba\u011f\u0131ms\u0131zl\u0131k Sava\u015f\u0131\u2019nda Kuva-y\u0131 Milliye\u2019nin ia\u015fesinden sorumlu Konya valisi. Kurtar\u0131lan \u0130zmir\u2019e Ankara h\u00fck\u00fcmetinin atad\u0131\u011f\u0131 ilk vali. Cumhuriyet\u2019in ilk sivil Milli Savunma Bakan\u0131. Merkez<span class=\"excerpt-hellip\"> [\u2026]<\/span><\/p>\n","protected":false},"featured_media":0,"template":"","meta":{"_monsterinsights_skip_tracking":false,"_monsterinsights_sitenote_active":false,"_monsterinsights_sitenote_note":"","_monsterinsights_sitenote_category":0},"product_brand":[],"product_cat":[12312,12304],"product_tag":[],"class_list":{"0":"post-720474","1":"product","2":"type-product","3":"status-publish","5":"product_cat-diger","6":"product_cat-tarih","7":"pa_cilt-ciltsiz","8":"pa_tur-kitap","9":"pa_yayinevi-yapi-kredi-yayinlari","10":"pa_yazar-aytac-demirci-sabri-sayari","12":"first","13":"instock","14":"sale","15":"shipping-taxable","16":"purchasable","17":"product-type-simple"},"_links":{"self":[{"href":"https:\/\/roveyayinevi.com.tr\/index.php\/wp-json\/wp\/v2\/product\/720474","targetHints":{"allow":["GET"]}}],"collection":[{"href":"https:\/\/roveyayinevi.com.tr\/index.php\/wp-json\/wp\/v2\/product"}],"about":[{"href":"https:\/\/roveyayinevi.com.tr\/index.php\/wp-json\/wp\/v2\/types\/product"}],"wp:attachment":[{"href":"https:\/\/roveyayinevi.com.tr\/index.php\/wp-json\/wp\/v2\/media?parent=720474"}],"wp:term":[{"taxonomy":"product_brand","embeddable":true,"href":"https:\/\/roveyayinevi.com.tr\/index.php\/wp-json\/wp\/v2\/product_brand?post=720474"},{"taxonomy":"product_cat","embeddable":true,"href":"https:\/\/roveyayinevi.com.tr\/index.php\/wp-json\/wp\/v2\/product_cat?post=720474"},{"taxonomy":"product_tag","embeddable":true,"href":"https:\/\/roveyayinevi.com.tr\/index.php\/wp-json\/wp\/v2\/product_tag?post=720474"}],"curies":[{"name":"wp","href":"https:\/\/api.w.org\/{rel}","templated":true}]}}