{"id":720468,"date":"2025-08-27T18:36:30","date_gmt":"2025-08-27T15:36:30","guid":{"rendered":"https:\/\/roveyayinevi.com.tr\/index.php\/urun\/kamus-i-turki-ciltli\/"},"modified":"2026-04-16T02:28:37","modified_gmt":"2026-04-15T23:28:37","slug":"kamus-i-turki-ciltli","status":"publish","type":"product","link":"https:\/\/roveyayinevi.com.tr\/index.php\/urun\/kamus-i-turki-ciltli\/","title":{"rendered":"Kamus-\u0131 T\u00fcrki (Ciltli)"},"content":{"rendered":"<p>Kam\u00fbs-\u0131 T\u00fcrk\u00ee, \u015eemseddin Sami taraf\u0131ndan haz\u0131rlanm\u0131\u015f Osmanl\u0131 T\u00fcrk\u00e7esinden Osmanl\u0131 T\u00fcrk\u00e7esine bir s\u00f6zl\u00fckt\u00fcr. \u015eemseddin Sami, kelimenin men\u015feine bakmadan konu\u015fma dilinde kullan\u0131lan b\u00fct\u00fcn kelimeleri s\u00f6zl\u00fc\u011f\u00fcne alm\u0131\u015f ve s\u00f6zl\u00fc\u011f\u00fcn\u00fcn ad\u0131n\u0131 da \u201cK\u00e2m\u00fbs-\u0131 T\u00fcrk\u00ee\u201d olarak isimlendirmi\u015ftir. Kelimenin asl\u0131 ister Arap\u00e7a olsun, ister Fars\u00e7a olsun isterse Bat\u0131 dillerinden bir dil olsun hi\u00e7birinde de ayr\u0131m yapmaks\u0131z\u0131n hepsine yer vermi\u015f, ayr\u0131ca kelimeleri a\u00e7\u0131klarken T\u00fcrk\u00e7eye hangi dilden ge\u00e7ti\u011fi hakk\u0131nda da bilgiler vermi\u015ftir. Kaliteli bask\u0131s\u0131yla okuma kolayl\u0131\u011f\u0131 sa\u011flayan Kam\u00fbs-\u0131 T\u00fcrk\u00ee\u2019nin orijinal bask\u0131s\u0131na yaz\u0131l\u0131\u015f\u0131n\u0131 bilmedi\u011fimiz, ancak kullan\u0131rken manas\u0131n\u0131 merak etti\u011fimiz kelimelerin daha kolay bulunmas\u0131n\u0131 sa\u011flamak amac\u0131yla Latin harfleriyle haz\u0131rlanm\u0131\u015f kelime dizini ilave edilmi\u015ftir. Bu \u015fekilde Osmanl\u0131 T\u00fcrk\u00e7esini yeni \u00f6\u011frenmekte olan Tarih, Edebiyat, Bilgi ve Belge Y\u00f6netimi (Ar\u015fivcilik\/K\u00fct\u00fcphanecilik) \u00f6\u011frencileri i\u00e7in s\u00f6zl\u00fc\u011f\u00fcn kullan\u0131m\u0131 kolayla\u015ft\u0131r\u0131lm\u0131\u015ft\u0131r.<\/p>\n","protected":false},"excerpt":{"rendered":"<p>Kam\u00fbs-\u0131 T\u00fcrk\u00ee, \u015eemseddin Sami taraf\u0131ndan haz\u0131rlanm\u0131\u015f Osmanl\u0131 T\u00fcrk\u00e7esinden Osmanl\u0131 T\u00fcrk\u00e7esine bir s\u00f6zl\u00fckt\u00fcr. \u015eemseddin Sami, kelimenin men\u015feine bakmadan konu\u015fma dilinde kullan\u0131lan b\u00fct\u00fcn kelimeleri s\u00f6zl\u00fc\u011f\u00fcne alm\u0131\u015f ve s\u00f6zl\u00fc\u011f\u00fcn\u00fcn<span class=\"excerpt-hellip\"> [\u2026]<\/span><\/p>\n","protected":false},"featured_media":0,"template":"","meta":{"_monsterinsights_skip_tracking":false,"_monsterinsights_sitenote_active":false,"_monsterinsights_sitenote_note":"","_monsterinsights_sitenote_category":0},"product_brand":[],"product_cat":[12566,13611],"product_tag":[],"class_list":{"0":"post-720468","1":"product","2":"type-product","3":"status-publish","5":"product_cat-egitim","6":"product_cat-sozlukler-ve-konusma-kilavuzlari","7":"pa_cilt-ciltsiz","8":"pa_tur-kitap","9":"pa_yayinevi-ideal-kultur-yayincilik","10":"pa_yazar-semseddin-sami","12":"first","13":"instock","14":"sale","15":"shipping-taxable","16":"purchasable","17":"product-type-simple"},"_links":{"self":[{"href":"https:\/\/roveyayinevi.com.tr\/index.php\/wp-json\/wp\/v2\/product\/720468","targetHints":{"allow":["GET"]}}],"collection":[{"href":"https:\/\/roveyayinevi.com.tr\/index.php\/wp-json\/wp\/v2\/product"}],"about":[{"href":"https:\/\/roveyayinevi.com.tr\/index.php\/wp-json\/wp\/v2\/types\/product"}],"wp:attachment":[{"href":"https:\/\/roveyayinevi.com.tr\/index.php\/wp-json\/wp\/v2\/media?parent=720468"}],"wp:term":[{"taxonomy":"product_brand","embeddable":true,"href":"https:\/\/roveyayinevi.com.tr\/index.php\/wp-json\/wp\/v2\/product_brand?post=720468"},{"taxonomy":"product_cat","embeddable":true,"href":"https:\/\/roveyayinevi.com.tr\/index.php\/wp-json\/wp\/v2\/product_cat?post=720468"},{"taxonomy":"product_tag","embeddable":true,"href":"https:\/\/roveyayinevi.com.tr\/index.php\/wp-json\/wp\/v2\/product_tag?post=720468"}],"curies":[{"name":"wp","href":"https:\/\/api.w.org\/{rel}","templated":true}]}}