{"id":720395,"date":"2025-08-27T18:35:29","date_gmt":"2025-08-27T15:35:29","guid":{"rendered":"https:\/\/roveyayinevi.com.tr\/index.php\/urun\/ulusal-guvenlik-yonetimi-felsefesi\/"},"modified":"2026-04-16T02:28:36","modified_gmt":"2026-04-15T23:28:36","slug":"ulusal-guvenlik-yonetimi-felsefesi","status":"publish","type":"product","link":"https:\/\/roveyayinevi.com.tr\/index.php\/urun\/ulusal-guvenlik-yonetimi-felsefesi\/","title":{"rendered":"Ulusal G\u00fcvenlik Y\u00f6netimi Felsefesi"},"content":{"rendered":"<p>Bu eserde ulusal g\u00fcvenlikle alakal\u0131 d\u00fc\u015f\u00fcnceler, tarihsel, evrensel ve normatif ilke ve prensiplerle, ulusal g\u00fcvenli\u011fin bile\u015fenleri \u00fczerinden a\u00e7\u0131klanmaya \u00e7al\u0131\u015f\u0131lm\u0131\u015ft\u0131r. Eksende Gazi Pa\u015fa\u2019n\u0131n \u2019\u2019Yurtta sulh, cihanda sulh\u2019\u2019 ilkesi yer almaktad\u0131r. Zaman \u015f\u00fcmul bir bak\u0131\u015f a\u00e7\u0131s\u0131yla, ulusal g\u00fcvenli\u011fin dinamik ve ve\u00e7heleri, yerle\u015fik yarg\u0131lar ve kurallar yerine, holistik ve aksiyolojik bir bak\u0131\u015f a\u00e7\u0131s\u0131 ile sergilenmi\u015ftir. D\u00fc\u015f\u00fcncelerimiz, insan\u0131 ve insana ait de\u011ferleri merkeze alan, d\u00fcr\u00fcstl\u00fck ve erdemi y\u00fccelten bir paradigma ile normatif \u00f6l\u00e7\u00fclerle a\u00e7\u0131klanmaya \u00e7al\u0131\u015f\u0131lm\u0131\u015ft\u0131r.Her\u015feyden evvel, d\u00fcr\u00fcst, \u00e7al\u0131\u015fkan ve ahlakl\u0131; \u00fclkesi ile aras\u0131nda ba\u011f kuran, alg\u0131, idrak ve sorumluluk seviyesi y\u00fcksek; aidiyet, k\u00fclt\u00fcr ve co\u011frafya ay\u0131rt etmeksizin kendini ortak d\u00fcnya miras\u0131n\u0131n sahibi ve d\u00fcnya vatanda\u015f\u0131 olarak g\u00f6ren herkesin ve \u00f6zellikle gen\u00e7lerin benimle ayn\u0131 veya benzer d\u00fc\u015f\u00fcncelere sahip oldu\u011funu hissediyorum.<\/p>\n","protected":false},"excerpt":{"rendered":"<p>Bu eserde ulusal g\u00fcvenlikle alakal\u0131 d\u00fc\u015f\u00fcnceler, tarihsel, evrensel ve normatif ilke ve prensiplerle, ulusal g\u00fcvenli\u011fin bile\u015fenleri \u00fczerinden a\u00e7\u0131klanmaya \u00e7al\u0131\u015f\u0131lm\u0131\u015ft\u0131r. Eksende Gazi Pa\u015fa\u2019n\u0131n \u2019\u2019Yurtta sulh, cihanda sulh\u2019\u2019<span class=\"excerpt-hellip\"> [\u2026]<\/span><\/p>\n","protected":false},"featured_media":0,"template":"","meta":{"_monsterinsights_skip_tracking":false,"_monsterinsights_sitenote_active":false,"_monsterinsights_sitenote_note":"","_monsterinsights_sitenote_category":0},"product_brand":[],"product_cat":[12337,14706],"product_tag":[],"class_list":{"0":"post-720395","1":"product","2":"type-product","3":"status-publish","5":"product_cat-politika-siyaset","6":"product_cat-siyaset-bilimi","7":"pa_cilt-ciltsiz","8":"pa_tur-kitap","9":"pa_yayinevi-astana-yayinlari","10":"pa_yazar-murat-sengoz","12":"first","13":"instock","14":"sale","15":"shipping-taxable","16":"purchasable","17":"product-type-simple"},"_links":{"self":[{"href":"https:\/\/roveyayinevi.com.tr\/index.php\/wp-json\/wp\/v2\/product\/720395","targetHints":{"allow":["GET"]}}],"collection":[{"href":"https:\/\/roveyayinevi.com.tr\/index.php\/wp-json\/wp\/v2\/product"}],"about":[{"href":"https:\/\/roveyayinevi.com.tr\/index.php\/wp-json\/wp\/v2\/types\/product"}],"wp:attachment":[{"href":"https:\/\/roveyayinevi.com.tr\/index.php\/wp-json\/wp\/v2\/media?parent=720395"}],"wp:term":[{"taxonomy":"product_brand","embeddable":true,"href":"https:\/\/roveyayinevi.com.tr\/index.php\/wp-json\/wp\/v2\/product_brand?post=720395"},{"taxonomy":"product_cat","embeddable":true,"href":"https:\/\/roveyayinevi.com.tr\/index.php\/wp-json\/wp\/v2\/product_cat?post=720395"},{"taxonomy":"product_tag","embeddable":true,"href":"https:\/\/roveyayinevi.com.tr\/index.php\/wp-json\/wp\/v2\/product_tag?post=720395"}],"curies":[{"name":"wp","href":"https:\/\/api.w.org\/{rel}","templated":true}]}}