{"id":720377,"date":"2025-08-27T18:35:15","date_gmt":"2025-08-27T15:35:15","guid":{"rendered":"https:\/\/roveyayinevi.com.tr\/index.php\/urun\/duyulmak-istiyorum\/"},"modified":"2026-04-16T02:28:35","modified_gmt":"2026-04-15T23:28:35","slug":"duyulmak-istiyorum","status":"publish","type":"product","link":"https:\/\/roveyayinevi.com.tr\/index.php\/urun\/duyulmak-istiyorum\/","title":{"rendered":"Duyulmak \u0130stiyorum"},"content":{"rendered":"<p>Hareket ve Duyu Sistemleri Geli\u015fimin Temel Ta\u015flar\u0131d\u0131r Ebru Albayrak Sidar\u2019\u0131n bu kitab\u0131n\u0131 okuman\u0131n, \u00e7ocuklar\u0131m\u0131z\u0131n geli\u015fiminde ortaya \u00e7\u0131kan sorunlara de\u011fi\u015fik disiplinlerin bak\u0131\u015f a\u00e7\u0131lar\u0131ndan birisi olarak \u00f6nemli katk\u0131da bulunaca\u011f\u0131n\u0131 ve duyu b\u00fct\u00fcnleme kuram\u0131na ve bu alandaki deneyimlere ili\u015fkin etrafl\u0131ca bir \u015fekilde ve bilime referansla yaz\u0131lm\u0131\u015f bu kitab\u0131n varl\u0131\u011f\u0131n\u0131n bu alandaki tart\u0131\u015fmalar\u0131 geli\u015ftirece\u011fini d\u00fc\u015f\u00fcn\u00fcyorum. Prof. Dr. Yank\u0131 Yazgan \u0130nsanlar\u0131n ruhsal, fiziksel, zihinsel geli\u015fimini bir in\u015faata benzetecek olursak yap\u0131n\u0131n temeli duyularla ba\u015flayarak geli\u015fiyor. Ebru Albayrak Sidar\u2019a, bu temeli aktar\u0131rken, hem alanda \u00e7al\u0131\u015fan meslekta\u015flara hem de ebeveynlere yol g\u00f6sterecek bilimsel verileri,  yal\u0131n dile indirgemi\u015f oldu\u011fu bu k\u0131ymetli eser i\u00e7in te\u015fekk\u00fcr ediyorum. Prof. Dr. Burak Do\u011fang\u00fcn Ka\u00e7 ya\u015f\u0131nda olursan\u0131z olun hayat\u0131n\u0131za dokundu\u011funda mucizeler yaratan Ebru Albayrak Sidar, bu kitap ile \u00e7ocu\u011funuzda ve sizde mucizeler yaratacakt\u0131r. Do\u00e7. Dr. Didem Behice \u00d6ztop Duyu B\u00fct\u00fcnleme alan\u0131nda yay\u0131mlanan ilk T\u00fcrk\u00e7e \u00f6zg\u00fcn kitap olan, Duyu&#8217;lmak \u0130stiyorum, T\u00fcrkiye&#8217;de birden \u00e7ok ilke imza at\u0131yor. \u201cDuy beni, anne-baba!\u201d \u00e7\u0131\u011fl\u0131klar\u0131 duyulamayan \u00e7ocuklara ve \u00e7aresiz ebeveynlerine g\u00fc\u00e7l\u00fc bir ses veriyor. T\u00fcm ebeveynlere, \u00f6\u011fretmenlere ve uzmanlara, Ebru Albayrak Sidar&#8217;\u0131n kaleme ald\u0131\u011f\u0131 Duyu&#8217;lmak \u0130stiyorum\u2019u kuvvetle \u00f6neririm. Asl\u0131han Onaran, Kurucu, Do\u011fal Ebeveynlik- Attachment Parenting API T\u00fcrkiye Uluslararas\u0131 Platformu Ebru Albayrak Sidar\u2019\u0131n derin bilgi, deneyim ve i\u015fine olan b\u00fcy\u00fck sevgisi ile g\u00fcn\u00fcm\u00fcz \u00e7ocu\u011funa bamba\u015fka bir g\u00f6zle bakabilmek, beynin yap\u0131s\u0131n\u0131 basit\u00e7e kavrayabilmek ve \u00e7ocu\u011funuzun ihtiyac\u0131 olan\u0131 ona verebilmek i\u00e7in modern ebeveynin k\u0131lavuzu niteli\u011finde bir kitap. Klinik Psikolog P\u0131nar Mermer   \u201cEbru Albayrak Sidar; University of Southern California\u2019da Duyu B\u00fct\u00fcnleme Terapisi e\u011fitimleri alm\u0131\u015f ve binden fazla \u00e7ocukla \u00e7al\u0131\u015fm\u0131\u015f bir bilim insan\u0131, fizyoterapist, \u00f6\u011fretim \u00fcyesi, uluslararas\u0131 bir e\u011fitmen ve konu\u015fmac\u0131d\u0131r. Evli ve 2 \u00e7ocuk annesi olan Ebru Albayrak Sidar Londra\u2019da ya\u015famaktad\u0131r.\u201d <\/p>\n","protected":false},"excerpt":{"rendered":"<p>Hareket ve Duyu Sistemleri Geli\u015fimin Temel Ta\u015flar\u0131d\u0131r Ebru Albayrak Sidar\u2019\u0131n bu kitab\u0131n\u0131 okuman\u0131n, \u00e7ocuklar\u0131m\u0131z\u0131n geli\u015fiminde ortaya \u00e7\u0131kan sorunlara de\u011fi\u015fik disiplinlerin bak\u0131\u015f a\u00e7\u0131lar\u0131ndan birisi olarak \u00f6nemli katk\u0131da<span class=\"excerpt-hellip\"> [\u2026]<\/span><\/p>\n","protected":false},"featured_media":0,"template":"","meta":{"_monsterinsights_skip_tracking":false,"_monsterinsights_sitenote_active":false,"_monsterinsights_sitenote_note":"","_monsterinsights_sitenote_category":0},"product_brand":[],"product_cat":[12831,12324],"product_tag":[],"class_list":{"0":"post-720377","1":"product","2":"type-product","3":"status-publish","5":"product_cat-aile-ve-cocuk","6":"product_cat-sosyoloji","7":"pa_cilt-ciltsiz","8":"pa_tur-kitap","9":"pa_yayinevi-sola-unitas","10":"pa_yazar-ebru-albayrak-sidar","12":"first","13":"instock","14":"sale","15":"shipping-taxable","16":"purchasable","17":"product-type-simple"},"_links":{"self":[{"href":"https:\/\/roveyayinevi.com.tr\/index.php\/wp-json\/wp\/v2\/product\/720377","targetHints":{"allow":["GET"]}}],"collection":[{"href":"https:\/\/roveyayinevi.com.tr\/index.php\/wp-json\/wp\/v2\/product"}],"about":[{"href":"https:\/\/roveyayinevi.com.tr\/index.php\/wp-json\/wp\/v2\/types\/product"}],"wp:attachment":[{"href":"https:\/\/roveyayinevi.com.tr\/index.php\/wp-json\/wp\/v2\/media?parent=720377"}],"wp:term":[{"taxonomy":"product_brand","embeddable":true,"href":"https:\/\/roveyayinevi.com.tr\/index.php\/wp-json\/wp\/v2\/product_brand?post=720377"},{"taxonomy":"product_cat","embeddable":true,"href":"https:\/\/roveyayinevi.com.tr\/index.php\/wp-json\/wp\/v2\/product_cat?post=720377"},{"taxonomy":"product_tag","embeddable":true,"href":"https:\/\/roveyayinevi.com.tr\/index.php\/wp-json\/wp\/v2\/product_tag?post=720377"}],"curies":[{"name":"wp","href":"https:\/\/api.w.org\/{rel}","templated":true}]}}