{"id":720252,"date":"2025-08-27T18:33:46","date_gmt":"2025-08-27T15:33:46","guid":{"rendered":"https:\/\/roveyayinevi.com.tr\/index.php\/urun\/virus-uc-aylik-kultur-sanat-ve-edebiyat-dergisi-ortak-kitap\/"},"modified":"2026-04-16T02:28:03","modified_gmt":"2026-04-15T23:28:03","slug":"virus-uc-aylik-kultur-sanat-ve-edebiyat-dergisi-ortak-kitap","status":"publish","type":"product","link":"https:\/\/roveyayinevi.com.tr\/index.php\/urun\/virus-uc-aylik-kultur-sanat-ve-edebiyat-dergisi-ortak-kitap\/","title":{"rendered":"Vir\u00fcs \u00dc\u00e7 Ayl\u0131k K\u00fclt\u00fcr Sanat ve Edebiyat Dergisi (Ortak Kitap)"},"content":{"rendered":"<p>Son y\u0131llar\u0131n g\u00f6zde kavramlar\u0131ndan k\u00fcresel ve yerel s\u00f6zc\u00fcklerini k\u00fcreyel \u015femsiyesi alt\u0131nda toplamaya \u00e7al\u0131\u015f\u0131yor kimileri; yine son y\u0131llarda d\u00fcnya dillerine ge\u00e7mi\u015f olan glocal s\u00f6zc\u00fc\u011f\u00fcn\u00fcn kar\u015f\u0131l\u0131\u011f\u0131 olarak. Ne yaz\u0131k ki bizi bize yak\u0131nla\u015ft\u0131rma iddias\u0131, ayn\u0131la\u015ft\u0131rma \u00e7abas\u0131n\u0131 \u00f6rtemiyor bu s\u00f6zc\u00fc\u011f\u00fcn. Kimileri ise milli ve yerli kalmay\u0131 tercih ediyor. Biz yerel ve evrensel olan\u0131, kar\u0131ncan\u0131n su i\u00e7ti\u011fi yerde g\u00f6r\u00fcyoruz. Yunus Emre\u2019den Neruda\u2019ya, Pir Sultan Abdal\u2019dan Eluard\u2019a, Karacao\u011flan\u2019dan Kavafis\u2019e, Dadalo\u011flu\u2019ndan Mayakovski\u2019ye, N\u00e2z\u0131m\u2019dan, Da\u011flarca\u2019dan, Tanp\u0131nar\u2019dan, Sait Faik\u2019ten, Turgut Uyar\u2019a, G\u00fclten Ak\u0131n\u2019a, Lorca\u2019dan, F\u00fcru\u011f\u2019dan Kafka\u2019ya ve daha nice d\u00fcnyalara uzanacak olan bir yolculu\u011fa \u00e7\u0131k\u0131yoruz hep birlikte. Her dergi ya da ortak kitap biriciktir. V\u0130R\u00dcS de farkl\u0131l\u0131\u011f\u0131n\u0131 zamanla belirleyecektir. Yenilenerek devam etmenin, edebiyat\u0131 diri tutan temel \u00f6zelliklerinden biri oldu\u011funa inan\u0131yoruz. Uzun manifestolara gerek yok. Biz \u015funu s\u00f6ylemekle yetinelim: Yetkin isimlerle gen\u00e7leri, ustalarla yola \u00e7\u0131km\u0131\u015f \u2013yoldan yeni \u00e7\u0131km\u0131\u015f\u2013 g\u00f6n\u00fclleri bir araya getirip k\u00fclt\u00fcr, sanat ve edebiyat zemininin kal\u0131c\u0131 bir resmini \u00e7izmeye \u00e7al\u0131\u015faca\u011f\u0131z \u00fc\u00e7 ayda bir. Bunu yaparken nitelikli, \u00f6zg\u00fcn \u00fcr\u00fcnlerden taviz vermeden metne bakmaya \u00e7al\u0131\u015faca\u011f\u0131z. Biliyoruz ki bug\u00fcn \u015fairin varl\u0131\u011f\u0131 \u015fiiri korumaya yetmiyor: \u015fiirdir, \u015fairi koruyup gelecek zamanlara aktaran. Bu durum yaz\u0131 i\u00e7inde gereklidir ku\u015fkusuz. Edebiyat\u0131m\u0131z\u0131n kurucu metni olan \u015fiirin, nefes ald\u0131\u011f\u0131 ba\u015fka dillerdeki nitelikli \u00fcr\u00fcnleri okurla bulu\u015fturmaya, d\u00fcnya edebiyat\u0131n\u0131 da takip etmeye \u00e7aba harcayaca\u011f\u0131z elbette. Yine biliyoruz ki, herkes i\u00e7in kurtar\u0131c\u0131 bir gelenek olan, bize farkl\u0131 aynalar tutarak kendimizi yak\u0131ndan g\u00f6rmemizi sa\u011flayan d\u00fcnya edebiyat\u0131na yak\u0131ndan bakmadan bir edebiyat in\u015fa etmek m\u00fcmk\u00fcn de\u011fildir. Hayatta oldu\u011fu gibi edebiyatta da \u00f6yle anlar, k\u0131r\u0131lma noktalar\u0131 vard\u0131r ki i\u00e7inde bulundu\u011fumuz zaman, sizden muhataplar\u0131n\u0131za do\u011fru hamle yapman\u0131z\u0131, nitelik \u00fczerinden ayr\u0131\u015fman\u0131z\u0131 ister. Niyetimiz, V\u0130R\u00dcS\u2019\u00fcn kendi muhataplar\u0131n\u0131 ortaya \u00e7\u0131kar\u0131p s\u00f6yleyecekleri s\u00f6z\u00fc, dinleyecek kula\u011f\u0131 olanlar\u0131 bir araya toplamas\u0131d\u0131r. \u0130\u015fte bu y\u00fczden V\u0130R\u00dcS, k\u00fclt\u00fcr, sanat ve edebiyata can suyu vermek i\u00e7in okurun kalbine, akl\u0131na bula\u015fan, zihnine kaz\u0131nan, hayat\u0131, \u015fiiri, \u00f6yk\u00fcy\u00fc ve a\u015fk\u0131 g\u00fcncelle\u015ftiren, de\u011fi\u015ftiren, d\u00f6n\u00fc\u015ft\u00fcren ve evet, sistemin ola\u011fand\u0131\u015f\u0131 davran\u0131\u015flar\u0131na yol a\u00e7an bir dergi\/ortak kitap olacakt\u0131r\u2026  <\/p>\n","protected":false},"excerpt":{"rendered":"<p>Son y\u0131llar\u0131n g\u00f6zde kavramlar\u0131ndan k\u00fcresel ve yerel s\u00f6zc\u00fcklerini k\u00fcreyel \u015femsiyesi alt\u0131nda toplamaya \u00e7al\u0131\u015f\u0131yor kimileri; yine son y\u0131llarda d\u00fcnya dillerine ge\u00e7mi\u015f olan glocal s\u00f6zc\u00fc\u011f\u00fcn\u00fcn kar\u015f\u0131l\u0131\u011f\u0131 olarak. Ne<span class=\"excerpt-hellip\"> [\u2026]<\/span><\/p>\n","protected":false},"featured_media":0,"template":"","meta":{"_monsterinsights_skip_tracking":false,"_monsterinsights_sitenote_active":false,"_monsterinsights_sitenote_note":"","_monsterinsights_sitenote_category":0},"product_brand":[],"product_cat":[30023,13527],"product_tag":[],"class_list":{"0":"post-720252","1":"product","2":"type-product","3":"status-publish","5":"product_cat-edebiyat-sureli-yayinlar","6":"product_cat-sureli-yayinlar","7":"pa_cilt-ciltsiz","8":"pa_tur-dergi","9":"pa_yayinevi-virus-dergisi","10":"pa_yazar-kolektif","12":"first","13":"instock","14":"sale","15":"shipping-taxable","16":"purchasable","17":"product-type-simple"},"_links":{"self":[{"href":"https:\/\/roveyayinevi.com.tr\/index.php\/wp-json\/wp\/v2\/product\/720252","targetHints":{"allow":["GET"]}}],"collection":[{"href":"https:\/\/roveyayinevi.com.tr\/index.php\/wp-json\/wp\/v2\/product"}],"about":[{"href":"https:\/\/roveyayinevi.com.tr\/index.php\/wp-json\/wp\/v2\/types\/product"}],"wp:attachment":[{"href":"https:\/\/roveyayinevi.com.tr\/index.php\/wp-json\/wp\/v2\/media?parent=720252"}],"wp:term":[{"taxonomy":"product_brand","embeddable":true,"href":"https:\/\/roveyayinevi.com.tr\/index.php\/wp-json\/wp\/v2\/product_brand?post=720252"},{"taxonomy":"product_cat","embeddable":true,"href":"https:\/\/roveyayinevi.com.tr\/index.php\/wp-json\/wp\/v2\/product_cat?post=720252"},{"taxonomy":"product_tag","embeddable":true,"href":"https:\/\/roveyayinevi.com.tr\/index.php\/wp-json\/wp\/v2\/product_tag?post=720252"}],"curies":[{"name":"wp","href":"https:\/\/api.w.org\/{rel}","templated":true}]}}