{"id":720177,"date":"2025-08-27T18:32:45","date_gmt":"2025-08-27T15:32:45","guid":{"rendered":"https:\/\/roveyayinevi.com.tr\/index.php\/urun\/gulusu-guzel-insan-semsi\/"},"modified":"2026-04-16T02:28:02","modified_gmt":"2026-04-15T23:28:02","slug":"gulusu-guzel-insan-semsi","status":"publish","type":"product","link":"https:\/\/roveyayinevi.com.tr\/index.php\/urun\/gulusu-guzel-insan-semsi\/","title":{"rendered":"G\u00fcl\u00fc\u015f\u00fc G\u00fczel \u0130nsan \u015eemsi"},"content":{"rendered":"<p>\u201cBu kitapta ama\u00e7lanan \u015fey \u015eemsi\u2019yi efsane haline getirmek de\u011fildir. \u015eemsi de bir\u00e7ok devrimci-demokrat insan gibi insan olman\u0131n ve insanca ya\u015faman\u0131n u\u011fra\u015f\u0131n\u0131 verdi. \u0130nsan olmak ve insanca ya\u015famak\u2026 \u0130nsan olmak; d\u00fcr\u00fcst, yard\u0131msever, kollayan, hayvana-b\u00f6rt\u00fc b\u00f6ce\u011fe duyarl\u0131, sevecen, kimseye zarar\u0131 dokunmayan ve iz b\u0131rakan biri olmak demek. \u0130nsan olmak i\u00e7in kabaca bunlar gerekiyor ama insanca ya\u015famak i\u00e7in \u00e7ok daha fazla \u00e7aba gerekiyor. K\u00fcresel kapitalizmin k\u00f6lele\u015ftiren zulm\u00fcne kar\u015f\u0131 \u00e7\u0131kman\u0131n \u00f6rg\u00fctl\u00fc m\u00fccadele ile olaca\u011f\u0131n\u0131 (insanca ya\u015fama ko\u015fullar\u0131n\u0131n ancak bu \u015fekilde yarat\u0131labilece\u011fini) bilmek\u2026 \u0130\u015fte \u015eemsi; insan olman\u0131n erdemini kavram\u0131\u015f ve ya\u015fad\u0131\u011f\u0131 s\u00fcrece de insanca ya\u015famak i\u00e7in \u00f6rg\u00fctl\u00fc m\u00fccadelenin gere\u011fini kendi me\u015frebince yerine getirmeyi ba\u015farm\u0131\u015f bir arkada\u015f\u0131m\u0131zd\u0131. (\u2026) Bu kitapta, \u015eemsettin Kaymak\u2019\u0131n ya\u015fad\u0131\u011f\u0131 T\u00fcrkiye\u2019de toplumsal m\u00fccadeleyi-\u0130stanbul a\u011f\u0131rl\u0131kl\u0131 olarak bir nebze olsun sizlere sunarken, \u015eemsi\u2019yi ve \u015eemsileri yad ederek bize ait \u2018bir \u0130stanbul \u00f6yk\u00fcs\u00fc\u2019 anlatmakt\u0131r.\u201d\u0130nsan olmak i\u00e7in kabaca bunlar gerekiyor ama insanca ya\u015famak i\u00e7in \u00e7ok daha fazla \u00e7aba gerekiyor. K\u00fcresel kapitalizmin k\u00f6lele\u015ftiren zulm\u00fcne kar\u015f\u0131 \u00e7\u0131kman\u0131n \u00f6rg\u00fctl\u00fc m\u00fccadele ile olaca\u011f\u0131n\u0131 (insanca ya\u015fama ko\u015fullar\u0131n\u0131n ancak bu \u015fekilde yarat\u0131labilece\u011fini) bilmek\u2026 \u0130\u015fte \u015eemsi; insan olman\u0131n erdemini kavram\u0131\u015f ve ya\u015fad\u0131\u011f\u0131 s\u00fcrece de insanca ya\u015famak i\u00e7in \u00f6rg\u00fctl\u00fc m\u00fccadelenin gere\u011fini kendi me\u015frebince yerine getirmeyi ba\u015farm\u0131\u015f bir arkada\u015f\u0131m\u0131zd\u0131. (\u2026) Bu kitapta, \u015eemsettin Kaymak\u2019\u0131n ya\u015fad\u0131\u011f\u0131 T\u00fcrkiye\u2019de toplumsal m\u00fccadeleyi-\u0130stanbul a\u011f\u0131rl\u0131kl\u0131 olarak bir nebze olsun sizlere sunarken, \u015eemsi\u2019yi ve \u015eemsileri yad ederek bize ait \u2018bir \u0130stanbul \u00f6yk\u00fcs\u00fc\u2019 anlatmakt\u0131r.\u201d\u0130nsan olmak i\u00e7in kabaca bunlar gerekiyor ama insanca ya\u015famak i\u00e7in \u00e7ok daha fazla \u00e7aba gerekiyor. K\u00fcresel kapitalizmin k\u00f6lele\u015ftiren zulm\u00fcne kar\u015f\u0131 \u00e7\u0131kman\u0131n \u00f6rg\u00fctl\u00fc m\u00fccadele ile olaca\u011f\u0131n\u0131 (insanca ya\u015fama ko\u015fullar\u0131n\u0131n ancak bu \u015fekilde yarat\u0131labilece\u011fini) bilmek\u2026 \u0130\u015fte \u015eemsi; insan olman\u0131n erdemini kavram\u0131\u015f ve ya\u015fad\u0131\u011f\u0131 s\u00fcrece de insanca ya\u015famak i\u00e7in \u00f6rg\u00fctl\u00fc m\u00fccadelenin gere\u011fini kendi me\u015frebince yerine getirmeyi ba\u015farm\u0131\u015f bir arkada\u015f\u0131m\u0131zd\u0131. (\u2026) Bu kitapta, \u015eemsettin Kaymak\u2019\u0131n ya\u015fad\u0131\u011f\u0131 T\u00fcrkiye\u2019de toplumsal m\u00fccadeleyi-\u0130stanbul a\u011f\u0131rl\u0131kl\u0131 olarak bir nebze olsun sizlere sunarken, \u015eemsi\u2019yi ve \u015eemsileri yad ederek bize ait \u2018bir \u0130stanbul \u00f6yk\u00fcs\u00fc\u2019 anlatmakt\u0131r.\u201d<\/p>\n","protected":false},"excerpt":{"rendered":"<p>\u201cBu kitapta ama\u00e7lanan \u015fey \u015eemsi\u2019yi efsane haline getirmek de\u011fildir. \u015eemsi de bir\u00e7ok devrimci-demokrat insan gibi insan olman\u0131n ve insanca ya\u015faman\u0131n u\u011fra\u015f\u0131n\u0131 verdi. \u0130nsan olmak ve insanca<span class=\"excerpt-hellip\"> [\u2026]<\/span><\/p>\n","protected":false},"featured_media":0,"template":"","meta":{"_monsterinsights_skip_tracking":false,"_monsterinsights_sitenote_active":false,"_monsterinsights_sitenote_note":"","_monsterinsights_sitenote_category":0},"product_brand":[],"product_cat":[14009,12291],"product_tag":[],"class_list":{"0":"post-720177","1":"product","2":"type-product","3":"status-publish","5":"product_cat-biyografi-otobiyografi-edebiyat","6":"product_cat-edebiyat","7":"pa_cilt-ciltsiz","8":"pa_tur-kitap","9":"pa_yayinevi-kalkedon-yayincilik","10":"pa_yazar-senol-keskin","12":"first","13":"instock","14":"sale","15":"shipping-taxable","16":"purchasable","17":"product-type-simple"},"_links":{"self":[{"href":"https:\/\/roveyayinevi.com.tr\/index.php\/wp-json\/wp\/v2\/product\/720177","targetHints":{"allow":["GET"]}}],"collection":[{"href":"https:\/\/roveyayinevi.com.tr\/index.php\/wp-json\/wp\/v2\/product"}],"about":[{"href":"https:\/\/roveyayinevi.com.tr\/index.php\/wp-json\/wp\/v2\/types\/product"}],"wp:attachment":[{"href":"https:\/\/roveyayinevi.com.tr\/index.php\/wp-json\/wp\/v2\/media?parent=720177"}],"wp:term":[{"taxonomy":"product_brand","embeddable":true,"href":"https:\/\/roveyayinevi.com.tr\/index.php\/wp-json\/wp\/v2\/product_brand?post=720177"},{"taxonomy":"product_cat","embeddable":true,"href":"https:\/\/roveyayinevi.com.tr\/index.php\/wp-json\/wp\/v2\/product_cat?post=720177"},{"taxonomy":"product_tag","embeddable":true,"href":"https:\/\/roveyayinevi.com.tr\/index.php\/wp-json\/wp\/v2\/product_tag?post=720177"}],"curies":[{"name":"wp","href":"https:\/\/api.w.org\/{rel}","templated":true}]}}