{"id":720098,"date":"2025-08-27T18:31:51","date_gmt":"2025-08-27T15:31:51","guid":{"rendered":"https:\/\/roveyayinevi.com.tr\/index.php\/urun\/kritik-altyapilar-ve-terorizm\/"},"modified":"2026-04-16T02:28:00","modified_gmt":"2026-04-15T23:28:00","slug":"kritik-altyapilar-ve-terorizm","status":"publish","type":"product","link":"https:\/\/roveyayinevi.com.tr\/index.php\/urun\/kritik-altyapilar-ve-terorizm\/","title":{"rendered":"Kritik Altyap\u0131lar ve Ter\u00f6rizm"},"content":{"rendered":"<p>\u0130\u00e7indekilerBirinci B\u00f6l\u00fcmKritik Altyap\u0131 Kavram\u0131, Ortaya \u00c7\u0131k\u0131\u011f\u0131, Geli\u015fimi Ve Ter\u00f6rizmle \u0130li\u015fkisi\u0130kinci B\u00f6l\u00fcmTeorik \u00c7er\u00e7eve Ve Y\u00f6ntem\u00dc\u00e7\u00fcnc\u00fc B\u00f6l\u00fcmAbd\u2019de Ter\u00f6rizm Ve Kritik Altyap\u0131lar\u0131n G\u00fcvenlikle\u015ftirilme S\u00fcreciD\u00f6rd\u00fcnc\u00fc B\u00f6l\u00fcmAb\u2019de Ter\u00f6r\u0121zm Ve Kritik Altyap\u0131lar\u0131n G\u00fcvenlikle\u015ftirilme S\u00fcreciBe\u015finci B\u00f6l\u00fcmKar\u015f\u0131la\u015ft\u0131rma Ve Sonu\u00e7<\/p>\n","protected":false},"excerpt":{"rendered":"<p>\u0130\u00e7indekilerBirinci B\u00f6l\u00fcmKritik Altyap\u0131 Kavram\u0131, Ortaya \u00c7\u0131k\u0131\u011f\u0131, Geli\u015fimi Ve Ter\u00f6rizmle \u0130li\u015fkisi\u0130kinci B\u00f6l\u00fcmTeorik \u00c7er\u00e7eve Ve Y\u00f6ntem\u00dc\u00e7\u00fcnc\u00fc B\u00f6l\u00fcmAbd\u2019de Ter\u00f6rizm Ve Kritik Altyap\u0131lar\u0131n G\u00fcvenlikle\u015ftirilme S\u00fcreciD\u00f6rd\u00fcnc\u00fc B\u00f6l\u00fcmAb\u2019de Ter\u00f6r\u0121zm Ve Kritik Altyap\u0131lar\u0131n<span class=\"excerpt-hellip\"> [\u2026]<\/span><\/p>\n","protected":false},"featured_media":0,"template":"","meta":{"_monsterinsights_skip_tracking":false,"_monsterinsights_sitenote_active":false,"_monsterinsights_sitenote_note":"","_monsterinsights_sitenote_category":0},"product_brand":[],"product_cat":[12337,17225],"product_tag":[],"class_list":{"0":"post-720098","1":"product","2":"type-product","3":"status-publish","5":"product_cat-politika-siyaset","6":"product_cat-uluslararasi-iliskiler","7":"pa_cilt-ciltsiz","8":"pa_tur-kitap","9":"pa_yayinevi-gazi-kitabevi","10":"pa_yazar-hayrettin-kupeli","12":"first","13":"instock","14":"sale","15":"shipping-taxable","16":"purchasable","17":"product-type-simple"},"_links":{"self":[{"href":"https:\/\/roveyayinevi.com.tr\/index.php\/wp-json\/wp\/v2\/product\/720098","targetHints":{"allow":["GET"]}}],"collection":[{"href":"https:\/\/roveyayinevi.com.tr\/index.php\/wp-json\/wp\/v2\/product"}],"about":[{"href":"https:\/\/roveyayinevi.com.tr\/index.php\/wp-json\/wp\/v2\/types\/product"}],"wp:attachment":[{"href":"https:\/\/roveyayinevi.com.tr\/index.php\/wp-json\/wp\/v2\/media?parent=720098"}],"wp:term":[{"taxonomy":"product_brand","embeddable":true,"href":"https:\/\/roveyayinevi.com.tr\/index.php\/wp-json\/wp\/v2\/product_brand?post=720098"},{"taxonomy":"product_cat","embeddable":true,"href":"https:\/\/roveyayinevi.com.tr\/index.php\/wp-json\/wp\/v2\/product_cat?post=720098"},{"taxonomy":"product_tag","embeddable":true,"href":"https:\/\/roveyayinevi.com.tr\/index.php\/wp-json\/wp\/v2\/product_tag?post=720098"}],"curies":[{"name":"wp","href":"https:\/\/api.w.org\/{rel}","templated":true}]}}