{"id":720065,"date":"2025-08-27T18:31:28","date_gmt":"2025-08-27T15:31:28","guid":{"rendered":"https:\/\/roveyayinevi.com.tr\/index.php\/urun\/son-buzul-erimeden\/"},"modified":"2026-04-16T02:27:59","modified_gmt":"2026-04-15T23:27:59","slug":"son-buzul-erimeden","status":"publish","type":"product","link":"https:\/\/roveyayinevi.com.tr\/index.php\/urun\/son-buzul-erimeden\/","title":{"rendered":"Son Buzul Erimeden"},"content":{"rendered":"<p>Bu \u00e7a\u011fr\u0131ya kulak ver \u0130klim, insanl\u0131k tarihinde g\u00f6r\u00fclmedik bir bi\u00e7imde de\u011fi\u015fiyor. Bu de\u011fi\u015fim \u00f6yle h\u0131zl\u0131 ki, d\u00fcnyadaki varl\u0131\u011f\u0131m\u0131z\u0131 tehdit ediyor ve \u00f6nlem almazsak, gelecek nesiller zorlu iklim ko\u015fullar\u0131na boyun e\u011fecek. K\u00f6m\u00fcr, petrol ve do\u011falgaz yakarak atmosfere sald\u0131\u011f\u0131m\u0131z sera gazlar\u0131yla bu sorunu biz yaratt\u0131k ama istersek \u00fcstesinden gelebiliriz. Yeter ki son buzul erimeden bilin\u00e7lenip gerekeni yapal\u0131m.  \u0130klim de\u011fi\u015fikli\u011fi \u00fczerine \u00e7al\u0131\u015fmalar\u0131yla tan\u0131nan Prof. Dr. Levent Kurnaz, y\u0131llard\u0131r konu\u015fulan bu sorunu bireysel, ulusal ve uluslararas\u0131 d\u00fczeyde t\u00fcm boyutlar\u0131yla ele ald\u0131. Son Buzul Erimeden bildi\u011fimizi sand\u0131\u011f\u0131m\u0131z ger\u00e7ekleri hayk\u0131r\u0131yor ve iklim de\u011fi\u015fikli\u011fini kula\u011f\u0131m\u0131za \u00e7al\u0131nan bir haber ba\u015fl\u0131\u011f\u0131 olmaktan \u00e7\u0131kararak hayat\u0131m\u0131z\u0131n tam i\u00e7ine ta\u015f\u0131yor. <\/p>\n","protected":false},"excerpt":{"rendered":"<p>Bu \u00e7a\u011fr\u0131ya kulak ver \u0130klim, insanl\u0131k tarihinde g\u00f6r\u00fclmedik bir bi\u00e7imde de\u011fi\u015fiyor. Bu de\u011fi\u015fim \u00f6yle h\u0131zl\u0131 ki, d\u00fcnyadaki varl\u0131\u011f\u0131m\u0131z\u0131 tehdit ediyor ve \u00f6nlem almazsak, gelecek nesiller zorlu<span class=\"excerpt-hellip\"> [\u2026]<\/span><\/p>\n","protected":false},"featured_media":0,"template":"","meta":{"_monsterinsights_skip_tracking":false,"_monsterinsights_sitenote_active":false,"_monsterinsights_sitenote_note":"","_monsterinsights_sitenote_category":0},"product_brand":[],"product_cat":[13005,13010],"product_tag":[],"class_list":{"0":"post-720065","1":"product","2":"type-product","3":"status-publish","5":"product_cat-bilim-muhendislik","6":"product_cat-doga-bilimleri","7":"pa_cilt-ciltsiz","8":"pa_tur-kitap","9":"pa_yayinevi-dogan-kitap","10":"pa_yazar-levent-kurnaz","12":"first","13":"instock","14":"sale","15":"shipping-taxable","16":"purchasable","17":"product-type-simple"},"_links":{"self":[{"href":"https:\/\/roveyayinevi.com.tr\/index.php\/wp-json\/wp\/v2\/product\/720065","targetHints":{"allow":["GET"]}}],"collection":[{"href":"https:\/\/roveyayinevi.com.tr\/index.php\/wp-json\/wp\/v2\/product"}],"about":[{"href":"https:\/\/roveyayinevi.com.tr\/index.php\/wp-json\/wp\/v2\/types\/product"}],"wp:attachment":[{"href":"https:\/\/roveyayinevi.com.tr\/index.php\/wp-json\/wp\/v2\/media?parent=720065"}],"wp:term":[{"taxonomy":"product_brand","embeddable":true,"href":"https:\/\/roveyayinevi.com.tr\/index.php\/wp-json\/wp\/v2\/product_brand?post=720065"},{"taxonomy":"product_cat","embeddable":true,"href":"https:\/\/roveyayinevi.com.tr\/index.php\/wp-json\/wp\/v2\/product_cat?post=720065"},{"taxonomy":"product_tag","embeddable":true,"href":"https:\/\/roveyayinevi.com.tr\/index.php\/wp-json\/wp\/v2\/product_tag?post=720065"}],"curies":[{"name":"wp","href":"https:\/\/api.w.org\/{rel}","templated":true}]}}