{"id":720058,"date":"2025-08-27T18:31:23","date_gmt":"2025-08-27T15:31:23","guid":{"rendered":"https:\/\/roveyayinevi.com.tr\/index.php\/urun\/turkiyede-belediyeler-ve-siginmacilar\/"},"modified":"2026-04-16T02:27:59","modified_gmt":"2026-04-15T23:27:59","slug":"turkiyede-belediyeler-ve-siginmacilar","status":"publish","type":"product","link":"https:\/\/roveyayinevi.com.tr\/index.php\/urun\/turkiyede-belediyeler-ve-siginmacilar\/","title":{"rendered":"T\u00fcrkiye&#8217;de Belediyeler ve S\u0131\u011f\u0131nmac\u0131lar"},"content":{"rendered":"<p>S\u0131\u011f\u0131nmac\u0131 ve s\u0131\u011f\u0131nmac\u0131larla ilgili konular, T\u00fcrk kamu y\u00f6netiminin g\u00fcndeminde yer alan temel meselelerden biridir. \u00d6zellikle 2011 y\u0131l\u0131ndan itibaren T\u00fcrkiye\u2019ye g\u00f6\u00e7 eden Suriyeli s\u0131\u011f\u0131nmac\u0131lara y\u00f6nelik merkezi y\u00f6netim taraf\u0131ndan kamu politikalar\u0131 haz\u0131rlanm\u0131\u015f, s\u0131\u011f\u0131nmac\u0131lar\u0131n say\u0131s\u0131n\u0131n ve kal\u0131\u015f s\u00fcresinin uzamas\u0131 ile birlikte bu alan\u0131n y\u00f6netimindeki politika akt\u00f6rleri de artm\u0131\u015ft\u0131r.S\u0131\u011f\u0131nmac\u0131lar\u0131n kentlere yerle\u015fmesi ile birlikte belediyeler, g\u00f6\u00e7 y\u00f6netim s\u00fcrecinin \u00f6nemli akt\u00f6rlerinden biri haline gelmi\u015ftir. Kitapta, belediyelerin g\u00f6\u00e7 y\u00f6netimindeki rolleri ulusal ve uluslararas\u0131 d\u00fczenlemeler kapsam\u0131nda incelenmi\u015f; belediyelerin s\u0131\u011f\u0131nmac\u0131lara y\u00f6nelik politika ve uygulamalar\u0131 Samsun \u0130li \u00f6rne\u011finde ara\u015ft\u0131r\u0131lm\u0131\u015ft\u0131r. Bu ara\u015ft\u0131rmadan hareketle t\u00fcm belediyelerin g\u00f6\u00e7 s\u00fcrecindeki g\u00f6rev ve yetkilerine ili\u015fkin \u00f6nerilerde bulunulmu\u015ftur.<\/p>\n","protected":false},"excerpt":{"rendered":"<p>S\u0131\u011f\u0131nmac\u0131 ve s\u0131\u011f\u0131nmac\u0131larla ilgili konular, T\u00fcrk kamu y\u00f6netiminin g\u00fcndeminde yer alan temel meselelerden biridir. \u00d6zellikle 2011 y\u0131l\u0131ndan itibaren T\u00fcrkiye\u2019ye g\u00f6\u00e7 eden Suriyeli s\u0131\u011f\u0131nmac\u0131lara y\u00f6nelik merkezi y\u00f6netim<span class=\"excerpt-hellip\"> [\u2026]<\/span><\/p>\n","protected":false},"featured_media":0,"template":"","meta":{"_monsterinsights_skip_tracking":false,"_monsterinsights_sitenote_active":false,"_monsterinsights_sitenote_note":"","_monsterinsights_sitenote_category":0},"product_brand":[],"product_cat":[12337,14706],"product_tag":[],"class_list":{"0":"post-720058","1":"product","2":"type-product","3":"status-publish","5":"product_cat-politika-siyaset","6":"product_cat-siyaset-bilimi","7":"pa_cilt-ciltsiz","8":"pa_tur-kitap","9":"pa_yayinevi-astana-yayinlari","10":"pa_yazar-kaan-akman","12":"first","13":"instock","14":"sale","15":"shipping-taxable","16":"purchasable","17":"product-type-simple"},"_links":{"self":[{"href":"https:\/\/roveyayinevi.com.tr\/index.php\/wp-json\/wp\/v2\/product\/720058","targetHints":{"allow":["GET"]}}],"collection":[{"href":"https:\/\/roveyayinevi.com.tr\/index.php\/wp-json\/wp\/v2\/product"}],"about":[{"href":"https:\/\/roveyayinevi.com.tr\/index.php\/wp-json\/wp\/v2\/types\/product"}],"wp:attachment":[{"href":"https:\/\/roveyayinevi.com.tr\/index.php\/wp-json\/wp\/v2\/media?parent=720058"}],"wp:term":[{"taxonomy":"product_brand","embeddable":true,"href":"https:\/\/roveyayinevi.com.tr\/index.php\/wp-json\/wp\/v2\/product_brand?post=720058"},{"taxonomy":"product_cat","embeddable":true,"href":"https:\/\/roveyayinevi.com.tr\/index.php\/wp-json\/wp\/v2\/product_cat?post=720058"},{"taxonomy":"product_tag","embeddable":true,"href":"https:\/\/roveyayinevi.com.tr\/index.php\/wp-json\/wp\/v2\/product_tag?post=720058"}],"curies":[{"name":"wp","href":"https:\/\/api.w.org\/{rel}","templated":true}]}}