{"id":720008,"date":"2025-08-27T18:30:11","date_gmt":"2025-08-27T15:30:11","guid":{"rendered":"https:\/\/roveyayinevi.com.tr\/index.php\/urun\/birinci-hacli-seferi\/"},"modified":"2026-04-16T02:27:58","modified_gmt":"2026-04-15T23:27:58","slug":"birinci-hacli-seferi","status":"publish","type":"product","link":"https:\/\/roveyayinevi.com.tr\/index.php\/urun\/birinci-hacli-seferi\/","title":{"rendered":"Birinci Ha\u00e7l\u0131 Seferi"},"content":{"rendered":"<p>Bir Tan\u0131\u011f\u0131n KalemindenBirinci Ha\u00e7l\u0131 Seferi\u2019nde Ya\u015fananlar\u2026Birinci Ha\u00e7l\u0131 Seferi \u00f6ncesinde Avrupa\u2019n\u0131n, Bizans \u0130mparatorlu\u011fu\u2019nun ve \u0130sl\u00e2m co\u011frafyas\u0131n\u0131n genel durumu nas\u0131ld\u0131? Latince ve di\u011fer \u00e7a\u011fda\u015f kaynaklar Birinci Ha\u00e7l\u0131 Seferi\u2019ni nas\u0131l yorumlam\u0131\u015ft\u0131? Ha\u00e7l\u0131lar\u0131n T\u00fcrklere ve M\u00fcsl\u00fcmanlara bak\u0131\u015f\u0131 nas\u0131ld\u0131? Dinda\u015flar\u0131 Bizansl\u0131lar hakk\u0131nda ne d\u00fc\u015f\u00fcn\u00fcyorlard\u0131? A\u00e7l\u0131kla bo\u011fu\u015ftuklar\u0131nda M\u00fcsl\u00fcmanlar\u0131n cesetlerini yedikleri do\u011fru muydu?Elinizdeki kitap, Birinci Ha\u00e7l\u0131 Seferi \u00f6ncesinde t\u00fcm co\u011frafyan\u0131n bir foto\u011fraf\u0131n\u0131 \u00e7ekip d\u00f6nem kaynaklar\u0131n\u0131 tan\u0131tt\u0131ktan sonra s\u00f6z\u00fc bizzat g\u00f6rg\u00fc \u015fahidi olmu\u015f bir papaza, Peter Tudebodus\u2019a b\u0131rak\u0131yor. Papa\u2019n\u0131n Kutsal Sava\u015f \u00e7a\u011fr\u0131s\u0131n\u0131, Avrupa\u2019dan \u0130stanbul\u2019a geli\u015flerini, \u0130znik, Antakya ve en \u00f6nemlisi \u0130stanbul\u2019un g\u00f6rkemli havas\u0131n\u0131n Ha\u00e7l\u0131lar\u0131n g\u00f6zlerini nas\u0131l kama\u015ft\u0131rd\u0131\u011f\u0131n\u0131, T\u00fcrklerin cesaretlerine ve sava\u015fma becerilerine olan hayranl\u0131klar\u0131n\u0131 do\u011frudan onun kaleminden okuyacaks\u0131n\u0131z.Ha\u00e7l\u0131lar\u0131n Anadolu bozk\u0131rlar\u0131nda \u00e7ektikleri eziyetleri, Antakya\u2019da nas\u0131l yok olman\u0131n e\u015fi\u011fine geldiklerini ve bir ihanetin, birka\u00e7 yanl\u0131\u015f karar\u0131n tarihin ak\u0131\u015f\u0131n\u0131 nas\u0131l de\u011fi\u015ftirdi\u011fini bizzat ondan dinleyeceksiniz. Antakya\u2019da \u00f6l\u00fcmle burun burunayken ka\u00e7ma planlar\u0131 yapt\u0131klar\u0131 s\u0131rada birden nas\u0131l Kud\u00fcs kap\u0131lar\u0131na kadar dayand\u0131klar\u0131n\u0131 ve tarihin utan\u00e7 sayfalar\u0131ndan biri olan Kud\u00fcs katliam\u0131n\u0131, t\u00fcm \u00fcrpertici ayr\u0131nt\u0131lar\u0131yla bizzat bir tan\u0131\u011f\u0131n kelimeleriyle ya\u015fayacaks\u0131n\u0131z.Birinci Ha\u00e7l\u0131 Seferi: Kud\u00fcs\u2019e Yolculuk, Papa\u2019n\u0131n \u00e7a\u011fr\u0131s\u0131ndan itibaren \u0130znik\u2019in, Antakya\u2019n\u0131n ve Kud\u00fcs\u2019\u00fcn zapt\u0131na, ard\u0131ndan Akdeniz sahilinde ya\u015fanan A\u015fkelon Muharebesi\u2019ne dek olan biten her \u015feyi anlatan \u00f6nemli bir kaynak\u2026<\/p>\n","protected":false},"excerpt":{"rendered":"<p>Bir Tan\u0131\u011f\u0131n KalemindenBirinci Ha\u00e7l\u0131 Seferi\u2019nde Ya\u015fananlar\u2026Birinci Ha\u00e7l\u0131 Seferi \u00f6ncesinde Avrupa\u2019n\u0131n, Bizans \u0130mparatorlu\u011fu\u2019nun ve \u0130sl\u00e2m co\u011frafyas\u0131n\u0131n genel durumu nas\u0131ld\u0131? Latince ve di\u011fer \u00e7a\u011fda\u015f kaynaklar Birinci Ha\u00e7l\u0131 Seferi\u2019ni<span class=\"excerpt-hellip\"> [\u2026]<\/span><\/p>\n","protected":false},"featured_media":0,"template":"","meta":{"_monsterinsights_skip_tracking":false,"_monsterinsights_sitenote_active":false,"_monsterinsights_sitenote_note":"","_monsterinsights_sitenote_category":0},"product_brand":[],"product_cat":[12305,12304],"product_tag":[],"class_list":{"0":"post-720008","1":"product","2":"type-product","3":"status-publish","5":"product_cat-dunya-tarihi","6":"product_cat-tarih","7":"pa_cilt-ciltsiz","8":"pa_tur-kitap","9":"pa_yayinevi-kronik-kitap","10":"pa_yazar-peter-tudebodus","12":"first","13":"instock","14":"sale","15":"shipping-taxable","16":"purchasable","17":"product-type-simple"},"_links":{"self":[{"href":"https:\/\/roveyayinevi.com.tr\/index.php\/wp-json\/wp\/v2\/product\/720008","targetHints":{"allow":["GET"]}}],"collection":[{"href":"https:\/\/roveyayinevi.com.tr\/index.php\/wp-json\/wp\/v2\/product"}],"about":[{"href":"https:\/\/roveyayinevi.com.tr\/index.php\/wp-json\/wp\/v2\/types\/product"}],"wp:attachment":[{"href":"https:\/\/roveyayinevi.com.tr\/index.php\/wp-json\/wp\/v2\/media?parent=720008"}],"wp:term":[{"taxonomy":"product_brand","embeddable":true,"href":"https:\/\/roveyayinevi.com.tr\/index.php\/wp-json\/wp\/v2\/product_brand?post=720008"},{"taxonomy":"product_cat","embeddable":true,"href":"https:\/\/roveyayinevi.com.tr\/index.php\/wp-json\/wp\/v2\/product_cat?post=720008"},{"taxonomy":"product_tag","embeddable":true,"href":"https:\/\/roveyayinevi.com.tr\/index.php\/wp-json\/wp\/v2\/product_tag?post=720008"}],"curies":[{"name":"wp","href":"https:\/\/api.w.org\/{rel}","templated":true}]}}