{"id":719961,"date":"2025-08-27T18:29:37","date_gmt":"2025-08-27T15:29:37","guid":{"rendered":"https:\/\/roveyayinevi.com.tr\/index.php\/urun\/hurrem-sultan-2\/"},"modified":"2026-04-16T02:27:57","modified_gmt":"2026-04-15T23:27:57","slug":"hurrem-sultan-2","status":"publish","type":"product","link":"https:\/\/roveyayinevi.com.tr\/index.php\/urun\/hurrem-sultan-2\/","title":{"rendered":"H\u00fcrrem Sultan"},"content":{"rendered":"<p>H\u00fcrrem efendisi olan padi\u015fahla nik\u00e2hlanan ilk Osmanl\u0131 cariyesiydi. Ayn\u0131 zamanda, kamusal alanda dikkat \u00e7ekecek kadar \u00f6ne \u00e7\u0131kan, Harem-i H\u00fcmayun\u2019u hanedan kad\u0131nlar\u0131na ait bir ikametg\u00e2h olmaktan \u00e7\u0131kar\u0131p siyasi n\u00fcfuz sahibi bir kuruma d\u00f6n\u00fc\u015ft\u00fcren de oydu. Onun izinden giden Valide Sultanlar 17. y\u00fczy\u0131lda Osmanl\u0131 siyasetinde \u00e7ok \u00f6nemli roller oynayacaklard\u0131.Osmanl\u0131larda resmi bir krali\u00e7elik makam\u0131 olmad\u0131\u011f\u0131ndan, H\u00fcrrem bu rol\u00fc unvan\u0131 olmadan oynam\u0131\u015f ve 16. y\u00fczy\u0131l\u0131 payla\u015ft\u0131\u011f\u0131 Avrupa\u2019n\u0131n b\u00fcy\u00fck kad\u0131n h\u00fck\u00fcmdarlar\u0131 ve h\u00fck\u00fcmdar e\u015fleri i\u00e7in, onlarla boy \u00f6l\u00e7\u00fc\u015fen zorlu bir rakip olmu\u015ftu. Ama S\u00fcleyman ile H\u00fcrrem\u2019in ortak saltanat\u0131 olarak adland\u0131r\u0131labilecek ve Osmanl\u0131\u2019da bir daha asla tekrarlanmayacak bu de\u011fi\u015fim o kadar radikaldi ki, onu daha hayattayken tart\u0131\u015fmal\u0131 bir ki\u015filik haline getirdi.Leslie Peirce, H\u00fcrrem Sultan\u2019da cariyelikten haseki sultanl\u0131\u011fa y\u00fckselen, hatta \u201cHaseki\u201d terimi kendisiyle \u00f6zde\u015fle\u015ftirilen Rutenyal\u0131 bir k\u0131z\u0131n, Bat\u0131l\u0131lar\u0131n takt\u0131\u011f\u0131 adla \u201cRoxelana\u201dn\u0131n devrin en g\u00fc\u00e7l\u00fc h\u00fck\u00fcmdar\u0131 Kanuni Sultan S\u00fcleyman ile evlenmeye kadar uzanan ili\u015fkisinin \u00f6yk\u00fcs\u00fcn\u00fc d\u00f6nemle i\u00e7 i\u00e7e anlat\u0131rken, bir\u00e7ok tart\u0131\u015fmay\u0131 da \u00e7\u00f6z\u00fcme kavu\u015fturuyor.<\/p>\n","protected":false},"excerpt":{"rendered":"<p>H\u00fcrrem efendisi olan padi\u015fahla nik\u00e2hlanan ilk Osmanl\u0131 cariyesiydi. Ayn\u0131 zamanda, kamusal alanda dikkat \u00e7ekecek kadar \u00f6ne \u00e7\u0131kan, Harem-i H\u00fcmayun\u2019u hanedan kad\u0131nlar\u0131na ait bir ikametg\u00e2h olmaktan \u00e7\u0131kar\u0131p<span class=\"excerpt-hellip\"> [\u2026]<\/span><\/p>\n","protected":false},"featured_media":0,"template":"","meta":{"_monsterinsights_skip_tracking":false,"_monsterinsights_sitenote_active":false,"_monsterinsights_sitenote_note":"","_monsterinsights_sitenote_category":0},"product_brand":[],"product_cat":[13517,12304],"product_tag":[],"class_list":{"0":"post-719961","1":"product","2":"type-product","3":"status-publish","5":"product_cat-osmanli-tarihi","6":"product_cat-tarih","7":"pa_cilt-ciltsiz","8":"pa_tur-kitap","9":"pa_yayinevi-is-bankasi-kultur-yayinlari","10":"pa_yazar-leslie-peirce","12":"first","13":"instock","14":"sale","15":"shipping-taxable","16":"purchasable","17":"product-type-simple"},"_links":{"self":[{"href":"https:\/\/roveyayinevi.com.tr\/index.php\/wp-json\/wp\/v2\/product\/719961","targetHints":{"allow":["GET"]}}],"collection":[{"href":"https:\/\/roveyayinevi.com.tr\/index.php\/wp-json\/wp\/v2\/product"}],"about":[{"href":"https:\/\/roveyayinevi.com.tr\/index.php\/wp-json\/wp\/v2\/types\/product"}],"wp:attachment":[{"href":"https:\/\/roveyayinevi.com.tr\/index.php\/wp-json\/wp\/v2\/media?parent=719961"}],"wp:term":[{"taxonomy":"product_brand","embeddable":true,"href":"https:\/\/roveyayinevi.com.tr\/index.php\/wp-json\/wp\/v2\/product_brand?post=719961"},{"taxonomy":"product_cat","embeddable":true,"href":"https:\/\/roveyayinevi.com.tr\/index.php\/wp-json\/wp\/v2\/product_cat?post=719961"},{"taxonomy":"product_tag","embeddable":true,"href":"https:\/\/roveyayinevi.com.tr\/index.php\/wp-json\/wp\/v2\/product_tag?post=719961"}],"curies":[{"name":"wp","href":"https:\/\/api.w.org\/{rel}","templated":true}]}}