{"id":719805,"date":"2025-08-27T18:26:56","date_gmt":"2025-08-27T15:26:56","guid":{"rendered":"https:\/\/roveyayinevi.com.tr\/index.php\/urun\/direnisin-mikropolitikasi\/"},"modified":"2026-04-16T02:27:54","modified_gmt":"2026-04-15T23:27:54","slug":"direnisin-mikropolitikasi","status":"publish","type":"product","link":"https:\/\/roveyayinevi.com.tr\/index.php\/urun\/direnisin-mikropolitikasi\/","title":{"rendered":"Direni\u015fin Mikropolitikas\u0131"},"content":{"rendered":"<p>Mikropolitikaya ili\u015fkin g\u00fcncel tart\u0131\u015fmalar\u0131n ele al\u0131nd\u0131\u011f\u0131 bu \u00e7al\u0131\u015fma, failli\u011fe, direni\u015fe, toplumsall\u0131\u011fa ve politikaya dair sorular\u0131 \u00e7e\u015fitli bak\u0131\u015f a\u00e7\u0131lar\u0131ndan ortaya koyarken yeni d\u00fc\u015f\u00fcnme ve duygulanma bi\u00e7imlerine a\u00e7\u0131l\u0131yor. Her t\u00fcrl\u00fc iktidar etkisi kar\u015f\u0131s\u0131nda faillerin \u00f6zg\u00fcrle\u015fmesini, toplumsal ve politik olan\u0131n yeniden \u00fcretiminde mikropolitikan\u0131n nas\u0131l bir etkiye sahip oldu\u011funu tart\u0131\u015f\u0131yor. \u0130li\u015fki ve pratiklerimizdeki bask\u0131c\u0131 olu\u015fumlar\u0131n mikropolitik analizi d\u0131\u015f\u0131nda, yeni bireysel ve kolektif m\u00fccadele bi\u00e7imlerinin deneyimleri \u00fczerine yo\u011funla\u015fan Direni\u015fin Mikropolitikas\u0131, farkl\u0131 ilgi ve dikkatlerden hareketle geli\u015ftirilen, g\u00fcncel d\u00fcnyan\u0131n ko\u015fullar\u0131na ele\u015ftirel bir m\u00fcdahaleyi i\u00e7eren d\u00fc\u015f\u00fcncelerin b\u00fct\u00fcnle\u015ftirilmesi yoluyla ortaya \u00e7\u0131km\u0131\u015ft\u0131r. \u00c7e\u015fitli alanlardan yazarlar\u0131n bir araya gelmesiyle ortak bir \u00e7aban\u0131n \u00fcr\u00fcn\u00fc olan bu \u00e7al\u0131\u015fman\u0131n hayat\u0131n daha e\u015fitlik\u00e7i yeniden \u00fcretimine verimli katk\u0131lar sa\u011flamas\u0131 umuduyla\u2026<\/p>\n","protected":false},"excerpt":{"rendered":"<p>Mikropolitikaya ili\u015fkin g\u00fcncel tart\u0131\u015fmalar\u0131n ele al\u0131nd\u0131\u011f\u0131 bu \u00e7al\u0131\u015fma, failli\u011fe, direni\u015fe, toplumsall\u0131\u011fa ve politikaya dair sorular\u0131 \u00e7e\u015fitli bak\u0131\u015f a\u00e7\u0131lar\u0131ndan ortaya koyarken yeni d\u00fc\u015f\u00fcnme ve duygulanma bi\u00e7imlerine a\u00e7\u0131l\u0131yor.<span class=\"excerpt-hellip\"> [\u2026]<\/span><\/p>\n","protected":false},"featured_media":0,"template":"","meta":{"_monsterinsights_skip_tracking":false,"_monsterinsights_sitenote_active":false,"_monsterinsights_sitenote_note":"","_monsterinsights_sitenote_category":0},"product_brand":[],"product_cat":[12389,12388],"product_tag":[],"class_list":{"0":"post-719805","1":"product","2":"type-product","3":"status-publish","5":"product_cat-diger-felsefe","6":"product_cat-felsefe","7":"pa_cilt-ciltsiz","8":"pa_tur-kitap","9":"pa_yayinevi-pinhan-yayincilik","10":"pa_yazar-kolektif","12":"first","13":"instock","14":"sale","15":"shipping-taxable","16":"purchasable","17":"product-type-simple"},"_links":{"self":[{"href":"https:\/\/roveyayinevi.com.tr\/index.php\/wp-json\/wp\/v2\/product\/719805","targetHints":{"allow":["GET"]}}],"collection":[{"href":"https:\/\/roveyayinevi.com.tr\/index.php\/wp-json\/wp\/v2\/product"}],"about":[{"href":"https:\/\/roveyayinevi.com.tr\/index.php\/wp-json\/wp\/v2\/types\/product"}],"wp:attachment":[{"href":"https:\/\/roveyayinevi.com.tr\/index.php\/wp-json\/wp\/v2\/media?parent=719805"}],"wp:term":[{"taxonomy":"product_brand","embeddable":true,"href":"https:\/\/roveyayinevi.com.tr\/index.php\/wp-json\/wp\/v2\/product_brand?post=719805"},{"taxonomy":"product_cat","embeddable":true,"href":"https:\/\/roveyayinevi.com.tr\/index.php\/wp-json\/wp\/v2\/product_cat?post=719805"},{"taxonomy":"product_tag","embeddable":true,"href":"https:\/\/roveyayinevi.com.tr\/index.php\/wp-json\/wp\/v2\/product_tag?post=719805"}],"curies":[{"name":"wp","href":"https:\/\/api.w.org\/{rel}","templated":true}]}}