{"id":719791,"date":"2025-08-27T18:26:45","date_gmt":"2025-08-27T15:26:45","guid":{"rendered":"https:\/\/roveyayinevi.com.tr\/index.php\/urun\/turkiyede-egitim-ve-politika\/"},"modified":"2026-04-16T02:27:53","modified_gmt":"2026-04-15T23:27:53","slug":"turkiyede-egitim-ve-politika","status":"publish","type":"product","link":"https:\/\/roveyayinevi.com.tr\/index.php\/urun\/turkiyede-egitim-ve-politika\/","title":{"rendered":"T\u00fcrkiye&#8217;de E\u011fitim ve Politika"},"content":{"rendered":"<p>T\u00fcrkiye\u2019de e\u011fitimin genel sorunlar\u0131n\u0131 kime sorsan\u0131z, bir \u00e7\u0131rp\u0131da sayabilir.  \u0130\u015fte &#8216;okullar\u0131m\u0131z nitelikli e\u011fitim veremiyor&#8217;, &#8216;okul binalar\u0131 yetersiz&#8217;, &#8216;materyaller \u00e7a\u011fa uygun de\u011fil&#8217;, &#8216;\u00f6\u011fretmenler \u00e7ok zor ko\u015fullarda \u00e7al\u0131\u015f\u0131yorlar&#8217;, &#8216;sistem s\u0131k s\u0131k de\u011fi\u015fiyor&#8217;, &#8216;mezunlar i\u015f bulam\u0131yor&#8217; vb. vs. Bu t\u00fcr sorunlar\u0131n iktidar medyas\u0131nda, \u00fcniversitelerde ve sendika gibi \u00e7e\u015fitli \u00e7evrelerde y\u0131llard\u0131r tart\u0131\u015f\u0131ld\u0131\u011f\u0131n\u0131 biliyor, kimi \u00e7\u00f6z\u00fcmler \u00f6nerildi\u011fini g\u00f6r\u00fcyoruz. Ama \u015fimdiye de\u011fin ne yap\u0131ld\u0131ysa, \u00fclkenin e\u011fitim sisteminin, hem d\u00fc\u015f\u00fcnce hem de uygulama d\u00fczeyinde sorun \u00e7\u00f6zece\u011fine, tam aksine sorunlar\u0131 art\u0131rd\u0131\u011f\u0131na tan\u0131k olduk.  Oysa bu sorunlar\u0131n ger\u00e7ek boyutlar\u0131, y\u00f6nleri ve sonu\u00e7lar\u0131 a\u00e7\u0131s\u0131ndan tart\u0131\u015f\u0131ld\u0131\u011f\u0131n\u0131 s\u00f6ylemek m\u00fcmk\u00fcn de\u011fil. Sorunlar gibi \u00e7\u00f6z\u00fcmler de havada kalm\u0131\u015f gibi. Y\u00fczeydeki sonu\u00e7lar pek\u00e2l\u00e2 rahat\u00e7a g\u00f6r\u00fclebilirken, dipteki nedenlere bir t\u00fcrl\u00fc inilemiyor. Kemal \u0130nal\u2019\u0131n bu \u00e7al\u0131\u015fmas\u0131ndaki makaleleri, bu dipteki nedenlerin tespiti ve \u00e7\u00f6z\u00fcm\u00fc noktas\u0131nda farkl\u0131 bir a\u00e7\u0131l\u0131m getirmeye \u00e7al\u0131\u015f\u0131yor. \u0130nal, \u00e7al\u0131\u015fmas\u0131nda Freire\u2019nin \u201ce\u011fitim, politiktir\u201d \u00f6nermesinden kalkarak pedagojik konu ve s\u00fcre\u00e7lerin, \u00f6rne\u011fin okullardaki \u00f6\u011fretimin, ders kitaplar\u0131 ve m\u00fcfredatlar\u0131n, oyunun, dilin e\u011fitimdeki temsil ve uygulamas\u0131n\u0131n egemen ideoloji, devlet ve s\u0131n\u0131flarla olan ili\u015fkisini ortaya seriyor. Bunu yaparken de analiz yelpazesini geni\u015fleterek \u00f6rne\u011fin dezavantajl\u0131 \u00f6\u011frenciler i\u00e7in alternatif bir pedagojik epistemoloji \u00f6neriyor, T\u00dcS\u0130AD\u2019\u0131n e\u011fitim raporlar\u0131n\u0131 ele\u015ftiriyor, neoliberalizmin akademideki tasfiye bi\u00e7imlerini g\u00f6zler \u00f6n\u00fcne seriyor, \u00f6\u011fretmen eme\u011fine y\u00f6nelik denetimleri ele al\u0131yor, AKP\u2019nin reform mant\u0131\u011f\u0131n\u0131 ele\u015ftiriyor, okullardaki resmi din e\u011fitimini \u00e7\u00f6z\u00fcml\u00fcyor, K\u00fcrt sorunu ba\u011flam\u0131nda K\u00fcrt\u00e7enin bir anadili meselesi olarak e\u011fitim a\u00e7\u0131s\u0131ndan \u00f6nemini sorguluyor. <\/p>\n","protected":false},"excerpt":{"rendered":"<p>T\u00fcrkiye\u2019de e\u011fitimin genel sorunlar\u0131n\u0131 kime sorsan\u0131z, bir \u00e7\u0131rp\u0131da sayabilir. \u0130\u015fte &#8216;okullar\u0131m\u0131z nitelikli e\u011fitim veremiyor&#8217;, &#8216;okul binalar\u0131 yetersiz&#8217;, &#8216;materyaller \u00e7a\u011fa uygun de\u011fil&#8217;, &#8216;\u00f6\u011fretmenler \u00e7ok zor ko\u015fullarda \u00e7al\u0131\u015f\u0131yorlar&#8217;,<span class=\"excerpt-hellip\"> [\u2026]<\/span><\/p>\n","protected":false},"featured_media":0,"template":"","meta":{"_monsterinsights_skip_tracking":false,"_monsterinsights_sitenote_active":false,"_monsterinsights_sitenote_note":"","_monsterinsights_sitenote_category":0},"product_brand":[],"product_cat":[13059,12337],"product_tag":[],"class_list":{"0":"post-719791","1":"product","2":"type-product","3":"status-publish","5":"product_cat-diger-politika-siyaset","6":"product_cat-politika-siyaset","7":"pa_cilt-ciltsiz","8":"pa_tur-kitap","9":"pa_yayinevi-toz-yayinlari","10":"pa_yazar-kemal-inal","12":"first","13":"instock","14":"sale","15":"shipping-taxable","16":"purchasable","17":"product-type-simple"},"_links":{"self":[{"href":"https:\/\/roveyayinevi.com.tr\/index.php\/wp-json\/wp\/v2\/product\/719791","targetHints":{"allow":["GET"]}}],"collection":[{"href":"https:\/\/roveyayinevi.com.tr\/index.php\/wp-json\/wp\/v2\/product"}],"about":[{"href":"https:\/\/roveyayinevi.com.tr\/index.php\/wp-json\/wp\/v2\/types\/product"}],"wp:attachment":[{"href":"https:\/\/roveyayinevi.com.tr\/index.php\/wp-json\/wp\/v2\/media?parent=719791"}],"wp:term":[{"taxonomy":"product_brand","embeddable":true,"href":"https:\/\/roveyayinevi.com.tr\/index.php\/wp-json\/wp\/v2\/product_brand?post=719791"},{"taxonomy":"product_cat","embeddable":true,"href":"https:\/\/roveyayinevi.com.tr\/index.php\/wp-json\/wp\/v2\/product_cat?post=719791"},{"taxonomy":"product_tag","embeddable":true,"href":"https:\/\/roveyayinevi.com.tr\/index.php\/wp-json\/wp\/v2\/product_tag?post=719791"}],"curies":[{"name":"wp","href":"https:\/\/api.w.org\/{rel}","templated":true}]}}