{"id":719788,"date":"2025-08-27T18:26:43","date_gmt":"2025-08-27T15:26:43","guid":{"rendered":"https:\/\/roveyayinevi.com.tr\/index.php\/urun\/ogretmen-ve-iktidar\/"},"modified":"2026-04-16T02:27:53","modified_gmt":"2026-04-15T23:27:53","slug":"ogretmen-ve-iktidar","status":"publish","type":"product","link":"https:\/\/roveyayinevi.com.tr\/index.php\/urun\/ogretmen-ve-iktidar\/","title":{"rendered":"\u00d6\u011fretmen ve \u0130ktidar"},"content":{"rendered":"<p>Kemal \u0130nal, bu \u00e7al\u0131\u015fmas\u0131nda \u00f6\u011fretmeni mercek alt\u0131na al\u0131yor. Yazara g\u00f6re \u00f6\u011fretmen, asl\u0131nda olan biten pek \u00e7ok \u015feyin fark\u0131nda; sorunlar\u0131 \u00e7\u00f6zmek i\u00e7in \u00e7e\u015fitli y\u00f6ntemler geli\u015ftirip taktikler uygulamakta, \u201cyukar\u0131\u201ddan kendisini nesnele\u015ftirmeye \u00e7al\u0131\u015fan merkezi, yap\u0131sal ve sistemik d\u00fc\u015f\u00fcnce ve politikalara kar\u015f\u0131 bilin\u00e7li veya bilin\u00e7siz, \u00f6rg\u00fctl\u00fc veya kendili\u011finden, fark\u0131nda olarak veya olmayarak direnmekte; i\u015fleri yoluna koymak ad\u0131na kendini \u00f6znele\u015ftirmeye \u00e7al\u0131\u015fmaktad\u0131r. \u0130nal\u2019a g\u00f6re \u00f6\u011fretmen, fail olarak kendisini \u00e7e\u015fitli sermayeler \u00fczerinden \u00f6znele\u015ftirip e\u011fitimi demokratikle\u015ftirmeye \u00e7al\u0131\u015fmaktad\u0131r. \u0130nisiyatif alan, olabildi\u011fince ba\u011f\u0131ms\u0131z ve \u00f6zerk davranmaya \u00e7al\u0131\u015fan, \u00f6\u011frencilerini en iyi bi\u00e7imde yeti\u015ftirebilmek i\u00e7in kendini geli\u015ftirme gayesi g\u00fcden, sistemin geleneksel ve geri g\u00fc\u00e7lerine kar\u015f\u0131 ilerici, ayd\u0131nca bir tutum tak\u0131nan \u00f6\u011fretmenin i\u00e7i kof idealizasyonlara direnip olabildi\u011fince ger\u00e7ek\u00e7i bir tutum ald\u0131\u011f\u0131n\u0131 \u00f6ne s\u00fcren \u0130nal\u2019a g\u00f6re \u00f6\u011fretmen, sistemin tam da merkezinde yer al\u0131yor. Ama bir kukla gibi de\u011fil, yarat\u0131c\u0131, geli\u015ftirici ve d\u00f6n\u00fc\u015ft\u00fcr\u00fcc\u00fc bir potansiyel ta\u015f\u0131yan ayd\u0131n olarak. Bu \u00e7al\u0131\u015fmas\u0131nda yazar, \u00f6\u011fretmenin mesle\u011fini in\u015fa ederken g\u00fc\u00e7l\u00fc bir \u00f6znele\u015fme sergiledi\u011fini, \u00f6\u011fretmenlerin yar\u0131 yap\u0131land\u0131r\u0131lm\u0131\u015f g\u00f6r\u00fc\u015fme formlar\u0131na verdikleri yan\u0131tlar \u00fczerinden tart\u0131\u015f\u0131yor. T\u00fcrkiye\u2019de \u00f6\u011fretmen sorunlar\u0131 bug\u00fcne de\u011fin b\u00fcy\u00fck \u00f6l\u00e7\u00fcde \u00f6\u011fretmen yeti\u015ftirme sorununa s\u0131k\u0131\u015ft\u0131r\u0131l\u0131p duruldu. Oysa yazara g\u00f6re as\u0131l \u00f6nemli olan, \u00f6\u011fretmeni yeti\u015ftiren sistem de\u011fil, \u00f6\u011fretmenin sistemin yanl\u0131\u015f d\u00fc\u015f\u00fcnce ve uygulamalar\u0131na kar\u015f\u0131 direni\u015fi ve sorunlar\u0131 kendine \u00f6zg\u00fc bi\u00e7imde nas\u0131l \u00e7\u00f6zd\u00fc\u011f\u00fcd\u00fcr. \u0130nal, sorunu \u00f6\u011fretmenin \u00f6znele\u015fmesi ba\u011flam\u0131nda analiz ederek pedagojide yeni bir y\u00f6ntemsel yakla\u015f\u0131m \u00f6neriyor. <\/p>\n","protected":false},"excerpt":{"rendered":"<p>Kemal \u0130nal, bu \u00e7al\u0131\u015fmas\u0131nda \u00f6\u011fretmeni mercek alt\u0131na al\u0131yor. Yazara g\u00f6re \u00f6\u011fretmen, asl\u0131nda olan biten pek \u00e7ok \u015feyin fark\u0131nda; sorunlar\u0131 \u00e7\u00f6zmek i\u00e7in \u00e7e\u015fitli y\u00f6ntemler geli\u015ftirip taktikler uygulamakta,<span class=\"excerpt-hellip\"> [\u2026]<\/span><\/p>\n","protected":false},"featured_media":0,"template":"","meta":{"_monsterinsights_skip_tracking":false,"_monsterinsights_sitenote_active":false,"_monsterinsights_sitenote_note":"","_monsterinsights_sitenote_category":0},"product_brand":[],"product_cat":[13059,12337],"product_tag":[],"class_list":{"0":"post-719788","1":"product","2":"type-product","3":"status-publish","5":"product_cat-diger-politika-siyaset","6":"product_cat-politika-siyaset","7":"pa_cilt-ciltsiz","8":"pa_tur-kitap","9":"pa_yayinevi-toz-yayinlari","10":"pa_yazar-kemal-inal","12":"first","13":"instock","14":"sale","15":"shipping-taxable","16":"purchasable","17":"product-type-simple"},"_links":{"self":[{"href":"https:\/\/roveyayinevi.com.tr\/index.php\/wp-json\/wp\/v2\/product\/719788","targetHints":{"allow":["GET"]}}],"collection":[{"href":"https:\/\/roveyayinevi.com.tr\/index.php\/wp-json\/wp\/v2\/product"}],"about":[{"href":"https:\/\/roveyayinevi.com.tr\/index.php\/wp-json\/wp\/v2\/types\/product"}],"wp:attachment":[{"href":"https:\/\/roveyayinevi.com.tr\/index.php\/wp-json\/wp\/v2\/media?parent=719788"}],"wp:term":[{"taxonomy":"product_brand","embeddable":true,"href":"https:\/\/roveyayinevi.com.tr\/index.php\/wp-json\/wp\/v2\/product_brand?post=719788"},{"taxonomy":"product_cat","embeddable":true,"href":"https:\/\/roveyayinevi.com.tr\/index.php\/wp-json\/wp\/v2\/product_cat?post=719788"},{"taxonomy":"product_tag","embeddable":true,"href":"https:\/\/roveyayinevi.com.tr\/index.php\/wp-json\/wp\/v2\/product_tag?post=719788"}],"curies":[{"name":"wp","href":"https:\/\/api.w.org\/{rel}","templated":true}]}}