{"id":719744,"date":"2025-08-27T18:26:09","date_gmt":"2025-08-27T15:26:09","guid":{"rendered":"https:\/\/roveyayinevi.com.tr\/index.php\/urun\/kivilcimdan-aleve-egedeki-kuvayi-milliye\/"},"modified":"2026-04-16T02:27:52","modified_gmt":"2026-04-15T23:27:52","slug":"kivilcimdan-aleve-egedeki-kuvayi-milliye","status":"publish","type":"product","link":"https:\/\/roveyayinevi.com.tr\/index.php\/urun\/kivilcimdan-aleve-egedeki-kuvayi-milliye\/","title":{"rendered":"K\u0131v\u0131lc\u0131mdan Aleve, Ege&#8217;deki Kuvay\u0131 Milliye"},"content":{"rendered":"<p>Serra Menekay\u2019\u0131n yeni kitab\u0131 Eyl\u00fcl ay\u0131nda raflardaki yerini al\u0131yor.  \u201cKIVILCIMDAN ALEVE, Ege\u2019deki Kuvay\u0131 Milliye\u201d ad\u0131ndaki kitab\u0131n sunu\u015funda Menekay okurlar\u0131na \u015f\u00f6yle sesleniyor: \u201cBu kitapta bundan tam bir as\u0131r \u00f6nce Ege\u2019nin da\u011flar\u0131nda halk\u0131n yakt\u0131\u011f\u0131 Kuvay\u0131 Milliye k\u0131v\u0131lc\u0131m\u0131n\u0131n nas\u0131l aleve d\u00f6n\u00fc\u015ft\u00fc\u011f\u00fcn\u00fc okuyacaks\u0131n\u0131z. Tereya\u011f\u0131ndan k\u0131l \u00e7eker gibi ger\u00e7ekle\u015fmesi beklenen bir i\u015fgalin, nas\u0131l emperyalizme kar\u015f\u0131 ba\u015far\u0131lan ilk ve tek Kurtulu\u015f Sava\u015f\u0131\u2019na yol a\u00e7t\u0131\u011f\u0131n\u0131 g\u00f6receksiniz. Bu kitapta kurgulanm\u0131\u015f karakterler, kahramanlar ya da olaylar yok. \u00c7\u00fcnk\u00fc, bu \u00fclkenin verdi\u011fi Kurtulu\u015f Sava\u015f\u0131\u2019nda kurgu karakterlere ve kahramanlara ihtiya\u00e7 yok. Ger\u00e7ek ki\u015filer kahramanla\u015fm\u0131\u015f ve \u00fczerlerine d\u00fc\u015fen g\u00f6revi yapm\u0131\u015f, bulunduklar\u0131 ko\u015fullar i\u00e7inde yaz\u0131labilecek en iyi \u00f6yk\u00fcy\u00fc yazm\u0131\u015flar. \u00dcstelik bu \u00f6yk\u00fcn\u00fcn, benim t\u00fcm kitaplar\u0131m\u0131 bitirmeyi se\u00e7ti\u011fim gibi, mutlu sonla bitmesini sa\u011flam\u0131\u015flar. Destan olmu\u015f k\u0131sacas\u0131 o g\u00fcnlerde ya\u015fananlar. Yeterince bilmedi\u011fimiz, merak etti\u011fimiz ama okumaya \u00f6\u011frenmeye bir t\u00fcrl\u00fc zaman bulamad\u0131\u011f\u0131m\u0131z, \u00fc\u015fendi\u011fimiz veya okumas\u0131n\u0131 s\u0131k\u0131c\u0131 buldu\u011fumuz ya da yeteri kadar e\u011flenceli bulmad\u0131\u011f\u0131m\u0131z bir destan. Ba\u015fka t\u00fcrl\u00fc yaz\u0131lsayd\u0131 okuyup anlard\u0131k dedi\u011fimiz t\u00fcrden bir tarih sayfas\u0131.\u201d   Menekay K\u0131v\u0131lc\u0131mdan Aleve adl\u0131 yeni kitab\u0131nda \u00d6demi\u015f\u2019i merkeze alarak Ege\u2019deki Kuvay\u0131 Milliye direni\u015fini, Kurtulu\u015f Sava\u015f\u0131\u2019n\u0131 ve Ege\u2019nin kahramanlar\u0131n\u0131 romanc\u0131 kimli\u011finden kopup gelen ak\u0131c\u0131 diliyle anlat\u0131yor. Kitab\u0131n Kuvay\u0131 Milliye\u2019nin kurulu\u015funun y\u00fcz\u00fcnc\u00fc y\u0131l\u0131na denk gelmesi de \u00e7ok anlaml\u0131. Menekay\u2019\u0131n eserlerini takip edenler bunun bir tesad\u00fcf olmad\u0131\u011f\u0131n\u0131 da bileceklerdir, yazar\u0131n d\u00f6rd\u00fcnc\u00fc kitab\u0131 \u201c\u015eefika\u201dn\u0131n zamanlamas\u0131 da benzer bir tarih bilinciyle se\u00e7ilmi\u015fti.   Kitab\u0131n \u00f6ns\u00f6z\u00fcn\u00fc, kaynak\u00e7ada da eserlerine \u00e7ok\u00e7a yer verilen de\u011ferli yazar Alev Co\u015fkun\u2019un yazm\u0131\u015f. Co\u015fkun \u201cSerra Menekay, \u201cK\u0131v\u0131lc\u0131m\u2019dan Aleve\u201d ad\u0131n\u0131 ta\u015f\u0131yan bu yap\u0131t\u0131yla Ege\u2019deki Kuvay\u0131 Milliye\u2019nin ger\u00e7ek \u00f6yk\u00fcs\u00fcn\u00fc anlat\u0131yor. Bu yap\u0131t\u0131n\u0131 haz\u0131rlarken, Ege b\u00f6lgesindeki Kuvay\u0131 Milliye konusunda yaz\u0131lan b\u00fct\u00fcn kitaplar\u0131 incelemi\u015f, hepsinden al\u0131nt\u0131lar yap\u0131yor\u201d diyor. Ger\u00e7ekten de K\u0131v\u0131lc\u0131mdan Aleve  zengin bir kaynak\u00e7aya sahip. Kitap Menekay\u2019\u0131n di\u011fer eserlerinde de g\u00f6rd\u00fc\u011f\u00fcm\u00fcz gibi iyi bir ara\u015ft\u0131rma, \u00f6z\u00fcmseme ve aktar\u0131m \u00f6rne\u011fi olarak kar\u015f\u0131m\u0131za \u00e7\u0131k\u0131yor. Bu anlamda kitap ara\u015ft\u0131rmac\u0131 okurlara yeni kap\u0131lar da aral\u0131yor, merakl\u0131s\u0131na ayr\u0131nt\u0131l\u0131 bilgilere eri\u015fim adreslerini de sunuyor. Bu \u00f6zellikleri Menekay\u2019\u0131n di\u011fer kitaplar\u0131nda yazd\u0131\u011f\u0131 her d\u00f6nem i\u00e7in bulmak m\u00fcmk\u00fcn. Ancak bu kitap Menekay\u2019\u0131n di\u011fer eserlerinden farkl\u0131 olarak bir roman de\u011fil. \u00d6te yandan bir roman ak\u0131c\u0131l\u0131\u011f\u0131na sahip olacak bi\u00e7imde dizilmi\u015f ger\u00e7ek olay \u00f6rg\u00fclerinden olu\u015fuyor. Bundan tam y\u00fcz y\u0131l \u00f6nce, \u00e7ok a\u011f\u0131r ko\u015fullarda ortaya konan direni\u015fin g\u00fcn\u00fcm\u00fcz ayd\u0131n\u0131na vermesi gereken bilgi ve bilinci ortaya koyan kitab\u0131n arka kapa\u011f\u0131nda sanat\u00e7\u0131 P\u0131nar Ayhan ve yazar Metin Aydo\u011fan\u2019\u0131n c\u00fcmlelerini okuyoruz.   Kitap hakk\u0131nda \u015f\u00f6yle demi\u015fler:   Metin Aydo\u011fan: \u201cEge direni\u015fi, halk s\u00f6ylencelerine konu olacak kahramanl\u0131klarla doludur. \u0130lkkur\u015fun Sava\u015f\u0131, Demirci Ak\u0131nc\u0131lar\u0131, K\u0131r\u0131ml\u0131 Ay\u015fe \u00c7avu\u015f, G\u00f6rdesli Makbule, Y\u00f6r\u00fck Ali Efe\u2026 her biri yurt sevgisiyle yo\u011frulmu\u015f fedak\u00e2rl\u0131\u011f\u0131n destans\u0131 ki\u015filikleridir. T\u00fcrk yurdunun \u00fcst\u00fcnde parlayan ancak gen\u00e7 ku\u015faklar\u0131nca g\u00f6r\u00fclemeyen y\u0131ld\u0131zlard\u0131r. Serra Menekay, bu y\u0131ld\u0131zlar\u0131 yery\u00fcz\u00fcne indiriyor ve bug\u00fcn\u00fcn \u015farlatanl\u0131klar\u0131 i\u00e7inde kendine yol arayanlara; \u201cAl\u0131n, \u00f6rnek al\u0131n. Yurt sevgisi nas\u0131l olurmu\u015f g\u00f6r\u00fcn, ad\u0131m\u0131n\u0131z\u0131 ona g\u00f6re at\u0131n.\u201d diyor; herkese yol g\u00f6steriyor. Sa\u011fol Serra, kalemin her zaman g\u00fc\u00e7l\u00fc, yurt sevgin her zaman \u00f6d\u00fcns\u00fcz olsun.\u201d   P\u0131nar Ayhan: \u201cSerra Menekay, yak\u0131n tarihimizin hepsi birer efsaneye d\u00f6n\u00fc\u015fm\u00fc\u015f kahramanlar\u0131n\u0131 zarif, ince edipli\u011fi ve hem co\u015fkulu hem heyecan verici ara\u015ft\u0131rmac\u0131l\u0131\u011f\u0131 ile adeta ellerinden tutup, zaman perdesini y\u0131rtarak bug\u00fcne getiriyor. Mill\u00ee M\u00fccadele y\u0131llar\u0131n\u0131n, birbirinden \u00e7ok farkl\u0131 hayatlar ya\u015fayan ama tek \u00fclk\u00fcde kenetlenen efelerinin, b\u00fcrokratlar\u0131n\u0131n, din adamlar\u0131n\u0131n, esnaf\u0131n\u0131n, kad\u0131nlar\u0131n\u0131n Ege\u2019de verdikleri \u00f6zg\u00fcrl\u00fck sava\u015f\u0131n\u0131 anlat\u0131rken bizlere diyor ki; \u201cBir Mustafa Kem\u00e2l olamayabilirsiniz; ama bir Mustafa Bengisu, bir \u0130brahim Etem, Y\u00f6r\u00fck Ali Efe ya da \u00c7ete Ay\u015fe olup Millet Orkestras\u0131\u2019n\u0131n \u0130stikl\u00e2l Mar\u015f\u0131n\u0131 \u00e7alan \u00f6zg\u00fcrl\u00fck sanat\u00e7\u0131lar\u0131ndan biri olmaman\u0131z i\u00e7in hi\u00e7bir neden yok.\u201d E\u011fer bir \u201cVatansever\u201d iseniz, \u201c\u00dclkem i\u00e7in ben ne yapabilirim?\u201d sorusunu kendinize s\u0131k\u00e7a soruyor ve bu sorunun yan\u0131t\u0131n\u0131 ar\u0131yor olmal\u0131s\u0131n\u0131z. Bu kitab\u0131 hemen okuyunuz ve y\u00fcre\u011fi memleket ve \u00f6zg\u00fcrl\u00fck a\u015fk\u0131yla yanan, onurlu bir kahraman\u0131n\u0131 kendinize \u00f6rnek se\u00e7erek \u00e7al\u0131\u015fmaya koyulunuz. G\u00f6receksiniz se\u00e7ti\u011finiz bu yol ayd\u0131nl\u0131k ve \u00e7ok g\u00fczel yar\u0131nlar\u0131n yolu olacak ve sizin ya\u015fam\u0131n\u0131z da bu yolda anlam bulacak.\u201d   Galeati yay\u0131nc\u0131l\u0131k olarak bu eseri yay\u0131n d\u00fcnyas\u0131na kazand\u0131rm\u0131\u015f olmaktan dolay\u0131 gururluyuz. \u015eimdiden \u0130yi okumalar dileriz. <\/p>\n","protected":false},"excerpt":{"rendered":"<p>Serra Menekay\u2019\u0131n yeni kitab\u0131 Eyl\u00fcl ay\u0131nda raflardaki yerini al\u0131yor. \u201cKIVILCIMDAN ALEVE, Ege\u2019deki Kuvay\u0131 Milliye\u201d ad\u0131ndaki kitab\u0131n sunu\u015funda Menekay okurlar\u0131na \u015f\u00f6yle sesleniyor: \u201cBu kitapta bundan tam bir<span class=\"excerpt-hellip\"> [\u2026]<\/span><\/p>\n","protected":false},"featured_media":0,"template":"","meta":{"_monsterinsights_skip_tracking":false,"_monsterinsights_sitenote_active":false,"_monsterinsights_sitenote_note":"","_monsterinsights_sitenote_category":0},"product_brand":[],"product_cat":[12312,12304],"product_tag":[],"class_list":{"0":"post-719744","1":"product","2":"type-product","3":"status-publish","5":"product_cat-diger","6":"product_cat-tarih","7":"pa_cilt-ciltsiz","8":"pa_tur-kitap","9":"pa_yayinevi-galeati-yayincilik","10":"pa_yazar-serra-menekay","12":"first","13":"instock","14":"sale","15":"shipping-taxable","16":"purchasable","17":"product-type-simple"},"_links":{"self":[{"href":"https:\/\/roveyayinevi.com.tr\/index.php\/wp-json\/wp\/v2\/product\/719744","targetHints":{"allow":["GET"]}}],"collection":[{"href":"https:\/\/roveyayinevi.com.tr\/index.php\/wp-json\/wp\/v2\/product"}],"about":[{"href":"https:\/\/roveyayinevi.com.tr\/index.php\/wp-json\/wp\/v2\/types\/product"}],"wp:attachment":[{"href":"https:\/\/roveyayinevi.com.tr\/index.php\/wp-json\/wp\/v2\/media?parent=719744"}],"wp:term":[{"taxonomy":"product_brand","embeddable":true,"href":"https:\/\/roveyayinevi.com.tr\/index.php\/wp-json\/wp\/v2\/product_brand?post=719744"},{"taxonomy":"product_cat","embeddable":true,"href":"https:\/\/roveyayinevi.com.tr\/index.php\/wp-json\/wp\/v2\/product_cat?post=719744"},{"taxonomy":"product_tag","embeddable":true,"href":"https:\/\/roveyayinevi.com.tr\/index.php\/wp-json\/wp\/v2\/product_tag?post=719744"}],"curies":[{"name":"wp","href":"https:\/\/api.w.org\/{rel}","templated":true}]}}