{"id":719702,"date":"2025-08-27T18:25:41","date_gmt":"2025-08-27T15:25:41","guid":{"rendered":"https:\/\/roveyayinevi.com.tr\/index.php\/urun\/tarikat-kusatmasindaki-turkiye\/"},"modified":"2026-04-16T02:27:40","modified_gmt":"2026-04-15T23:27:40","slug":"tarikat-kusatmasindaki-turkiye","status":"publish","type":"product","link":"https:\/\/roveyayinevi.com.tr\/index.php\/urun\/tarikat-kusatmasindaki-turkiye\/","title":{"rendered":"Tarikat Ku\u015fatmas\u0131ndaki T\u00fcrkiye"},"content":{"rendered":"<p>Bug\u00fcn T\u00fcrkiye\u2019yi, se\u00e7ilmi\u015fler de\u011fil bir tarikat y\u00f6netiyor. T\u00fcrkiye\u2019yi ku\u015fatan bu \u00f6rg\u00fct, Halidilik olarak bilinmektedir. Bu tarikat 1925\u2019te T\u00fcrkiye Cumhuriyeti\u2019ne isyan etti, 1930\u2019da Menemen\u2019de ba\u015fkald\u0131rd\u0131. 1945\u2019ten sonra yava\u015f yava\u015f iktidara ta\u015f\u0131nd\u0131.Necmettin Erbakan, \u00d6zal Karde\u015fler, Abdullah G\u00fcl, B\u00fclent Ar\u0131n\u00e7 ve Binali Y\u0131ld\u0131r\u0131m\u2019\u0131n bu tarikatla nas\u0131l bir ba\u011f\u0131 var? 2002\u2019de kurulan AKP h\u00fck\u00fcmetindeki 25 bakandan 19\u2019u tarikattand\u0131. Halidiler, anti-kom\u00fcnist Ye\u015fil Ku\u015fak projesi elemanlar\u0131 olarak NATO\u2019cu derin devlet taraf\u0131ndan korundu.T\u00fcrkiye\u2019yi \u201cdar-\u00fcl harb\u201d, yani k\u00e2fir \u00fclkesi sayd\u0131lar, Mustafa Kemal\u2019e d\u00fc\u015fmanl\u0131\u011f\u0131 temel ilke edindiler.\u0130skenderpa\u015fa, \u0130smaila\u011fa, Menzilci, S\u00fcleymanc\u0131, I\u015f\u0131k\u00e7\u0131, Nurcu vb. de\u011fi\u015fik adlar alt\u0131nda boy g\u00f6sterseler de asl\u0131nda tek \u00f6rg\u00fctt\u00fcrler.Bu \u00f6rg\u00fct, K\u00fcrtleri de cendereye alm\u0131\u015ft\u0131r. \u201cDindar ve kindar nesil\u201d diyerek tek tip insan yeti\u015ftiren bu yeni tarikatlar, dernek\/vak\u0131f g\u00f6r\u00fcnt\u00fcs\u00fcyle T\u00fcrkiye\u2019yi ya\u011fmalamaktad\u0131r. Ensar Vakf\u0131, T\u00dcRGEV, T\u00dcGVA gibi yeni tip tarikatlar\u0131n \u015feyhi kim? Cumhuriyet\u2019i y\u0131kmaya odakl\u0131 eski ve yeni Halidi \u00f6rg\u00fctler ve ya\u011fmalar\u0131n\u0131n belgeleri\u2026<\/p>\n","protected":false},"excerpt":{"rendered":"<p>Bug\u00fcn T\u00fcrkiye\u2019yi, se\u00e7ilmi\u015fler de\u011fil bir tarikat y\u00f6netiyor. T\u00fcrkiye\u2019yi ku\u015fatan bu \u00f6rg\u00fct, Halidilik olarak bilinmektedir. Bu tarikat 1925\u2019te T\u00fcrkiye Cumhuriyeti\u2019ne isyan etti, 1930\u2019da Menemen\u2019de ba\u015fkald\u0131rd\u0131. 1945\u2019ten sonra<span class=\"excerpt-hellip\"> [\u2026]<\/span><\/p>\n","protected":false},"featured_media":0,"template":"","meta":{"_monsterinsights_skip_tracking":false,"_monsterinsights_sitenote_active":false,"_monsterinsights_sitenote_note":"","_monsterinsights_sitenote_category":0},"product_brand":[],"product_cat":[31194,12337],"product_tag":[],"class_list":{"0":"post-719702","1":"product","2":"type-product","3":"status-publish","5":"product_cat-guncel-siyaset","6":"product_cat-politika-siyaset","7":"pa_cilt-ciltsiz","8":"pa_tur-kitap","9":"pa_yayinevi-kaynak-yayinlari","10":"pa_yazar-riza-zelyut","12":"first","13":"instock","14":"sale","15":"shipping-taxable","16":"purchasable","17":"product-type-simple"},"_links":{"self":[{"href":"https:\/\/roveyayinevi.com.tr\/index.php\/wp-json\/wp\/v2\/product\/719702","targetHints":{"allow":["GET"]}}],"collection":[{"href":"https:\/\/roveyayinevi.com.tr\/index.php\/wp-json\/wp\/v2\/product"}],"about":[{"href":"https:\/\/roveyayinevi.com.tr\/index.php\/wp-json\/wp\/v2\/types\/product"}],"wp:attachment":[{"href":"https:\/\/roveyayinevi.com.tr\/index.php\/wp-json\/wp\/v2\/media?parent=719702"}],"wp:term":[{"taxonomy":"product_brand","embeddable":true,"href":"https:\/\/roveyayinevi.com.tr\/index.php\/wp-json\/wp\/v2\/product_brand?post=719702"},{"taxonomy":"product_cat","embeddable":true,"href":"https:\/\/roveyayinevi.com.tr\/index.php\/wp-json\/wp\/v2\/product_cat?post=719702"},{"taxonomy":"product_tag","embeddable":true,"href":"https:\/\/roveyayinevi.com.tr\/index.php\/wp-json\/wp\/v2\/product_tag?post=719702"}],"curies":[{"name":"wp","href":"https:\/\/api.w.org\/{rel}","templated":true}]}}