{"id":719698,"date":"2025-08-27T18:25:38","date_gmt":"2025-08-27T15:25:38","guid":{"rendered":"https:\/\/roveyayinevi.com.tr\/index.php\/urun\/31-mart-ihtilalinin-tarihcesi\/"},"modified":"2026-04-16T02:27:40","modified_gmt":"2026-04-15T23:27:40","slug":"31-mart-ihtilalinin-tarihcesi","status":"publish","type":"product","link":"https:\/\/roveyayinevi.com.tr\/index.php\/urun\/31-mart-ihtilalinin-tarihcesi\/","title":{"rendered":"31 Mart \u0130htilali&#8217;nin Tarih\u00e7esi"},"content":{"rendered":"<p>Hur\u015fid Pa\u015fa, Sultan 2. Abd\u00fclhamid d\u00f6neminin \u00f6nde gelen \u00fcst d\u00fczey askeri erkan\u0131ndan olup, 31 Mart \u0130syan\u0131&#8217;n\u0131 bast\u0131rmak i\u00e7in gelen Hareket Ordusu\u2019na, h\u00fck\u00fbmet kanad\u0131ndan g\u00f6nderilen Nasihat Heyeti&#8217;nde ve 31 Mart yarg\u0131lamalar\u0131nda Divan-\u0131 Harb-i \u00d6rf\u00eelerde g\u00f6rev alm\u0131\u015f; daha sonra Sultan 5. Mehmet Re\u015fad\u2019\u0131n ba\u015fyaverli\u011fine atanm\u0131\u015ft\u0131r.Sultan 2. Abd\u00fclhamid devrinin kapanmas\u0131na yol a\u00e7an 31 Mart \u0130syan\u0131 ve bu isyan\u0131 bast\u0131rmak i\u00e7in gelen Hareket Ordusu taraf\u0131ndan ger\u00e7ekle\u015ftirilen darbenin \u00fcst d\u00fczey tan\u0131klar\u0131ndan olan Hur\u015fid Pa\u015fa yazd\u0131klar\u0131 ile tarihe \u00f6nemli notlar d\u00fc\u015fm\u00fc\u015ft\u00fcr.Hakan \u00d6zdemir taraf\u0131ndan yay\u0131na haz\u0131rlanan bu hat\u0131rat\u0131n, 31 Mart \u0130syan\u0131 ve takip eden s\u00fcre\u00e7te ya\u015fananlar\u0131n devrin \u00f6nemli bir \u015fahsiyetinin tan\u0131kl\u0131\u011f\u0131yla ortaya konmas\u0131 tarih ara\u015ft\u0131rmac\u0131lar\u0131na \u00f6nemli katk\u0131lar sa\u011flayacakt\u0131r. Zekeriya T\u00fcrkmen<\/p>\n","protected":false},"excerpt":{"rendered":"<p>Hur\u015fid Pa\u015fa, Sultan 2. Abd\u00fclhamid d\u00f6neminin \u00f6nde gelen \u00fcst d\u00fczey askeri erkan\u0131ndan olup, 31 Mart \u0130syan\u0131&#8217;n\u0131 bast\u0131rmak i\u00e7in gelen Hareket Ordusu\u2019na, h\u00fck\u00fbmet kanad\u0131ndan g\u00f6nderilen Nasihat Heyeti&#8217;nde<span class=\"excerpt-hellip\"> [\u2026]<\/span><\/p>\n","protected":false},"featured_media":0,"template":"","meta":{"_monsterinsights_skip_tracking":false,"_monsterinsights_sitenote_active":false,"_monsterinsights_sitenote_note":"","_monsterinsights_sitenote_category":0},"product_brand":[],"product_cat":[12370,12304],"product_tag":[],"class_list":{"0":"post-719698","1":"product","2":"type-product","3":"status-publish","5":"product_cat-arastirma-inceleme","6":"product_cat-tarih","7":"pa_cilt-ciltsiz","8":"pa_tur-kitap","9":"pa_yayinevi-yeditepe-yayinevi","10":"pa_yazar-hakan-ozdemir","12":"first","13":"instock","14":"sale","15":"shipping-taxable","16":"purchasable","17":"product-type-simple"},"_links":{"self":[{"href":"https:\/\/roveyayinevi.com.tr\/index.php\/wp-json\/wp\/v2\/product\/719698","targetHints":{"allow":["GET"]}}],"collection":[{"href":"https:\/\/roveyayinevi.com.tr\/index.php\/wp-json\/wp\/v2\/product"}],"about":[{"href":"https:\/\/roveyayinevi.com.tr\/index.php\/wp-json\/wp\/v2\/types\/product"}],"wp:attachment":[{"href":"https:\/\/roveyayinevi.com.tr\/index.php\/wp-json\/wp\/v2\/media?parent=719698"}],"wp:term":[{"taxonomy":"product_brand","embeddable":true,"href":"https:\/\/roveyayinevi.com.tr\/index.php\/wp-json\/wp\/v2\/product_brand?post=719698"},{"taxonomy":"product_cat","embeddable":true,"href":"https:\/\/roveyayinevi.com.tr\/index.php\/wp-json\/wp\/v2\/product_cat?post=719698"},{"taxonomy":"product_tag","embeddable":true,"href":"https:\/\/roveyayinevi.com.tr\/index.php\/wp-json\/wp\/v2\/product_tag?post=719698"}],"curies":[{"name":"wp","href":"https:\/\/api.w.org\/{rel}","templated":true}]}}