{"id":719358,"date":"2025-08-27T18:21:02","date_gmt":"2025-08-27T15:21:02","guid":{"rendered":"https:\/\/roveyayinevi.com.tr\/index.php\/urun\/ankara-arastirmalari-dergisi-c7-s1\/"},"modified":"2026-04-16T02:27:32","modified_gmt":"2026-04-15T23:27:32","slug":"ankara-arastirmalari-dergisi-c7-s1","status":"publish","type":"product","link":"https:\/\/roveyayinevi.com.tr\/index.php\/urun\/ankara-arastirmalari-dergisi-c7-s1\/","title":{"rendered":"Ankara Ara\u015ft\u0131rmalar\u0131 Dergisi C7.S1"},"content":{"rendered":"<p>Derginin ilk makalesi kentin kalbine, Ulus Meydan\u0131\u2019na odaklan\u0131yor. Makale, tarihsel s\u00fcre\u00e7 i\u00e7erisinde olu\u015fum, geli\u015fim ve d\u00f6n\u00fc\u015f\u00fcm\u00fcn\u00fc ortaya koyarak bir k\u00fclt\u00fcrel miras alan\u0131 olan Meydan\u2019\u0131n; k\u00fclt\u00fcrel niteli\u011fini, \u00f6zg\u00fcnl\u00fc\u011f\u00fcn\u00fc ve b\u00fct\u00fcnl\u00fc\u011f\u00fcn\u00fc kaybetme tehlikesine dikkat \u00e7ekiyor. \u0130kinci makale, kentsel planlama ve tasar\u0131m ara\u015ft\u0131rmalar\u0131na insan odakl\u0131 yeni bir bak\u0131\u015f a\u00e7\u0131s\u0131 sunarak g\u00f6zard\u0131 edilen, s\u0131radan ve ge\u00e7ici olarak adland\u0131r\u0131lan mek\u00e2nsal pratikleri analiz ediyor. Y\u00fcksel Caddesi&#8217;nde y\u00fcr\u00fct\u00fclen alan \u00e7al\u0131\u015fmas\u0131 g\u00fcndelik hayat\u0131n kentsel ritimlerini ortaya koyuyor. Bilindi\u011fi \u00fczere T\u00fcrkiye \u00f6zelinde yap\u0131 malzemelerinin modern mimarl\u0131\u011fa etkisi konusundaki ara\u015ft\u0131rmalar olduk\u00e7a s\u0131n\u0131rl\u0131d\u0131r. \u00dc\u00e7\u00fcnc\u00fc makale, bu s\u0131n\u0131rl\u0131l\u0131\u011fa \u00f6nemli bir bilimsel katk\u0131 sunarak modern mimarl\u0131\u011f\u0131n temel yap\u0131 malzemelerinden al\u00fcminyumun, mimari bi\u00e7im diline katk\u0131s\u0131n\u0131 \u201cAnkara Mimarl\u0131\u011f\u0131\u201d ba\u011flam\u0131nda tart\u0131\u015f\u0131yor. Di\u011fer kentler gibi Ankara da bir yandan neoliberal politikalar ekseninde h\u0131zla d\u00f6n\u00fc\u015fmektedir. Yeni Mamak Kentsel D\u00f6n\u00fc\u015f\u00fcm Projesi\u2019ni mercek alt\u0131na alan d\u00f6rd\u00fcnc\u00fc makalemiz, mek\u00e2ndaki d\u00f6n\u00fc\u015f\u00fcm\u00fc ve bu d\u00f6n\u00fc\u015f\u00fcm\u00fcn yaratt\u0131\u011f\u0131 sosyo-ekonomik de\u011fi\u015fimi tespit ederek bir kentsel d\u00f6n\u00fc\u015f\u00fcm projesi ile yeni ve eski mek\u00e2nlar aras\u0131nda olu\u015fan \u00e7at\u0131\u015fma ve tezatl\u0131klar\u0131, de\u011fi\u015fen g\u00fcnl\u00fck hayat pratiklerini inceliyor. Sonraki makale yine farkl\u0131 bir bak\u0131\u015f a\u00e7\u0131s\u0131 sunarak mimarl\u0131k tarihi okumas\u0131 ger\u00e7ekle\u015ftiriyor. Filmler \u00fczerinden mimari okumalar yaparak mimarl\u0131\u011f\u0131n farkl\u0131 disiplinler yoluyla temsil edili\u015f bi\u00e7imlerini ortaya koyarken, iki farkl\u0131 alan\u0131n kesi\u015fimlerini ortaya \u00e7\u0131karmak i\u00e7in kullan\u0131lan bir y\u00f6ntem deneyimi sunuyor. Ard\u0131ndan gelen makale ise bu kez Ankara\u2019da erken So\u011fuk Sava\u015f d\u00f6neminde sineman\u0131n toplumsal ve k\u00fclt\u00fcrel rol\u00fcne odaklan\u0131yor. Bu say\u0131n\u0131n yedinci makalesi, Ankara\u2019n\u0131n kentsel ya\u015fam\u0131nda \u00f6nemli bir yeri olan ve moda, sanat ve mimarl\u0131\u011f\u0131n \u00f6zenli bir \u015fekilde bir araya getirildi\u011fi Vakko ma\u011fazas\u0131n\u0131 konu ediyor. Kent haf\u0131zas\u0131nda yer edinmi\u015f bu mek\u00e2n, bir al\u0131\u015f-veri\u015f merkezi olman\u0131n yan\u0131nda mek\u00e2nsal anlamda sundu\u011fu ya\u015fam k\u00fclt\u00fcr\u00fcyle de \u00f6ne \u00e7\u0131k\u0131yor. 1960\u2019l\u0131 y\u0131llar\u0131n Esat Mahallesi\u2019ne odaklanan sekizinci makalemiz, kentsel hareketlilik ve sosyal hayattaki d\u00f6n\u00fc\u015f\u00fcm\u00fc ele almakta. Derginin ilk g\u00f6r\u00fc\u015f makalesinde, Ankara\u2019n\u0131n il\u00e7e belediyeleri \u00fczerine yakla\u015f\u0131k on y\u0131ld\u0131r s\u00fcrd\u00fcr\u00fclen monografi \u00e7al\u0131\u015fmalar\u0131 kullan\u0131larak, il\u00e7elerin siyasal, mek\u00e2nsal ve toplumsal de\u011fi\u015fkenleri ele al\u0131nmakta. Makalede ayr\u0131ca, bu de\u011fi\u015fkenlerin yerel se\u00e7imler gibi \u00f6nemli siyasal faaliyetleri nas\u0131l etkileyebilece\u011fi, il\u00e7elerin toplumsal ger\u00e7ekli\u011fi g\u00f6z\u00f6n\u00fcne al\u0131nd\u0131\u011f\u0131nda nas\u0131l \u00f6ng\u00f6r\u00fclerde bulunulmas\u0131 gerekti\u011fi sorular\u0131n\u0131 yan\u0131tlamaya y\u00f6nelik de\u011ferlendirme ve yorumlara yer verilmekte. \u0130kinci makalede sunulan, 1828-1920 y\u0131llar\u0131 aras\u0131nda Ankara\u2019da ik\u00e2met eden Ayd\u0131nyanlar\u0131n hik\u00e2yesi bizlere, Ankara Ermenilerinin sosyo-ekonomik durumlar\u0131, sosyal ve k\u00fclt\u00fcrel ya\u015fant\u0131lar\u0131 hakk\u0131nda bilgiler veriyor. Son olarak d\u00f6nem tan\u0131kl\u0131klar\u0131, an\u0131 kitaplar\u0131, mimari kitaplar, Ankara rehberleri ve haritalar\u0131ndan yola \u00e7\u0131karak, Posta Caddesi\u2019ne \u0131\u015f\u0131k tutan de\u011ferli bir an\u0131 yaz\u0131s\u0131 dergide yer al\u0131yor. <\/p>\n","protected":false},"excerpt":{"rendered":"<p>Derginin ilk makalesi kentin kalbine, Ulus Meydan\u0131\u2019na odaklan\u0131yor. Makale, tarihsel s\u00fcre\u00e7 i\u00e7erisinde olu\u015fum, geli\u015fim ve d\u00f6n\u00fc\u015f\u00fcm\u00fcn\u00fc ortaya koyarak bir k\u00fclt\u00fcrel miras alan\u0131 olan Meydan\u2019\u0131n; k\u00fclt\u00fcrel niteli\u011fini,<span class=\"excerpt-hellip\"> [\u2026]<\/span><\/p>\n","protected":false},"featured_media":0,"template":"","meta":{"_monsterinsights_skip_tracking":false,"_monsterinsights_sitenote_active":false,"_monsterinsights_sitenote_note":"","_monsterinsights_sitenote_category":0},"product_brand":[],"product_cat":[13527],"product_tag":[],"class_list":{"0":"post-719358","1":"product","2":"type-product","3":"status-publish","5":"product_cat-sureli-yayinlar","6":"pa_cilt-ciltsiz","7":"pa_tur-kitap","8":"pa_yayinevi-vekam-koc-universitesi-vehbi-koc-ankara-arastirmalari-uygulama-ve-arastirma-merkezi","9":"pa_yazar-kolektif","11":"first","12":"instock","13":"sale","14":"shipping-taxable","15":"purchasable","16":"product-type-simple"},"_links":{"self":[{"href":"https:\/\/roveyayinevi.com.tr\/index.php\/wp-json\/wp\/v2\/product\/719358","targetHints":{"allow":["GET"]}}],"collection":[{"href":"https:\/\/roveyayinevi.com.tr\/index.php\/wp-json\/wp\/v2\/product"}],"about":[{"href":"https:\/\/roveyayinevi.com.tr\/index.php\/wp-json\/wp\/v2\/types\/product"}],"wp:attachment":[{"href":"https:\/\/roveyayinevi.com.tr\/index.php\/wp-json\/wp\/v2\/media?parent=719358"}],"wp:term":[{"taxonomy":"product_brand","embeddable":true,"href":"https:\/\/roveyayinevi.com.tr\/index.php\/wp-json\/wp\/v2\/product_brand?post=719358"},{"taxonomy":"product_cat","embeddable":true,"href":"https:\/\/roveyayinevi.com.tr\/index.php\/wp-json\/wp\/v2\/product_cat?post=719358"},{"taxonomy":"product_tag","embeddable":true,"href":"https:\/\/roveyayinevi.com.tr\/index.php\/wp-json\/wp\/v2\/product_tag?post=719358"}],"curies":[{"name":"wp","href":"https:\/\/api.w.org\/{rel}","templated":true}]}}