{"id":719346,"date":"2025-08-27T18:20:53","date_gmt":"2025-08-27T15:20:53","guid":{"rendered":"https:\/\/roveyayinevi.com.tr\/index.php\/urun\/ilkbaharin-sonbahara-aski\/"},"modified":"2026-04-16T02:27:32","modified_gmt":"2026-04-15T23:27:32","slug":"ilkbaharin-sonbahara-aski","status":"publish","type":"product","link":"https:\/\/roveyayinevi.com.tr\/index.php\/urun\/ilkbaharin-sonbahara-aski\/","title":{"rendered":"\u0130lkbahar\u0131n Sonbahara A\u015fk\u0131"},"content":{"rendered":"<p>\u2018Sanc\u0131l\u0131 bir a\u015fkt\u0131 bizimkisi imkans\u0131z t\u0131pk\u0131 ilkbahar\u0131n sonbahara a\u015fk\u0131 gibi&#8230;\u2019 1991 y\u0131l\u0131nda Burdur\u2019da milli e\u011fitimci bir baba ve ev han\u0131m\u0131 bir annenin ilk \u00e7ocu\u011fu olarak d\u00fcnyaya geldim. Bir erkek karde\u015fim var. \u0130lkokulu H\u00fcsn\u00fc Bayer ilkokulunda, liseyi Anadolu Meslek ve Meslek lisesinde okudum. Bucak Hikmet Tolunay M. Y. Okulu Bili\u015fim Teknolojileri b\u00f6l\u00fcm\u00fcnden mezun oldum. Bir Uzman \u00e7avu\u015f e\u015fiyim. Ve bir tane o\u011flum var. Burdur\u2019da ikamet etmekteyim. Uzman Ayy\u0131ld\u0131z Dergisi\u2019nde yazarl\u0131k yapmaktay\u0131m. <\/p>\n","protected":false},"excerpt":{"rendered":"<p>\u2018Sanc\u0131l\u0131 bir a\u015fkt\u0131 bizimkisi imkans\u0131z t\u0131pk\u0131 ilkbahar\u0131n sonbahara a\u015fk\u0131 gibi&#8230;\u2019 1991 y\u0131l\u0131nda Burdur\u2019da milli e\u011fitimci bir baba ve ev han\u0131m\u0131 bir annenin ilk \u00e7ocu\u011fu olarak d\u00fcnyaya<span class=\"excerpt-hellip\"> [\u2026]<\/span><\/p>\n","protected":false},"featured_media":0,"template":"","meta":{"_monsterinsights_skip_tracking":false,"_monsterinsights_sitenote_active":false,"_monsterinsights_sitenote_note":"","_monsterinsights_sitenote_category":0},"product_brand":[],"product_cat":[12291,12711],"product_tag":[],"class_list":{"0":"post-719346","1":"product","2":"type-product","3":"status-publish","5":"product_cat-edebiyat","6":"product_cat-roman-oyku","7":"pa_cilt-ciltsiz","8":"pa_tur-kitap","9":"pa_yayinevi-nar-agaci-yayinlari","10":"pa_yazar-ferda-altun-gencer","12":"first","13":"instock","14":"sale","15":"shipping-taxable","16":"purchasable","17":"product-type-simple"},"_links":{"self":[{"href":"https:\/\/roveyayinevi.com.tr\/index.php\/wp-json\/wp\/v2\/product\/719346","targetHints":{"allow":["GET"]}}],"collection":[{"href":"https:\/\/roveyayinevi.com.tr\/index.php\/wp-json\/wp\/v2\/product"}],"about":[{"href":"https:\/\/roveyayinevi.com.tr\/index.php\/wp-json\/wp\/v2\/types\/product"}],"wp:attachment":[{"href":"https:\/\/roveyayinevi.com.tr\/index.php\/wp-json\/wp\/v2\/media?parent=719346"}],"wp:term":[{"taxonomy":"product_brand","embeddable":true,"href":"https:\/\/roveyayinevi.com.tr\/index.php\/wp-json\/wp\/v2\/product_brand?post=719346"},{"taxonomy":"product_cat","embeddable":true,"href":"https:\/\/roveyayinevi.com.tr\/index.php\/wp-json\/wp\/v2\/product_cat?post=719346"},{"taxonomy":"product_tag","embeddable":true,"href":"https:\/\/roveyayinevi.com.tr\/index.php\/wp-json\/wp\/v2\/product_tag?post=719346"}],"curies":[{"name":"wp","href":"https:\/\/api.w.org\/{rel}","templated":true}]}}