{"id":719345,"date":"2025-08-27T18:20:53","date_gmt":"2025-08-27T15:20:53","guid":{"rendered":"https:\/\/roveyayinevi.com.tr\/index.php\/urun\/propaganda-guc-ve-ikna\/"},"modified":"2026-04-16T02:27:32","modified_gmt":"2026-04-15T23:27:32","slug":"propaganda-guc-ve-ikna","status":"publish","type":"product","link":"https:\/\/roveyayinevi.com.tr\/index.php\/urun\/propaganda-guc-ve-ikna\/","title":{"rendered":"Propaganda G\u00fc\u00e7 ve \u0130kna"},"content":{"rendered":"<p>\u201cPropagandan\u0131n bu y\u00fczy\u0131l\u0131n siyasetindeki \u00f6nemi k\u00fc\u00e7\u00fcmsenmemelidir. Propagandaya ve onun kamuoyu \u00fczerindeki varsay\u0131lan g\u00fcc\u00fcne giderek daha fazla \u00f6nem verilmesinin en a\u00e7\u0131k nedeni, siyasal kat\u0131l\u0131m\u0131n do\u011fas\u0131n\u0131 \u00e7arp\u0131c\u0131 bir \u015fekilde d\u00f6n\u00fc\u015ft\u00fcren, geni\u015fleyen politika zeminidir.  \u2018Kamuoyu y\u00f6netimi\u2019, geride b\u0131rakt\u0131\u011f\u0131m\u0131z y\u00fczy\u0131lda, sava\u015fta ve bar\u0131\u015fta devletleri merkezi \u00f6nemde me\u015fgul etti. Bu kitaptaki makaleler dizisi, \u2018kamuoyu y\u00f6netimi\u2019 tekniklerinin izini Birinci D\u00fcnya Sava\u015f\u0131\u2019ndan \u015fu anda Afganistan\u2019da s\u00fcren \u00e7at\u0131\u015fmaya ve WikiLeaks\u2019in kurulmas\u0131na kadar s\u00fcr\u00fcyor. Devlet liderlerinin ve devletleri ad\u0131na faaliyet y\u00fcr\u00fcten kamuoyu olu\u015fturucular\u0131n nas\u0131l da \u00fclke i\u00e7inde ve d\u0131\u015f\u0131nda halk\u0131n tutumlar\u0131n\u0131 \u015fekillendirmeye \u00e7al\u0131\u015ft\u0131\u011f\u0131n\u0131, bu do\u011frultuda medyay\u0131 kalpleri ve zihinleri kazanma hedefiyle donatma aray\u0131\u015f\u0131nda oldu\u011funu a\u00e7\u0131\u011fa \u00e7\u0131kar\u0131yor. Kitap, bug\u00fcn propaganda \u00e7al\u0131\u015fmas\u0131n\u0131n ve prati\u011finin tarih taraf\u0131ndan \u015fekillendirildi\u011fine dair ikna edici deliller sunuyor.\u201d <\/p>\n","protected":false},"excerpt":{"rendered":"<p>\u201cPropagandan\u0131n bu y\u00fczy\u0131l\u0131n siyasetindeki \u00f6nemi k\u00fc\u00e7\u00fcmsenmemelidir. Propagandaya ve onun kamuoyu \u00fczerindeki varsay\u0131lan g\u00fcc\u00fcne giderek daha fazla \u00f6nem verilmesinin en a\u00e7\u0131k nedeni, siyasal kat\u0131l\u0131m\u0131n do\u011fas\u0131n\u0131 \u00e7arp\u0131c\u0131 bir<span class=\"excerpt-hellip\"> [\u2026]<\/span><\/p>\n","protected":false},"featured_media":0,"template":"","meta":{"_monsterinsights_skip_tracking":false,"_monsterinsights_sitenote_active":false,"_monsterinsights_sitenote_note":"","_monsterinsights_sitenote_category":0},"product_brand":[],"product_cat":[13059,12337],"product_tag":[],"class_list":{"0":"post-719345","1":"product","2":"type-product","3":"status-publish","5":"product_cat-diger-politika-siyaset","6":"product_cat-politika-siyaset","7":"pa_cilt-ciltsiz","8":"pa_tur-kitap","9":"pa_yayinevi-inkilap-kitabevi","10":"pa_yazar-david-welch","12":"first","13":"instock","14":"sale","15":"shipping-taxable","16":"purchasable","17":"product-type-simple"},"_links":{"self":[{"href":"https:\/\/roveyayinevi.com.tr\/index.php\/wp-json\/wp\/v2\/product\/719345","targetHints":{"allow":["GET"]}}],"collection":[{"href":"https:\/\/roveyayinevi.com.tr\/index.php\/wp-json\/wp\/v2\/product"}],"about":[{"href":"https:\/\/roveyayinevi.com.tr\/index.php\/wp-json\/wp\/v2\/types\/product"}],"wp:attachment":[{"href":"https:\/\/roveyayinevi.com.tr\/index.php\/wp-json\/wp\/v2\/media?parent=719345"}],"wp:term":[{"taxonomy":"product_brand","embeddable":true,"href":"https:\/\/roveyayinevi.com.tr\/index.php\/wp-json\/wp\/v2\/product_brand?post=719345"},{"taxonomy":"product_cat","embeddable":true,"href":"https:\/\/roveyayinevi.com.tr\/index.php\/wp-json\/wp\/v2\/product_cat?post=719345"},{"taxonomy":"product_tag","embeddable":true,"href":"https:\/\/roveyayinevi.com.tr\/index.php\/wp-json\/wp\/v2\/product_tag?post=719345"}],"curies":[{"name":"wp","href":"https:\/\/api.w.org\/{rel}","templated":true}]}}