{"id":719206,"date":"2025-08-27T18:19:09","date_gmt":"2025-08-27T15:19:09","guid":{"rendered":"https:\/\/roveyayinevi.com.tr\/index.php\/urun\/kurtulus-savasinin-manevi-reisi\/"},"modified":"2026-04-16T02:27:29","modified_gmt":"2026-04-15T23:27:29","slug":"kurtulus-savasinin-manevi-reisi","status":"publish","type":"product","link":"https:\/\/roveyayinevi.com.tr\/index.php\/urun\/kurtulus-savasinin-manevi-reisi\/","title":{"rendered":"Kurtulu\u015f Sava\u015f\u0131&#8217;n\u0131n Manevi Reisi"},"content":{"rendered":"<p>Kitap, giri\u015f k\u0131sm\u0131, dokuz b\u00f6l\u00fcm ve sonu\u00e7tan olu\u015fmaktad\u0131r.I. B\u00f6l\u00fcmde; Konunun ge\u00e7ti\u011fi yer olan Ankara ad\u0131n\u0131n tarihteki anlamlar\u0131, \u0130lk \u00c7a\u011flar\u2019da ve T\u00fcrklerin H\u00e2kimiyeti\u2019nde Ankara\u2019n\u0131n tarihi yap\u0131s\u0131 anlat\u0131lm\u0131\u015ft\u0131r.II. B\u00f6l\u00fcmde; Osmanl\u0131 Devleti d\u00f6nemi Ankara\u2019n\u0131n idari y\u00f6netimi;III. B\u00f6l\u00fcmde; Kurtulu\u015f Sava\u015f\u0131\u2019n\u0131n Manevi Reisi, Mehmet Rifat (B\u00f6rek\u00e7i) Efendi\u2019nin hayat\u0131, Ankara ve stratejik \u00f6nemi, M\u00fcd\u00e2faa-i Hukuk Cemiyeti\u2019nin kurulmas\u0131ndan \u00f6nce milli faaliyetler,;IV. B\u00f6l\u00fcmde; Ankara\u2019da M\u00fcd\u00e2faa-i Hukuk Cemiyeti\u2019nin kurulmas\u0131 ve faaliyetleri, Siyasi kararlar\u0131, Ankara\u2019n\u0131n milli merkez olu\u015funda Mehmet Rifat Efendi\u2019nin rol\u00fc;V. B\u00f6l\u00fcmde; T\u00fcrklerin \u0130sl\u00e2miyet\u2019e giri\u015fi, fetv\u00e2lar\u0131n genel \u00f6zellikleri, Osmanl\u0131 ulem\u00e2s\u0131,  I. D\u00fcnya Sava\u015f\u0131 sebebiyle verilen cih\u00e2d fetv\u00e2lar\u0131, Milli direni\u015fi k\u0131rmak i\u00e7in \u0130stanbul H\u00fck\u00fcmeti\u2019nin fetv\u00e2s\u0131, \u0130stanbul H\u00fck\u00fcmeti fetv\u00e2s\u0131n\u0131n hangi \u015fartlar alt\u0131nda verildi\u011fi;VI. B\u00f6l\u00fcmde; T\u00fcrkiye B\u00fcy\u00fck Millet Meclisi\u2019nin a\u00e7\u0131lmas\u0131, Mehmet Rifat Efendi\u2019nin Mu\u011fla (Mente\u015fe) mebusu se\u00e7ilmesi, \u0130syanlar\u0131n \u0130\u00e7 ve D\u0131\u015f nedenleri, Mehmet Rifat Efendi\u2019nin \u00c7erkez Ethem\u2019e nasihati;VII. B\u00f6l\u00fcmde; \u015eeyh\u00fclisl\u00e2ml\u0131ktan \u015eer\u2019iyye Evkaf Vek\u00e2leti\u2019ne ge\u00e7i\u015f, Dine ba\u011fl\u0131 devlet devresi; VIII. B\u00f6l\u00fcmde; Diyanet \u0130\u015fleri Reisli\u011fi\u2019nin ismi \u00fczerinde yap\u0131lan m\u00fczakereler, Tarih\u00e7esi ve kurulu\u015fu;IX. B\u00f6l\u00fcmde; Mehmet Rifat B\u00f6rek\u00e7i\u2019nin Atat\u00fcrk\u2019le ili\u015fkileri, Mali kaynak iste\u011fiyle Ba\u015fvekil ve Cumhurreisi \u0130smet \u0130n\u00f6n\u00fc\u2019ye mektuplar\u0131, Cumhurreisi Umum K\u00e2tibi Kemal Gedele\u00e7\u2019e mektubu, \u0130smet \u0130n\u00f6n\u00fc ili\u015fkileri, Hayat\u0131n\u0131n son g\u00fcnleri, Torunlar\u0131 H. \u0130smet ve R\u0131fat B\u00f6rek\u00e7i\u2019nin Dedesi ile ilgili yaz\u0131l\u0131 bilgilendirmeleri ele al\u0131nm\u0131\u015ft\u0131r.Kitapta ayr\u0131ca resmi belgeler ve foto\u011fraflar yer almaktad\u0131r.<\/p>\n","protected":false},"excerpt":{"rendered":"<p>Kitap, giri\u015f k\u0131sm\u0131, dokuz b\u00f6l\u00fcm ve sonu\u00e7tan olu\u015fmaktad\u0131r.I. B\u00f6l\u00fcmde; Konunun ge\u00e7ti\u011fi yer olan Ankara ad\u0131n\u0131n tarihteki anlamlar\u0131, \u0130lk \u00c7a\u011flar\u2019da ve T\u00fcrklerin H\u00e2kimiyeti\u2019nde Ankara\u2019n\u0131n tarihi yap\u0131s\u0131 anlat\u0131lm\u0131\u015ft\u0131r.II.<span class=\"excerpt-hellip\"> [\u2026]<\/span><\/p>\n","protected":false},"featured_media":0,"template":"","meta":{"_monsterinsights_skip_tracking":false,"_monsterinsights_sitenote_active":false,"_monsterinsights_sitenote_note":"","_monsterinsights_sitenote_category":0},"product_brand":[],"product_cat":[12304,13493],"product_tag":[],"class_list":{"0":"post-719206","1":"product","2":"type-product","3":"status-publish","5":"product_cat-tarih","6":"product_cat-turkiye-ve-cumhuriyet-tarihi","7":"pa_cilt-ciltsiz","8":"pa_tur-kitap","9":"pa_yayinevi-astana-yayinlari","10":"pa_yazar-abdurrahman-kaplan","12":"first","13":"instock","14":"sale","15":"shipping-taxable","16":"purchasable","17":"product-type-simple"},"_links":{"self":[{"href":"https:\/\/roveyayinevi.com.tr\/index.php\/wp-json\/wp\/v2\/product\/719206","targetHints":{"allow":["GET"]}}],"collection":[{"href":"https:\/\/roveyayinevi.com.tr\/index.php\/wp-json\/wp\/v2\/product"}],"about":[{"href":"https:\/\/roveyayinevi.com.tr\/index.php\/wp-json\/wp\/v2\/types\/product"}],"wp:attachment":[{"href":"https:\/\/roveyayinevi.com.tr\/index.php\/wp-json\/wp\/v2\/media?parent=719206"}],"wp:term":[{"taxonomy":"product_brand","embeddable":true,"href":"https:\/\/roveyayinevi.com.tr\/index.php\/wp-json\/wp\/v2\/product_brand?post=719206"},{"taxonomy":"product_cat","embeddable":true,"href":"https:\/\/roveyayinevi.com.tr\/index.php\/wp-json\/wp\/v2\/product_cat?post=719206"},{"taxonomy":"product_tag","embeddable":true,"href":"https:\/\/roveyayinevi.com.tr\/index.php\/wp-json\/wp\/v2\/product_tag?post=719206"}],"curies":[{"name":"wp","href":"https:\/\/api.w.org\/{rel}","templated":true}]}}