{"id":719172,"date":"2025-08-27T18:18:41","date_gmt":"2025-08-27T15:18:41","guid":{"rendered":"https:\/\/roveyayinevi.com.tr\/index.php\/urun\/curumenin-estetigi\/"},"modified":"2025-09-15T12:02:44","modified_gmt":"2025-09-15T09:02:44","slug":"curumenin-estetigi","status":"publish","type":"product","link":"https:\/\/roveyayinevi.com.tr\/index.php\/urun\/curumenin-estetigi\/","title":{"rendered":"\u00c7\u00fcr\u00fcmenin Esteti\u011fi"},"content":{"rendered":"<p>K\u0131rk y\u0131ll\u0131k k\u00fcreselci kar\u015f\u0131devrim y\u0131llar\u0131n\u0131n en \u00f6nemli olgusu, k\u00fclt\u00fcrel ya\u015famda, sanat ve edebiyatta ya\u015fanan b\u00fcy\u00fck ba\u015fkala\u015f\u0131m ve yabanc\u0131la\u015fmad\u0131r. S\u00f6z konusu olan, sanat ve edebiyattaki toplumsal ve ulusal i\u00e7eri\u011fe, y\u00fcksek estetiksel niteli\u011fe ve anlam kayg\u0131s\u0131na kar\u015f\u0131 a\u00e7\u0131lan k\u00fcreselci postmodernizmin i\u00e7eriksizle\u015ftirme, kitschle\u015ftirme, baya\u011f\u0131la\u015ft\u0131rma sava\u015f\u0131d\u0131r. Mehmet Ulusoy bu kitapta, emperyalist Yeni Orta\u00e7a\u011f&#8217;\u0131n k\u00fclt\u00fcrel bi\u00e7imi olarak postmodernizmi incelerken, asalakla\u015fman\u0131n ve mafyala\u015fman\u0131n doru\u011fa \u00e7\u0131kt\u0131\u011f\u0131, \u00fcreticili\u011fin ve yarat\u0131c\u0131l\u0131\u011f\u0131n de\u011ferinin g\u00f6zden d\u00fc\u015ft\u00fc\u011f\u00fc; \u201cT\u00fcketim Toplumu\u201d da denen bu \u00e7a\u011f\u0131n d\u00fc\u015f\u00fcnce ve ya\u015fam tarz\u0131n\u0131, sanat anlay\u0131\u015f\u0131n\u0131 \u00e7ok boyutlu ele al\u0131yor. Bat\u0131 merkezli kapitalist uygarl\u0131\u011f\u0131n yakla\u015f\u0131k 250 y\u0131ll\u0131k geli\u015fim dinamikleri i\u00e7inde k\u00fclt\u00fcr ve sanat\u0131n ser\u00fcvenini ele al\u0131yor. Ayr\u0131ca Romantizm, Modernizm, Ger\u00e7ek\u00e7ilik, Toplumsal Ger\u00e7ek\u00e7ilik vb di\u011fer sanat ak\u0131mlar\u0131n\u0131 inceliyor ve tart\u0131\u015f\u0131yor. \u00d6zellikle burjuvazinin gericile\u015fmeye ba\u015flad\u0131\u011f\u0131 1848&#8217;lerden itibaren, liberal-bireyci \u00f6znelcilik ve ger\u00e7ek\u00e7i-toplumsall\u0131k ekseninde \u00e7a\u011fda\u015f sanat ak\u0131mlar\u0131n\u0131n nas\u0131l ayr\u0131\u015ft\u0131\u011f\u0131, hangi a\u015famalardan ge\u00e7ti\u011fi ve yeni bi\u00e7imler ald\u0131\u011f\u0131 geni\u015f bir \u00e7er\u00e7evede ele al\u0131yor. \u00d6zcesi, postmodernizm, kapitalist-emperyalist uygarl\u0131\u011f\u0131n \u00e7\u00fcr\u00fcme ve \u00e7\u00f6k\u00fc\u015f s\u00fcrecini, k\u00fclt\u00fcr-sanat bi\u00e7imi olarak olduk\u00e7a geni\u015f ele al\u0131rken, \u00fclkemize hangi bi\u00e7imlerde yans\u0131d\u0131\u011f\u0131, nas\u0131l b\u00fcy\u00fck bir \u00f6zg\u00fcrl\u00fck yan\u0131lsamas\u0131, hatta sahte bir \u00f6zg\u00fcrl\u00fck\u00e7\u00fcl\u00fck ve estetik\u00e7ilik oldu\u011fu son derece \u00f6\u011fretici, zihin a\u00e7\u0131c\u0131 bir bi\u00e7imde vurgulan\u0131yor. Sonu\u00e7 olarak \u201c\u00c7\u00fcr\u00fcmenin Esteti\u011fi\u201d g\u00fcn\u00fcm\u00fcz\u00fcn ruhsuzla\u015fm\u0131\u015f ve \u00e7orakla\u015fm\u0131\u015f sanat ve edebiyat d\u00fcnyas\u0131nda d\u00fczeyli, ufuk a\u00e7\u0131c\u0131 ve Bat\u0131 merkezli tabular\u0131 y\u0131kmada \u00f6nemli bir kaynakt\u0131r. <\/p>\n","protected":false},"excerpt":{"rendered":"<p>K\u0131rk y\u0131ll\u0131k k\u00fcreselci kar\u015f\u0131devrim y\u0131llar\u0131n\u0131n en \u00f6nemli olgusu, k\u00fclt\u00fcrel ya\u015famda, sanat ve edebiyatta ya\u015fanan b\u00fcy\u00fck ba\u015fkala\u015f\u0131m ve yabanc\u0131la\u015fmad\u0131r. S\u00f6z konusu olan, sanat ve edebiyattaki toplumsal ve<span class=\"excerpt-hellip\"> [\u2026]<\/span><\/p>\n","protected":false},"featured_media":0,"template":"","meta":{"_monsterinsights_skip_tracking":false,"_monsterinsights_sitenote_active":false,"_monsterinsights_sitenote_note":"","_monsterinsights_sitenote_category":0},"product_brand":[],"product_cat":[16038,12388],"product_tag":[],"class_list":{"0":"post-719172","1":"product","2":"type-product","3":"status-publish","5":"product_cat-arastirma-inceleme-referans-felsefe","6":"product_cat-felsefe","7":"pa_cilt-ciltsiz","8":"pa_tur-kitap","9":"pa_yayinevi-berfin-yayinlari","10":"pa_yazar-mehmet-ulusoy","12":"first","13":"instock","14":"sale","15":"shipping-taxable","16":"purchasable","17":"product-type-simple"},"_links":{"self":[{"href":"https:\/\/roveyayinevi.com.tr\/index.php\/wp-json\/wp\/v2\/product\/719172","targetHints":{"allow":["GET"]}}],"collection":[{"href":"https:\/\/roveyayinevi.com.tr\/index.php\/wp-json\/wp\/v2\/product"}],"about":[{"href":"https:\/\/roveyayinevi.com.tr\/index.php\/wp-json\/wp\/v2\/types\/product"}],"wp:attachment":[{"href":"https:\/\/roveyayinevi.com.tr\/index.php\/wp-json\/wp\/v2\/media?parent=719172"}],"wp:term":[{"taxonomy":"product_brand","embeddable":true,"href":"https:\/\/roveyayinevi.com.tr\/index.php\/wp-json\/wp\/v2\/product_brand?post=719172"},{"taxonomy":"product_cat","embeddable":true,"href":"https:\/\/roveyayinevi.com.tr\/index.php\/wp-json\/wp\/v2\/product_cat?post=719172"},{"taxonomy":"product_tag","embeddable":true,"href":"https:\/\/roveyayinevi.com.tr\/index.php\/wp-json\/wp\/v2\/product_tag?post=719172"}],"curies":[{"name":"wp","href":"https:\/\/api.w.org\/{rel}","templated":true}]}}