{"id":719126,"date":"2025-08-27T18:18:08","date_gmt":"2025-08-27T15:18:08","guid":{"rendered":"https:\/\/roveyayinevi.com.tr\/index.php\/urun\/namik-kemalin-hurriyet-gazetesi-1-surgunde-muhalefet\/"},"modified":"2026-04-16T02:27:27","modified_gmt":"2026-04-15T23:27:27","slug":"namik-kemalin-hurriyet-gazetesi-1-surgunde-muhalefet","status":"publish","type":"product","link":"https:\/\/roveyayinevi.com.tr\/index.php\/urun\/namik-kemalin-hurriyet-gazetesi-1-surgunde-muhalefet\/","title":{"rendered":"Nam\u0131k Kemal&#8217;in H\u00fcrriyet Gazetesi 1-S\u00fcrg\u00fcnde Muhalefet"},"content":{"rendered":"<p>Nam\u0131k Kemal entelekt\u00fcel anlamda modern T\u00fcrkiye\u2019nin kurucu babalar\u0131ndan biri; b\u0131rakt\u0131\u011f\u0131 edebi, siyasi, k\u00fclt\u00fcrel miras bak\u0131m\u0131ndan belki de en \u00f6nemlisidir. Yeni Osmanl\u0131 Cemiyeti \u00fcyelerinin Bat\u0131 Avrupa\u2019ya s\u00fcrg\u00fcne gitti\u011fi y\u0131llarda, 1868-1870 aras\u0131nda, \u00f6nce Londra\u2019da, ard\u0131ndan da Cenevre\u2019de Ziya Pa\u015fa ile beraber \u00e7\u0131karm\u0131\u015f oldu\u011fu H\u00fcrriyet gazetesi, hem Kemal Beyin hem de Tanzimat d\u00f6nemi Osmanl\u0131-T\u00fcrk d\u00fc\u015f\u00fcnce d\u00fcnyas\u0131n\u0131 anlamak i\u00e7in asli bir \u00f6nem ta\u015f\u0131r. H\u00fcrriyet gazetesinde, gerek Nam\u0131k Kemal, gerekse Ziya Pa\u015fa, h\u00e2l\u00e2 \u00f6nemini korumakta olan pek \u00e7ok makale yaz\u0131p yay\u0131nlam\u0131\u015f ve T\u00fcrk siyasi k\u00fclt\u00fcr\u00fcne yeni kavramlar, yeni fikirler arma\u011fan etmi\u015ftir. Vak\u0131fBank K\u00fclt\u00fcr Yay\u0131nlar\u0131, yay\u0131n hayat\u0131n\u0131n hemen ba\u015f\u0131nda, bu de\u011ferli birikimi Latin harfleriyle eksiksiz ve tam koleksiyon halinde yay\u0131ml\u0131yor. Birinci cildi Haziran 1868-Haziran 1869 aras\u0131ndaki ilk 50 say\u0131y\u0131 i\u00e7eren, ikinci cildi ise Haziran 1869-Haziran 1870 aras\u0131ndaki 51.-100. say\u0131lardan olu\u015fan S\u00fcrg\u00fcnde Muhalefet: Nam\u0131k Kemal\u2019in H\u00fcrriyet Gazetesi, T\u00fcrkiye\u2019nin d\u00fc\u015f\u00fcnce miras\u0131n\u0131 anlamak isteyenlere \u00f6nemli bir kaynak&#8230;<\/p>\n","protected":false},"excerpt":{"rendered":"<p>Nam\u0131k Kemal entelekt\u00fcel anlamda modern T\u00fcrkiye\u2019nin kurucu babalar\u0131ndan biri; b\u0131rakt\u0131\u011f\u0131 edebi, siyasi, k\u00fclt\u00fcrel miras bak\u0131m\u0131ndan belki de en \u00f6nemlisidir. Yeni Osmanl\u0131 Cemiyeti \u00fcyelerinin Bat\u0131 Avrupa\u2019ya s\u00fcrg\u00fcne<span class=\"excerpt-hellip\"> [\u2026]<\/span><\/p>\n","protected":false},"featured_media":0,"template":"","meta":{"_monsterinsights_skip_tracking":false,"_monsterinsights_sitenote_active":false,"_monsterinsights_sitenote_note":"","_monsterinsights_sitenote_category":0},"product_brand":[],"product_cat":[13517,12304],"product_tag":[],"class_list":{"0":"post-719126","1":"product","2":"type-product","3":"status-publish","5":"product_cat-osmanli-tarihi","6":"product_cat-tarih","7":"pa_cilt-ciltsiz","8":"pa_tur-kitap","9":"pa_yayinevi-vakifbank-kultur-yayinlari","10":"pa_yazar-namik-kemal","12":"first","13":"instock","14":"sale","15":"shipping-taxable","16":"purchasable","17":"product-type-simple"},"_links":{"self":[{"href":"https:\/\/roveyayinevi.com.tr\/index.php\/wp-json\/wp\/v2\/product\/719126","targetHints":{"allow":["GET"]}}],"collection":[{"href":"https:\/\/roveyayinevi.com.tr\/index.php\/wp-json\/wp\/v2\/product"}],"about":[{"href":"https:\/\/roveyayinevi.com.tr\/index.php\/wp-json\/wp\/v2\/types\/product"}],"wp:attachment":[{"href":"https:\/\/roveyayinevi.com.tr\/index.php\/wp-json\/wp\/v2\/media?parent=719126"}],"wp:term":[{"taxonomy":"product_brand","embeddable":true,"href":"https:\/\/roveyayinevi.com.tr\/index.php\/wp-json\/wp\/v2\/product_brand?post=719126"},{"taxonomy":"product_cat","embeddable":true,"href":"https:\/\/roveyayinevi.com.tr\/index.php\/wp-json\/wp\/v2\/product_cat?post=719126"},{"taxonomy":"product_tag","embeddable":true,"href":"https:\/\/roveyayinevi.com.tr\/index.php\/wp-json\/wp\/v2\/product_tag?post=719126"}],"curies":[{"name":"wp","href":"https:\/\/api.w.org\/{rel}","templated":true}]}}