{"id":719101,"date":"2025-08-27T18:17:47","date_gmt":"2025-08-27T15:17:47","guid":{"rendered":"https:\/\/roveyayinevi.com.tr\/index.php\/urun\/cehennemin-tarihi\/"},"modified":"2026-04-16T02:27:27","modified_gmt":"2026-04-15T23:27:27","slug":"cehennemin-tarihi","status":"publish","type":"product","link":"https:\/\/roveyayinevi.com.tr\/index.php\/urun\/cehennemin-tarihi\/","title":{"rendered":"Cehennemin Tarihi"},"content":{"rendered":"<p>Cehennem, insano\u011flunun gelmi\u015f ge\u00e7mi\u015f en b\u00fcy\u00fck k\u00e2busu. \u00d6l\u00fcmden sonras\u0131n\u0131n bilinmezli\u011fi kar\u015f\u0131s\u0131nda duyulan korku yat\u0131yor temelinde. Ahlak bilincinin geli\u015fmesiyle birlikte, dinin tekelinde, k\u00f6t\u00fclere ayr\u0131lm\u0131\u015f bir ceza ve i\u015fkence ayg\u0131t\u0131na d\u00f6n\u00fc\u015f\u00fcyor. Yaz\u0131 \u00f6ncesinden modern \u00e7a\u011flara uzanan, Do\u011fu\u2019dan Bat\u0131\u2019ya katmerlenen muhtelif temsilleriyle cehennem her uygarl\u0131\u011f\u0131n, toplumsal sorunlar\u0131n\u0131 \u00e7\u00f6zmedeki a\u00e7mazlar\u0131n\u0131n aynas\u0131. \u0130nsanl\u0131k kendi gizemini \u00e7\u00f6zemedi\u011fi s\u00fcrece kafas\u0131nda her daim bir cehennem tahayy\u00fcl edecek. Cehennemin tarihi, kendi varolu\u015fuyla y\u00fczle\u015fen insano\u011flunun tarihidir.<\/p>\n","protected":false},"excerpt":{"rendered":"<p>Cehennem, insano\u011flunun gelmi\u015f ge\u00e7mi\u015f en b\u00fcy\u00fck k\u00e2busu. \u00d6l\u00fcmden sonras\u0131n\u0131n bilinmezli\u011fi kar\u015f\u0131s\u0131nda duyulan korku yat\u0131yor temelinde. Ahlak bilincinin geli\u015fmesiyle birlikte, dinin tekelinde, k\u00f6t\u00fclere ayr\u0131lm\u0131\u015f bir ceza ve<span class=\"excerpt-hellip\"> [\u2026]<\/span><\/p>\n","protected":false},"featured_media":0,"template":"","meta":{"_monsterinsights_skip_tracking":false,"_monsterinsights_sitenote_active":false,"_monsterinsights_sitenote_note":"","_monsterinsights_sitenote_category":0},"product_brand":[],"product_cat":[12370,12304],"product_tag":[],"class_list":{"0":"post-719101","1":"product","2":"type-product","3":"status-publish","5":"product_cat-arastirma-inceleme","6":"product_cat-tarih","7":"pa_cilt-ciltsiz","8":"pa_tur-kitap","9":"pa_yayinevi-kirmizi-kedi-yayinevi","10":"pa_yazar-georges-minois","12":"first","13":"instock","14":"sale","15":"shipping-taxable","16":"purchasable","17":"product-type-simple"},"_links":{"self":[{"href":"https:\/\/roveyayinevi.com.tr\/index.php\/wp-json\/wp\/v2\/product\/719101","targetHints":{"allow":["GET"]}}],"collection":[{"href":"https:\/\/roveyayinevi.com.tr\/index.php\/wp-json\/wp\/v2\/product"}],"about":[{"href":"https:\/\/roveyayinevi.com.tr\/index.php\/wp-json\/wp\/v2\/types\/product"}],"wp:attachment":[{"href":"https:\/\/roveyayinevi.com.tr\/index.php\/wp-json\/wp\/v2\/media?parent=719101"}],"wp:term":[{"taxonomy":"product_brand","embeddable":true,"href":"https:\/\/roveyayinevi.com.tr\/index.php\/wp-json\/wp\/v2\/product_brand?post=719101"},{"taxonomy":"product_cat","embeddable":true,"href":"https:\/\/roveyayinevi.com.tr\/index.php\/wp-json\/wp\/v2\/product_cat?post=719101"},{"taxonomy":"product_tag","embeddable":true,"href":"https:\/\/roveyayinevi.com.tr\/index.php\/wp-json\/wp\/v2\/product_tag?post=719101"}],"curies":[{"name":"wp","href":"https:\/\/api.w.org\/{rel}","templated":true}]}}