{"id":719096,"date":"2025-08-27T18:17:44","date_gmt":"2025-08-27T15:17:44","guid":{"rendered":"https:\/\/roveyayinevi.com.tr\/index.php\/urun\/fikrimizin-rehberi\/"},"modified":"2025-09-12T12:39:35","modified_gmt":"2025-09-12T09:39:35","slug":"fikrimizin-rehberi","status":"publish","type":"product","link":"https:\/\/roveyayinevi.com.tr\/index.php\/urun\/fikrimizin-rehberi\/","title":{"rendered":"Fikrimizin Rehberi"},"content":{"rendered":"<p>Ortaokula gelene kadar Mustafa&#8217;yd\u0131&#8230;Matematik yetene\u011fiyle Mustafa Kemal oldu&#8230;Emperyalizmi dize getirdi, Gazi Mustafa Kemal oldu&#8230;Y\u00fczlerce y\u0131l\u0131n k\u00f6kle\u015fmi\u015f al\u0131\u015fkanl\u0131k ve geleneklerini y\u0131kt\u0131, Gazi MustafaKemal Atat\u00fcrk oldu&#8230; T\u00fcrk halk\u0131 ona, &#8220;Atat\u00fcrk,&#8221; dedi.T\u00fcrkiye&#8217;de do\u011fan ve parlayan y\u0131ld\u0131z, bize izleyece\u011fimiz yolu g\u00f6sterdi, &#8220;Fikrimizin Rehberi&#8221; oldu.&#8221;Onun insan olarak \u00fclk\u00fcs\u00fc, iyilik, g\u00fczellik ve do\u011fruluk idi. Siyaset adam\u0131 olarak \u00fclk\u00fcs\u00fc de, ekmek, e\u011fitim ve bar\u0131\u015f idi. Bu \u00fclk\u00fclerini ger\u00e7ekle\u015ftirmek sorumlulu\u011funu i\u00e7inde duydu\u011fu i\u00e7in cesaretle, imanla, bilgi ve ak\u0131lla \u00e7al\u0131\u015ft\u0131. Yalan ve yanl\u0131\u015f \u00fczerine kurulan \u00f6rg\u00fctleri y\u0131kt\u0131. Kendisinden halife olmas\u0131n\u0131 isteyenlere, &#8220;Hay\u0131r, Cumhuriyet kurulacakt\u0131r,&#8221; dedi. Hasta hayal arkas\u0131ndan s\u00fcr\u00fcklenip b\u00fcy\u00fck fetihlere giri\u015fmek isteyenlere Misak-\u0131 Mill\u00ee&#8217;yi g\u00f6sterdi. Kurtulu\u015f i\u00e7in cami yap\u0131lmas\u0131nda direnenlere, &#8220;Halk, cami de\u011fil, fabrika ve okul istiyor,&#8221; yan\u0131t\u0131n\u0131 verdi. \u00d6lm\u00fc\u015f geleneklere as\u0131lmakta yarar, umanlara da, &#8220;Hayatta en ger\u00e7ek yol g\u00f6sterici bilimdir,&#8221; diyerek ger\u00e7ek kurtulu\u015fun yolunu g\u00f6sterdi. Devrimde yabanc\u0131 \u00fclkelerdeki baz\u0131 liderlerin kasapl\u0131ktan, s\u0131vac\u0131l\u0131ktan, \u00e7etecilikten yeti\u015ferek \u00fclkelerinin ba\u015f\u0131na ge\u00e7ip s\u0131rtlar\u0131na mare\u015fal \u00fcniformas\u0131 ge\u00e7irdikleri ve sava\u015f\u0131 \u00fclk\u00fcle\u015ftirdikleri s\u0131rada o, \u00fcniformas\u0131n\u0131 att\u0131, gazilik ve mare\u015fallik r\u00fctbe ve unvan\u0131n\u0131 bir tarafa b\u0131rakt\u0131, \u00fclke savunmas\u0131 d\u0131\u015f\u0131nda sava\u015f\u0131 &#8216;bir cinayet&#8217; olarak mahkum etti. Ve uygar insanl\u0131\u011f\u0131n kalbinde ya\u015fayan y\u00fcce bir duyguyu, &#8216;Yurtta bar\u0131\u015f, d\u00fcnyada bar\u0131\u015f,&#8217; diye ilan etti.&#8221; Bu kitapta okuyaca\u011f\u0131n\u0131z \u00f6yk\u00fc yaln\u0131zca bir liderin, bir komutan\u0131n, bir devlet adam\u0131n\u0131n, bir devrimcinin, \u00f6zya\u015fam\u00f6yk\u00fcs\u00fc de\u011fil, T\u00fcrkiye Cumhuriyeti\u2019nin de kurtulu\u015f, kurulu\u015f ve k\u00fcreselle\u015fme f\u0131rt\u0131nas\u0131nda savrulu\u015funun da \u00f6yk\u00fcs\u00fcd\u00fcr.<\/p>\n","protected":false},"excerpt":{"rendered":"<p>Ortaokula gelene kadar Mustafa&#8217;yd\u0131&#8230;Matematik yetene\u011fiyle Mustafa Kemal oldu&#8230;Emperyalizmi dize getirdi, Gazi Mustafa Kemal oldu&#8230;Y\u00fczlerce y\u0131l\u0131n k\u00f6kle\u015fmi\u015f al\u0131\u015fkanl\u0131k ve geleneklerini y\u0131kt\u0131, Gazi MustafaKemal Atat\u00fcrk oldu&#8230; T\u00fcrk halk\u0131<span class=\"excerpt-hellip\"> [\u2026]<\/span><\/p>\n","protected":false},"featured_media":0,"template":"","meta":{"_monsterinsights_skip_tracking":false,"_monsterinsights_sitenote_active":false,"_monsterinsights_sitenote_note":"","_monsterinsights_sitenote_category":0},"product_brand":[],"product_cat":[12530,12304],"product_tag":[],"class_list":{"0":"post-719096","1":"product","2":"type-product","3":"status-publish","5":"product_cat-mustafa-kemal-ataturk","6":"product_cat-tarih","7":"pa_cilt-ciltsiz","8":"pa_tur-kitap","9":"pa_yayinevi-alfa-yayinlari","10":"pa_yazar-erol-mutercimler","12":"first","13":"instock","14":"sale","15":"shipping-taxable","16":"purchasable","17":"product-type-simple"},"_links":{"self":[{"href":"https:\/\/roveyayinevi.com.tr\/index.php\/wp-json\/wp\/v2\/product\/719096","targetHints":{"allow":["GET"]}}],"collection":[{"href":"https:\/\/roveyayinevi.com.tr\/index.php\/wp-json\/wp\/v2\/product"}],"about":[{"href":"https:\/\/roveyayinevi.com.tr\/index.php\/wp-json\/wp\/v2\/types\/product"}],"wp:attachment":[{"href":"https:\/\/roveyayinevi.com.tr\/index.php\/wp-json\/wp\/v2\/media?parent=719096"}],"wp:term":[{"taxonomy":"product_brand","embeddable":true,"href":"https:\/\/roveyayinevi.com.tr\/index.php\/wp-json\/wp\/v2\/product_brand?post=719096"},{"taxonomy":"product_cat","embeddable":true,"href":"https:\/\/roveyayinevi.com.tr\/index.php\/wp-json\/wp\/v2\/product_cat?post=719096"},{"taxonomy":"product_tag","embeddable":true,"href":"https:\/\/roveyayinevi.com.tr\/index.php\/wp-json\/wp\/v2\/product_tag?post=719096"}],"curies":[{"name":"wp","href":"https:\/\/api.w.org\/{rel}","templated":true}]}}