{"id":719017,"date":"2025-08-27T18:16:37","date_gmt":"2025-08-27T15:16:37","guid":{"rendered":"https:\/\/roveyayinevi.com.tr\/index.php\/urun\/arsivin-bellegi-marcell-restlenin-anadolu-arastirmalari\/"},"modified":"2026-04-16T02:26:54","modified_gmt":"2026-04-15T23:26:54","slug":"arsivin-bellegi-marcell-restlenin-anadolu-arastirmalari","status":"publish","type":"product","link":"https:\/\/roveyayinevi.com.tr\/index.php\/urun\/arsivin-bellegi-marcell-restlenin-anadolu-arastirmalari\/","title":{"rendered":"Ar\u015fivin Belle\u011fi: Marcell Restle\u2019nin Anadolu Ara\u015ft\u0131rmalar\u0131"},"content":{"rendered":"<p>Ko\u00e7 \u00dcniversitesi Anadolu Medeniyetleri Ara\u015ft\u0131rma Merkezi\u2019nin (ANAMED) Ana Galerisi\u2019nde ziyaret\u00e7ilerle bulu\u015facak \u201cAr\u015fivin Belle\u011fi: Marcell Restle\u2019nin Anadolu Ara\u015ft\u0131rmalar\u0131 \/ Archival Memories: Marcell Restle\u2019s Research in Anatolia and Beyond\u201d sergisinin kitaplar\u0131 hem T\u00fcrk\u00e7e hem \u0130ngilizce iki ayr\u0131 kitap olarak e\u015f zamanl\u0131 yay\u0131mlan\u0131yor.Sergiyle e\u015f zamanl\u0131 ve ayn\u0131 ba\u015fl\u0131klar\u0131 ta\u015f\u0131yan bir \u0130ngilizce ve bir T\u00fcrk\u00e7e kitap ise okurlarla bulu\u015fuyor. Edit\u00f6rl\u00fc\u011f\u00fcn\u00fc serginin de k\u00fcrat\u00f6rleri olan Viyana \u00dcniversitesi\u2019nden Lioba Theis, Su Sultan Ak\u00fclker ve Caroline Mang\u2019\u0131n yapt\u0131\u011f\u0131 ve \u00e7evirisini Yi\u011fit Adam\u2019\u0131n \u00fcstlendi\u011fi kitap Lioba Theis, Birgitt Borkopp-Restle, Johannes Koder, Friedrich Hild, Klaus Belke, Tolga Uyar, Peter Waldh\u00e4usl, Su Sultan Ak\u00fclker, Caroline Mang, Philipp Pichler, Nina Rannharter ve Cedric Huss\u2019un yaz\u0131lar\u0131ndan olu\u015fuyor. Marcell Restle\u2019nin ara\u015ft\u0131rmaya adanm\u0131\u015f hayat\u0131n\u0131 aktarman\u0131n yan\u0131 s\u0131ra Anadolu ve kom\u015fu b\u00f6lgelerde yapt\u0131\u011f\u0131 incelemeleri konu alan kitab\u0131n ek b\u00f6l\u00fcm\u00fcnde, bir\u00e7o\u011fu sergide yer alan foto\u011frafa da yer veriliyor.1932\u2019de Almanya\u2019n\u0131n gu\u0308neyindeki Bad Waldsee ad\u0131nda ku\u0308\u00e7u\u0308k bir \u015fehirde du\u0308nyaya gelen Restle, Tu\u0308bingen ve Mu\u0308nih u\u0308niversitelerinde sanat tarihi, Bizans ara\u015ft\u0131rmalar\u0131 ve H\u0131ristiyanl\u0131k tarihi alanlar\u0131nda e\u011fitim ald\u0131. Bir y\u0131l \u00f6\u011frencisi oldu\u011fu \u0130stanbul \u00dcniversitesi\u2019nde Almanya ve Tu\u0308rkiye k\u00f6kenli hocalardan ald\u0131\u011f\u0131 dersler, Restle\u2019nin \u00f6nu\u0308nde yeni ufuklar a\u00e7t\u0131. Bizans Sanat\u0131\u2019n\u0131n yan\u0131 s\u0131ra \u0130slam Sanat\u0131, Sel\u00e7uklu ve \u00f6zellikle de Osmanl\u0131 Mimarisi u\u0308zerine yapt\u0131\u011f\u0131 \u00e7al\u0131\u015fmalar, Viyana ve Mu\u0308nih u\u0308niversitelerinde bu alanlar u\u0308zerine verdigi dersler, \u0130stanbul ve Anadolu\u2019yu da i\u00e7ine alan tu\u0308m Do\u011fu Akdeniz\u2019e yapt\u0131\u011f\u0131 say\u0131s\u0131z ara\u015ft\u0131rma gezileri onu mimari konusunda, \u00f6zellikle yap\u0131lar\u0131n sistematik bir bi\u00e7imde belgelenmesinde uzmanla\u015ft\u0131rd\u0131.\u201cAr\u015fivin Belle\u011fi,\u201d bir yandan Restle\u2019nin bir \u00e7al\u0131\u015fma gu\u0308nu\u0308nu\u0308 nas\u0131l ge\u00e7irmi\u015f olabilece\u011fine, zaman\u0131n\u0131 nas\u0131l sistematik bi\u00e7imde planlad\u0131\u011f\u0131na, internetin dahi olmad\u0131\u011f\u0131 bir d\u00f6nemde \u00e7al\u0131\u015f\u0131rken kulland\u0131\u011f\u0131 metotlara dair bilgiler verirken bir yandan da bir\u00e7o\u011fu art\u0131k yaln\u0131zca belleklerde kalan ku\u0308ltu\u0308r varl\u0131klar\u0131n\u0131n kentsel yap\u0131 i\u00e7erisindeki durumlar\u0131n\u0131 retrospektif bir bak\u0131\u015f a\u00e7\u0131s\u0131yla sunmay\u0131 hedefliyor.<\/p>\n","protected":false},"excerpt":{"rendered":"<p>Ko\u00e7 \u00dcniversitesi Anadolu Medeniyetleri Ara\u015ft\u0131rma Merkezi\u2019nin (ANAMED) Ana Galerisi\u2019nde ziyaret\u00e7ilerle bulu\u015facak \u201cAr\u015fivin Belle\u011fi: Marcell Restle\u2019nin Anadolu Ara\u015ft\u0131rmalar\u0131 \/ Archival Memories: Marcell Restle\u2019s Research in Anatolia and<span class=\"excerpt-hellip\"> [\u2026]<\/span><\/p>\n","protected":false},"featured_media":0,"template":"","meta":{"_monsterinsights_skip_tracking":false,"_monsterinsights_sitenote_active":false,"_monsterinsights_sitenote_note":"","_monsterinsights_sitenote_category":0},"product_brand":[],"product_cat":[12370,12304],"product_tag":[],"class_list":{"0":"post-719017","1":"product","2":"type-product","3":"status-publish","5":"product_cat-arastirma-inceleme","6":"product_cat-tarih","7":"pa_cilt-ciltsiz","8":"pa_tur-kitap","9":"pa_yayinevi-koc-universitesi-yayinlari","10":"pa_yazar-kolektif","12":"first","13":"instock","14":"sale","15":"shipping-taxable","16":"purchasable","17":"product-type-simple"},"_links":{"self":[{"href":"https:\/\/roveyayinevi.com.tr\/index.php\/wp-json\/wp\/v2\/product\/719017","targetHints":{"allow":["GET"]}}],"collection":[{"href":"https:\/\/roveyayinevi.com.tr\/index.php\/wp-json\/wp\/v2\/product"}],"about":[{"href":"https:\/\/roveyayinevi.com.tr\/index.php\/wp-json\/wp\/v2\/types\/product"}],"wp:attachment":[{"href":"https:\/\/roveyayinevi.com.tr\/index.php\/wp-json\/wp\/v2\/media?parent=719017"}],"wp:term":[{"taxonomy":"product_brand","embeddable":true,"href":"https:\/\/roveyayinevi.com.tr\/index.php\/wp-json\/wp\/v2\/product_brand?post=719017"},{"taxonomy":"product_cat","embeddable":true,"href":"https:\/\/roveyayinevi.com.tr\/index.php\/wp-json\/wp\/v2\/product_cat?post=719017"},{"taxonomy":"product_tag","embeddable":true,"href":"https:\/\/roveyayinevi.com.tr\/index.php\/wp-json\/wp\/v2\/product_tag?post=719017"}],"curies":[{"name":"wp","href":"https:\/\/api.w.org\/{rel}","templated":true}]}}