{"id":718948,"date":"2025-08-27T18:15:45","date_gmt":"2025-08-27T15:15:45","guid":{"rendered":"https:\/\/roveyayinevi.com.tr\/index.php\/urun\/birinci-dunya-savasinda-filistin-suriye-cephesinin-cokusu\/"},"modified":"2026-04-16T02:26:53","modified_gmt":"2026-04-15T23:26:53","slug":"birinci-dunya-savasinda-filistin-suriye-cephesinin-cokusu","status":"publish","type":"product","link":"https:\/\/roveyayinevi.com.tr\/index.php\/urun\/birinci-dunya-savasinda-filistin-suriye-cephesinin-cokusu\/","title":{"rendered":"Birinci D\u00fcnya Sava\u015f\u0131\u2019nda Filistin-Suriye Cephesinin \u00c7\u00f6k\u00fc\u015f\u00fc"},"content":{"rendered":"<p>Bu kitap, Filistin-Suriye Cephesi\u2019nde Mersinli Cemal Pa\u015fa\u2019n\u0131n yaveri olarak g\u00f6rev yapan Y\u00fczba\u015f\u0131 Cevat Rifat Beyin Tasvir-i Efkar gazetesinde 23 Kas\u0131m-17 Aral\u0131k 1918\u2019de yay\u0131mlanan \u201cSuriye Hezimeti Feci\u2019as\u0131 ve Sebebleri\u201d adl\u0131 tefrikay\u0131 konu almaktad\u0131r. Kitap, iki b\u00f6l\u00fcm ve bir tefrikadan olu\u015fmaktad\u0131r. Birinci b\u00f6l\u00fcmde, Cevat Rifat Beyle Mustafa Kemal Pa\u015fa aras\u0131nda patlak veren polemi\u011fin ayr\u0131nt\u0131l\u0131 hikayesine yer verilmi\u015ftir. Bu b\u00f6l\u00fcmde taraflar\u0131n a\u00e7\u0131klamalar\u0131 oldu\u011fu gibi verilerek okuyucuya kendi yarg\u0131s\u0131n\u0131 olu\u015fturma f\u0131rsat\u0131 sa\u011flanm\u0131\u015ft\u0131r. \u0130kinci b\u00f6l\u00fcmde, T\u00fcrk ordusunun M\u0131s\u0131r, Hicaz ve Filistin-Suriye Cephelerinde verdi\u011fi m\u00fccadeleye yer verilmi\u015ftir. B\u00f6ylelikle, okuyucunun tefrikada verilen bilgileri anlama ve yorumlama imkan\u0131 g\u00fc\u00e7lendirilmi\u015ftir. \u00dc\u00e7\u00fcnc\u00fc B\u00f6l\u00fcmde Cevat Rifat Beyin s\u00f6z\u00fc edilen tefrikas\u0131, m\u00fcellifinin kaleminden oldu\u011fu gibi yer alm\u0131\u015ft\u0131r. Metinde anla\u015f\u0131lmas\u0131 g\u00fc\u00e7 baz\u0131 kelimelerin k\u00f6\u015feli parantez i\u00e7inde g\u00fcn\u00fcm\u00fcz anlamlar\u0131 verilmi\u015ftir. Kitab\u0131n sonuna, tefrikan\u0131n Osmanl\u0131ca asl\u0131n\u0131 g\u00f6steren b\u00f6l\u00fcm foto\u011fraflar\u0131 ilave edilmi\u015ftir.<\/p>\n","protected":false},"excerpt":{"rendered":"<p>Bu kitap, Filistin-Suriye Cephesi\u2019nde Mersinli Cemal Pa\u015fa\u2019n\u0131n yaveri olarak g\u00f6rev yapan Y\u00fczba\u015f\u0131 Cevat Rifat Beyin Tasvir-i Efkar gazetesinde 23 Kas\u0131m-17 Aral\u0131k 1918\u2019de yay\u0131mlanan \u201cSuriye Hezimeti Feci\u2019as\u0131<span class=\"excerpt-hellip\"> [\u2026]<\/span><\/p>\n","protected":false},"featured_media":0,"template":"","meta":{"_monsterinsights_skip_tracking":false,"_monsterinsights_sitenote_active":false,"_monsterinsights_sitenote_note":"","_monsterinsights_sitenote_category":0},"product_brand":[],"product_cat":[12370,12304],"product_tag":[],"class_list":{"0":"post-718948","1":"product","2":"type-product","3":"status-publish","5":"product_cat-arastirma-inceleme","6":"product_cat-tarih","7":"pa_cilt-ciltsiz","8":"pa_tur-kitap","9":"pa_yayinevi-altinordu-yayinlari","10":"pa_yazar-celil-bozkurt","12":"first","13":"instock","14":"sale","15":"shipping-taxable","16":"purchasable","17":"product-type-simple"},"_links":{"self":[{"href":"https:\/\/roveyayinevi.com.tr\/index.php\/wp-json\/wp\/v2\/product\/718948","targetHints":{"allow":["GET"]}}],"collection":[{"href":"https:\/\/roveyayinevi.com.tr\/index.php\/wp-json\/wp\/v2\/product"}],"about":[{"href":"https:\/\/roveyayinevi.com.tr\/index.php\/wp-json\/wp\/v2\/types\/product"}],"wp:attachment":[{"href":"https:\/\/roveyayinevi.com.tr\/index.php\/wp-json\/wp\/v2\/media?parent=718948"}],"wp:term":[{"taxonomy":"product_brand","embeddable":true,"href":"https:\/\/roveyayinevi.com.tr\/index.php\/wp-json\/wp\/v2\/product_brand?post=718948"},{"taxonomy":"product_cat","embeddable":true,"href":"https:\/\/roveyayinevi.com.tr\/index.php\/wp-json\/wp\/v2\/product_cat?post=718948"},{"taxonomy":"product_tag","embeddable":true,"href":"https:\/\/roveyayinevi.com.tr\/index.php\/wp-json\/wp\/v2\/product_tag?post=718948"}],"curies":[{"name":"wp","href":"https:\/\/api.w.org\/{rel}","templated":true}]}}