{"id":718873,"date":"2025-08-27T18:14:49","date_gmt":"2025-08-27T15:14:49","guid":{"rendered":"https:\/\/roveyayinevi.com.tr\/index.php\/urun\/diplomasi-ve-savas\/"},"modified":"2026-04-16T02:26:51","modified_gmt":"2026-04-15T23:26:51","slug":"diplomasi-ve-savas","status":"publish","type":"product","link":"https:\/\/roveyayinevi.com.tr\/index.php\/urun\/diplomasi-ve-savas\/","title":{"rendered":"Diplomasi ve Sava\u015f"},"content":{"rendered":"<p>15 May\u0131s 1919\u2019da \u0130zmir\u2019in Yunan ordusu taraf\u0131ndan i\u015fgal edilmesi, \u201cB\u00fcy\u00fck Yunanistan\u201d hayalinden daha \u00f6te uluslararas\u0131 politikalar\u0131n, \u0130tilaf Devletleri aras\u0131ndaki dengelerin ve \u00e7at\u0131\u015fmalar\u0131n ortaya \u00e7\u0131kard\u0131\u011f\u0131 bir s\u00fcrecin par\u00e7as\u0131d\u0131r. Elinizdeki ara\u015ft\u0131rma da Yunan i\u015fgalinin ekonomik ve siyasi boyutlar\u0131yla uluslararas\u0131 bir proje oldu\u011fu, dolay\u0131s\u0131yla \u00f6zelde Bat\u0131 Anadolu\u2019da, genelde ise b\u00fct\u00fcn Osmanl\u0131 co\u011frafyas\u0131nda D\u00fcnya Sava\u015f\u0131 sonras\u0131nda ya\u015fanan geli\u015fmelerde, uluslararas\u0131 dengelerin ve \u00e7\u0131kar politikalar\u0131n\u0131n son derece etkili oldu\u011fu sav\u0131ndan hareket etmektedir. B\u00f6ylece Diplomasi ve Sava\u015f, i\u015fgalin asker\u00ee ve diplomatik tarihini ele alarak, bu d\u00f6nemde s\u00fcrecin taraflar\u0131n\u0131n y\u00fcr\u00fctm\u00fc\u015f olduklar\u0131 diplomasi ve bunun meydana \u00e7\u0131kard\u0131\u011f\u0131 sonu\u00e7lara odaklanan bir monografi olarak ortaya konulmu\u015ftur.Yunan i\u015fgaline y\u00f6nelik karar nas\u0131l ortaya \u00e7\u0131kt\u0131? Uluslararas\u0131 fakt\u00f6rler i\u015fgalleri nas\u0131l etkiledi? \u0130\u015fgalin \u0130ngiltere\u2019nin b\u00f6lgedeki stratejisi a\u00e7\u0131s\u0131ndan \u00f6nemi neydi? \u0130zmir ile ba\u015flayan i\u015fgaller b\u00fct\u00fcn Bat\u0131 Anadolu\u2019ya nas\u0131l yay\u0131ld\u0131? \u0130\u015fgal s\u00fcreci hangi \u015fartlarda devam etti? Diplomatik m\u00fczakereler s\u00fcrece nas\u0131l etki etti? Akt\u00f6rlerin i\u00e7 politikas\u0131nda ya\u015fanan geli\u015fmeler i\u015fgalleri ne y\u00f6nde etkiledi? \u0130\u015fgal d\u00f6neminde b\u00f6lgede kurulan Yunan y\u00f6netimi nas\u0131l bir politika takip etti? Kitab\u0131n amac\u0131, b\u00fct\u00fcn bu sorulara akt\u00f6rler, olaylar ve politik ki\u015filikler etraf\u0131nda, s\u00fcrecin perde arkas\u0131ndaki g\u00fc\u00e7 olan \u0130ngiltere\u2019nin ar\u015fivlerini ve ulusal bas\u0131n\u0131n\u0131 mehaz alarak bir cevap bulabilmektir. Okurlar\u0131m\u0131z\u0131, Mill\u00ee M\u00fccadele\u2019nin 100. y\u0131l\u0131nda, T\u00fcrk milletinin, harimine uzanan elleri k\u0131r\u0131p b\u00fct\u00fcn hesaplar\u0131 bozmas\u0131yla nihayete erecek karanl\u0131k bir devrin, harplerle ge\u00e7en on y\u0131l\u0131n sonunda, tarihimizin do\u011furdu\u011fu en azimk\u00e2r nesillerin elinde ta\u00e7lanacak kurtulu\u015f ve y\u00fckseli\u015fimizin \u00f6zg\u00fcn kaynaklara dayanan bir \u00e7er\u00e7eve i\u00e7inde suhuletle ele al\u0131nan bir kesitini okumaya davet ediyoruz.<\/p>\n","protected":false},"excerpt":{"rendered":"<p>15 May\u0131s 1919\u2019da \u0130zmir\u2019in Yunan ordusu taraf\u0131ndan i\u015fgal edilmesi, \u201cB\u00fcy\u00fck Yunanistan\u201d hayalinden daha \u00f6te uluslararas\u0131 politikalar\u0131n, \u0130tilaf Devletleri aras\u0131ndaki dengelerin ve \u00e7at\u0131\u015fmalar\u0131n ortaya \u00e7\u0131kard\u0131\u011f\u0131 bir s\u00fcrecin<span class=\"excerpt-hellip\"> [\u2026]<\/span><\/p>\n","protected":false},"featured_media":0,"template":"","meta":{"_monsterinsights_skip_tracking":false,"_monsterinsights_sitenote_active":false,"_monsterinsights_sitenote_note":"","_monsterinsights_sitenote_category":0},"product_brand":[],"product_cat":[12370,12304],"product_tag":[],"class_list":{"0":"post-718873","1":"product","2":"type-product","3":"status-publish","5":"product_cat-arastirma-inceleme","6":"product_cat-tarih","7":"pa_cilt-ciltsiz","8":"pa_tur-kitap","9":"pa_yayinevi-otuken-nesriyat","10":"pa_yazar-ismail-ediz","12":"first","13":"instock","14":"sale","15":"shipping-taxable","16":"purchasable","17":"product-type-simple"},"_links":{"self":[{"href":"https:\/\/roveyayinevi.com.tr\/index.php\/wp-json\/wp\/v2\/product\/718873","targetHints":{"allow":["GET"]}}],"collection":[{"href":"https:\/\/roveyayinevi.com.tr\/index.php\/wp-json\/wp\/v2\/product"}],"about":[{"href":"https:\/\/roveyayinevi.com.tr\/index.php\/wp-json\/wp\/v2\/types\/product"}],"wp:attachment":[{"href":"https:\/\/roveyayinevi.com.tr\/index.php\/wp-json\/wp\/v2\/media?parent=718873"}],"wp:term":[{"taxonomy":"product_brand","embeddable":true,"href":"https:\/\/roveyayinevi.com.tr\/index.php\/wp-json\/wp\/v2\/product_brand?post=718873"},{"taxonomy":"product_cat","embeddable":true,"href":"https:\/\/roveyayinevi.com.tr\/index.php\/wp-json\/wp\/v2\/product_cat?post=718873"},{"taxonomy":"product_tag","embeddable":true,"href":"https:\/\/roveyayinevi.com.tr\/index.php\/wp-json\/wp\/v2\/product_tag?post=718873"}],"curies":[{"name":"wp","href":"https:\/\/api.w.org\/{rel}","templated":true}]}}