{"id":718754,"date":"2025-08-27T18:13:15","date_gmt":"2025-08-27T15:13:15","guid":{"rendered":"https:\/\/roveyayinevi.com.tr\/index.php\/urun\/fenomenoloji\/"},"modified":"2026-04-16T02:26:49","modified_gmt":"2026-04-15T23:26:49","slug":"fenomenoloji","status":"publish","type":"product","link":"https:\/\/roveyayinevi.com.tr\/index.php\/urun\/fenomenoloji\/","title":{"rendered":"Fenomenoloji"},"content":{"rendered":"<p>K\u00f6klerini Husserl\u2019den alan fenomenoloji hareketi, fenomenolojiyi temel bilimlere olmasa da, felsefenin temel disiplinleri olan eti\u011fin, metafizi\u011fin ve ontolojinin temeline koymak ister. Edmund Husserl\u2019in \u00f6nc\u00fcl\u00fc\u011f\u00fcnde 20. y\u00fczy\u0131l k\u0131ta felsefesine y\u00f6n veren fenomenoloji, g\u00fcn\u00fcm\u00fcz bili\u015fsel fenomenolojisine ve zihin felsefesine olan etkileriyle analitik ve k\u0131ta felsefeleri aras\u0131ndaki keskin hatlar\u0131 silikle\u015ftiren bir disiplin konumuna gelmi\u015ftir. Bu kitapta, 20. y\u00fczy\u0131l k\u0131ta felsefesini kas\u0131p kavuran fenomenoloji hareketinin \u00f6nc\u00fcs\u00fc Husserl\u2019den, Levinas, Derrida ve Merleau-Ponty\u2019ye; Sartre\u2019dan Heidegger ve \u00e7a\u011fda\u015f Frans\u0131z fenomenologlar\u0131 Jean-Luc Marion ve Michel Henry\u2019e dek fenomenolojinin ser\u00fcvenine tan\u0131kl\u0131k edeceksiniz.<\/p>\n","protected":false},"excerpt":{"rendered":"<p>K\u00f6klerini Husserl\u2019den alan fenomenoloji hareketi, fenomenolojiyi temel bilimlere olmasa da, felsefenin temel disiplinleri olan eti\u011fin, metafizi\u011fin ve ontolojinin temeline koymak ister. Edmund Husserl\u2019in \u00f6nc\u00fcl\u00fc\u011f\u00fcnde 20. y\u00fczy\u0131l<span class=\"excerpt-hellip\"> [\u2026]<\/span><\/p>\n","protected":false},"featured_media":0,"template":"","meta":{"_monsterinsights_skip_tracking":false,"_monsterinsights_sitenote_active":false,"_monsterinsights_sitenote_note":"","_monsterinsights_sitenote_category":0},"product_brand":[],"product_cat":[12388,15309],"product_tag":[],"class_list":{"0":"post-718754","1":"product","2":"type-product","3":"status-publish","5":"product_cat-felsefe","6":"product_cat-felsefi-akimlar","7":"pa_cilt-ciltsiz","8":"pa_tur-kitap","9":"pa_yayinevi-fol-kitap","10":"pa_yazar-michael-lewis-tanja-staehler","12":"first","13":"instock","14":"sale","15":"shipping-taxable","16":"purchasable","17":"product-type-simple"},"_links":{"self":[{"href":"https:\/\/roveyayinevi.com.tr\/index.php\/wp-json\/wp\/v2\/product\/718754","targetHints":{"allow":["GET"]}}],"collection":[{"href":"https:\/\/roveyayinevi.com.tr\/index.php\/wp-json\/wp\/v2\/product"}],"about":[{"href":"https:\/\/roveyayinevi.com.tr\/index.php\/wp-json\/wp\/v2\/types\/product"}],"wp:attachment":[{"href":"https:\/\/roveyayinevi.com.tr\/index.php\/wp-json\/wp\/v2\/media?parent=718754"}],"wp:term":[{"taxonomy":"product_brand","embeddable":true,"href":"https:\/\/roveyayinevi.com.tr\/index.php\/wp-json\/wp\/v2\/product_brand?post=718754"},{"taxonomy":"product_cat","embeddable":true,"href":"https:\/\/roveyayinevi.com.tr\/index.php\/wp-json\/wp\/v2\/product_cat?post=718754"},{"taxonomy":"product_tag","embeddable":true,"href":"https:\/\/roveyayinevi.com.tr\/index.php\/wp-json\/wp\/v2\/product_tag?post=718754"}],"curies":[{"name":"wp","href":"https:\/\/api.w.org\/{rel}","templated":true}]}}