{"id":718692,"date":"2025-08-27T18:12:33","date_gmt":"2025-08-27T15:12:33","guid":{"rendered":"https:\/\/roveyayinevi.com.tr\/index.php\/urun\/ustundinleme-casuslugun-estetik-tarihi\/"},"modified":"2026-04-16T02:26:47","modified_gmt":"2026-04-15T23:26:47","slug":"ustundinleme-casuslugun-estetik-tarihi","status":"publish","type":"product","link":"https:\/\/roveyayinevi.com.tr\/index.php\/urun\/ustundinleme-casuslugun-estetik-tarihi\/","title":{"rendered":"\u00dcst\u00fcndinleme; Casuslu\u011fun Estetik Tarihi"},"content":{"rendered":"<p>Peter Szendy, \u00dcstdinleme: Casuslu\u011fun Estetik Tarihi&#8217;nde Filistin Eriha\u2019dan yola \u00e7\u0131k\u0131p, modern \u00f6ncesi Avrupa\u2019n\u0131n gizli kalm\u0131\u015f dehlizlerine dalarak h\u00fckmetme ve iktidar tekniklerinin dinleme pratikleriyle ili\u015fkisini sinema, opera ve edebiyattan \u00f6rneklerle tart\u0131\u015f\u0131rken, dinleme ile casusluk aras\u0131ndaki yap\u0131sal yak\u0131nl\u0131\u011f\u0131n s\u0131n\u0131rlar\u0131n\u0131 ara\u015ft\u0131r\u0131yor. \u00dcstdinleme bir anlamda, g\u00fcn\u00fcm\u00fcz toplumlar\u0131n\u0131n duyma ve i\u015faretleme bi\u00e7imlerini irdeleyen i\u015fitsel bir g\u00f6zetim arkeolojisi \u00e7al\u0131\u015fmas\u0131d\u0131r. Franz Kafka&#8217;n\u0131n \u201cYuva\u201d \u00f6yk\u00fcs\u00fc ve Tolga T\u00fcz\u00fcn&#8217;\u00fcn sunu\u015f yaz\u0131s\u0131 ile. <\/p>\n","protected":false},"excerpt":{"rendered":"<p>Peter Szendy, \u00dcstdinleme: Casuslu\u011fun Estetik Tarihi&#8217;nde Filistin Eriha\u2019dan yola \u00e7\u0131k\u0131p, modern \u00f6ncesi Avrupa\u2019n\u0131n gizli kalm\u0131\u015f dehlizlerine dalarak h\u00fckmetme ve iktidar tekniklerinin dinleme pratikleriyle ili\u015fkisini sinema, opera<span class=\"excerpt-hellip\"> [\u2026]<\/span><\/p>\n","protected":false},"featured_media":0,"template":"","meta":{"_monsterinsights_skip_tracking":false,"_monsterinsights_sitenote_active":false,"_monsterinsights_sitenote_note":"","_monsterinsights_sitenote_category":0},"product_brand":[],"product_cat":[16038,12388],"product_tag":[],"class_list":{"0":"post-718692","1":"product","2":"type-product","3":"status-publish","5":"product_cat-arastirma-inceleme-referans-felsefe","6":"product_cat-felsefe","7":"pa_cilt-ciltsiz","8":"pa_tur-kitap","9":"pa_yayinevi-tellekt","10":"pa_yazar-peter-szendy","12":"first","13":"instock","14":"sale","15":"shipping-taxable","16":"purchasable","17":"product-type-simple"},"_links":{"self":[{"href":"https:\/\/roveyayinevi.com.tr\/index.php\/wp-json\/wp\/v2\/product\/718692","targetHints":{"allow":["GET"]}}],"collection":[{"href":"https:\/\/roveyayinevi.com.tr\/index.php\/wp-json\/wp\/v2\/product"}],"about":[{"href":"https:\/\/roveyayinevi.com.tr\/index.php\/wp-json\/wp\/v2\/types\/product"}],"wp:attachment":[{"href":"https:\/\/roveyayinevi.com.tr\/index.php\/wp-json\/wp\/v2\/media?parent=718692"}],"wp:term":[{"taxonomy":"product_brand","embeddable":true,"href":"https:\/\/roveyayinevi.com.tr\/index.php\/wp-json\/wp\/v2\/product_brand?post=718692"},{"taxonomy":"product_cat","embeddable":true,"href":"https:\/\/roveyayinevi.com.tr\/index.php\/wp-json\/wp\/v2\/product_cat?post=718692"},{"taxonomy":"product_tag","embeddable":true,"href":"https:\/\/roveyayinevi.com.tr\/index.php\/wp-json\/wp\/v2\/product_tag?post=718692"}],"curies":[{"name":"wp","href":"https:\/\/api.w.org\/{rel}","templated":true}]}}