{"id":718576,"date":"2025-08-27T18:10:30","date_gmt":"2025-08-27T15:10:30","guid":{"rendered":"https:\/\/roveyayinevi.com.tr\/index.php\/urun\/osmanlida-teror\/"},"modified":"2026-02-03T02:40:56","modified_gmt":"2026-02-02T23:40:56","slug":"osmanlida-teror","status":"publish","type":"product","link":"https:\/\/roveyayinevi.com.tr\/index.php\/urun\/osmanlida-teror\/","title":{"rendered":"Osmanl\u0131&#8217;da Ter\u00f6r"},"content":{"rendered":"<p>Rusya, Avusturya, \u0130ngiltere ve Fransa\u2019n\u0131n Osmanl\u0131 Devleti\u2019nin Rumeli topraklar\u0131 \u00fczerinde ayr\u0131 ayr\u0131 emelleri vard\u0131. Bu hedeflere ula\u015fabilmek i\u00e7in b\u00fct\u00fcn y\u00fczy\u0131l boyunca de\u011fi\u015fmeyen bir form\u00fcl uygulad\u0131lar: \u00d6nce Rumeli\u2019deki Hristiyan halk k\u0131\u015fk\u0131rt\u0131larak ayaklanma \u00e7\u0131kar\u0131l\u0131rd\u0131. Osmanl\u0131 Devleti\u2019nin g\u00fcc\u00fc ayaklanmay\u0131 bast\u0131rmaya yeterli olsun olmas\u0131n yabanc\u0131 g\u00fc\u00e7ler i\u015fe kar\u0131\u015f\u0131r, gidi\u015fata m\u00fcdahalede bulunur ve b\u00f6lgede \u0131slahat yap\u0131lmas\u0131 istenirdi. Islahat\u0131n sonucunda ise ilk bunal\u0131m d\u00f6neminde \u00f6zerklik ve arkas\u0131ndan ba\u011f\u0131ms\u0131zl\u0131k talepleri gelirdi. Osmanl\u0131 Devleti \u0131slahata direndi\u011fi takdirde ise sava\u015f a\u00e7\u0131l\u0131r, bunun sonucunda da yine \u00f6zerk veya ba\u011f\u0131ms\u0131z devletler ortaya \u00e7\u0131kard\u0131.Bu konuda \u00e7aba g\u00f6steren unsurlardan biri de Bulgarlar oldu. 1870\u2019de Bulgar milli kilisesinin kurulmas\u0131 ile, yeni kiliselerinin otoritesinin ula\u015ft\u0131\u011f\u0131 yerlerde gelecekteki ba\u011f\u0131ms\u0131z Bulgar Devleti\u2019nin hesaplar\u0131 yap\u0131lmaya ba\u015fland\u0131. Bulgar komiteleri, Rusya\u2019n\u0131n Panslavist tahriklerinin ve y\u00f6nlendirmelerinin de etkisiyle \u00e7ete faaliyetlerine giri\u015fti. Rusya\u2019n\u0131n b\u00f6lgedeki n\u00fcfuzunun artmas\u0131n\u0131 istemeyen di\u011fer b\u00fcy\u00fck g\u00fc\u00e7ler de kendi politikalar\u0131 do\u011frultusunda y\u00f6nlendirebilmek amac\u0131yla bu \u00e7etelere destek verdiler.Bu \u00fclkelerden kuvvet bulan Bulgar \u00e7eteleri yo\u011fun bir faaliyete giri\u015ftiler. Bir taraftan k\u00fclt\u00fcrel olarak b\u00f6lgeyi Bulgarla\u015ft\u0131rmaya \u00e7al\u0131\u015f\u0131rken, di\u011fer taraftan, \u00e7e\u015fitli isyanlar \u00e7\u0131kar\u0131p Osmanl\u0131 Devleti\u2019nden ayr\u0131lmak i\u00e7in u\u011fra\u015ft\u0131lar. Bu isyan hareketleri esnas\u0131nda binlerce M\u00fcsl\u00fcman katledildi. Olaylar\u0131n Avrupa bas\u0131n\u0131n yans\u0131mas\u0131 ise T\u00fcrklerin Bulgarlar\u0131 katlettikleri \u015fekilde oluyordu.\u0130smail Pehlivan\u2019\u0131n, \u201cOsmanl\u0131\u2019da Ter\u00f6r: Bulgar Komitac\u0131lar\u0131 ve Balkanlardaki \u0130htilal Faaliyetleri\u201d ba\u015fl\u0131kl\u0131 kitab\u0131 ger\u00e7ekte neler ya\u015fand\u0131\u011f\u0131n\u0131, Bulgar komitac\u0131lar\u0131n\u0131n nas\u0131l vah\u015fi sald\u0131r\u0131larla M\u00fcsl\u00fcmanlar\u0131 katlettiklerini delilleriyle ortaya koyuyor. Zahmetli bir \u00e7al\u0131\u015fman\u0131n \u00fcr\u00fcn\u00fc olan bu kitap konuya ilgi duyanlar i\u00e7in \u00f6nemli bir kaynak niteli\u011fi ta\u015f\u0131maktad\u0131r.Prof. Dr. Vahdettin Engin<\/p>\n","protected":false},"excerpt":{"rendered":"<p>Rusya, Avusturya, \u0130ngiltere ve Fransa\u2019n\u0131n Osmanl\u0131 Devleti\u2019nin Rumeli topraklar\u0131 \u00fczerinde ayr\u0131 ayr\u0131 emelleri vard\u0131. Bu hedeflere ula\u015fabilmek i\u00e7in b\u00fct\u00fcn y\u00fczy\u0131l boyunca de\u011fi\u015fmeyen bir form\u00fcl uygulad\u0131lar: \u00d6nce<span class=\"excerpt-hellip\"> [\u2026]<\/span><\/p>\n","protected":false},"featured_media":0,"template":"","meta":{"_monsterinsights_skip_tracking":false,"_monsterinsights_sitenote_active":false,"_monsterinsights_sitenote_note":"","_monsterinsights_sitenote_category":0},"product_brand":[],"product_cat":[13517,12304],"product_tag":[],"class_list":{"0":"post-718576","1":"product","2":"type-product","3":"status-publish","5":"product_cat-osmanli-tarihi","6":"product_cat-tarih","7":"pa_cilt-ciltsiz","8":"pa_tur-kitap","9":"pa_yayinevi-karakum-yayinevi","10":"pa_yazar-ismail-pehlivan","12":"first","13":"instock","14":"sale","15":"shipping-taxable","16":"purchasable","17":"product-type-simple"},"_links":{"self":[{"href":"https:\/\/roveyayinevi.com.tr\/index.php\/wp-json\/wp\/v2\/product\/718576","targetHints":{"allow":["GET"]}}],"collection":[{"href":"https:\/\/roveyayinevi.com.tr\/index.php\/wp-json\/wp\/v2\/product"}],"about":[{"href":"https:\/\/roveyayinevi.com.tr\/index.php\/wp-json\/wp\/v2\/types\/product"}],"wp:attachment":[{"href":"https:\/\/roveyayinevi.com.tr\/index.php\/wp-json\/wp\/v2\/media?parent=718576"}],"wp:term":[{"taxonomy":"product_brand","embeddable":true,"href":"https:\/\/roveyayinevi.com.tr\/index.php\/wp-json\/wp\/v2\/product_brand?post=718576"},{"taxonomy":"product_cat","embeddable":true,"href":"https:\/\/roveyayinevi.com.tr\/index.php\/wp-json\/wp\/v2\/product_cat?post=718576"},{"taxonomy":"product_tag","embeddable":true,"href":"https:\/\/roveyayinevi.com.tr\/index.php\/wp-json\/wp\/v2\/product_tag?post=718576"}],"curies":[{"name":"wp","href":"https:\/\/api.w.org\/{rel}","templated":true}]}}