{"id":718527,"date":"2025-08-27T18:09:59","date_gmt":"2025-08-27T15:09:59","guid":{"rendered":"https:\/\/roveyayinevi.com.tr\/index.php\/urun\/68e-bugunden-bakmak\/"},"modified":"2026-01-29T02:48:52","modified_gmt":"2026-01-28T23:48:52","slug":"68e-bugunden-bakmak","status":"publish","type":"product","link":"https:\/\/roveyayinevi.com.tr\/index.php\/urun\/68e-bugunden-bakmak\/","title":{"rendered":"68&#8217;e Bug\u00fcnden Bakmak"},"content":{"rendered":"<p>1968 yaz\u0131 bir\u00e7ok farkl\u0131 \u00fclkede e\u015fzamanl\u0131 geli\u015fen geni\u015f \u00f6\u011frenci protestolar\u0131na sahne olmu\u015ftur. Hepsi geli\u015ftikleri \u00f6zg\u00fcl ulusal ba\u011flamlar\u0131n izlerini ta\u015f\u0131makla beraber hareketlerin e\u015fzamanl\u0131l\u0131\u011f\u0131, ta\u015f\u0131y\u0131c\u0131lar\u0131n ve ho\u015fnutsuzluk temalar\u0131n\u0131n benzerli\u011fi dikkate al\u0131nd\u0131\u011f\u0131nda, k\u00fcresel dinamiklerin de olduk\u00e7a belirleyici oldu\u011fu toplumsal hareketlerdir. Elinizdeki \u00e7al\u0131\u015fma 68 hareketlerini bir taraftan T\u00fcrkiye ba\u011flam\u0131ndaki olu\u015fum ve geli\u015fim dinamikleri a\u00e7\u0131s\u0131ndan ele al\u0131rken, di\u011fer taraftan \u00f6teki \u00fclkelerdeki hareket dinamikleri ve etkilerini irdeleyen \u00f6rnekler sunmaktad\u0131r. Her \u00fclkede 68 hareketleri geni\u015f yank\u0131lar ve etkiler \u00fcretirken belirli oranda mitle\u015ftirilmeye de maruz kalm\u0131\u015ft\u0131r. Bu durum hareketlerin karma\u015f\u0131kl\u0131\u011f\u0131n\u0131 ve \u00e7ok boyutlulu\u011funu kavramay\u0131 engellemektedir. Bu noktada d\u00f6nemin kaynaklar\u0131na, ya\u015fant\u0131 deneyimlerine ve hareketlerin farkl\u0131 boyutlar\u0131n\u0131 ele\u015ftirel bir \u015fekilde irdelemeyi m\u00fcmk\u00fcn k\u0131lan toplumsal hareket \u00e7al\u0131\u015fmalar\u0131n\u0131n ortaya \u00e7\u0131kard\u0131\u011f\u0131 analitik kavray\u0131\u015flara, kavramlara ve modellere ba\u015fvurmak m\u00fcmk\u00fcnd\u00fcr. Elinizdeki \u00e7al\u0131\u015fma T\u00fcrkiye ve di\u011fer 68\u2019leri bu temel yakla\u015f\u0131mla ele alan makaleleri i\u00e7ermektedir. <\/p>\n","protected":false},"excerpt":{"rendered":"<p>1968 yaz\u0131 bir\u00e7ok farkl\u0131 \u00fclkede e\u015fzamanl\u0131 geli\u015fen geni\u015f \u00f6\u011frenci protestolar\u0131na sahne olmu\u015ftur. Hepsi geli\u015ftikleri \u00f6zg\u00fcl ulusal ba\u011flamlar\u0131n izlerini ta\u015f\u0131makla beraber hareketlerin e\u015fzamanl\u0131l\u0131\u011f\u0131, ta\u015f\u0131y\u0131c\u0131lar\u0131n ve ho\u015fnutsuzluk temalar\u0131n\u0131n<span class=\"excerpt-hellip\"> [\u2026]<\/span><\/p>\n","protected":false},"featured_media":0,"template":"","meta":{"_monsterinsights_skip_tracking":false,"_monsterinsights_sitenote_active":false,"_monsterinsights_sitenote_note":"","_monsterinsights_sitenote_category":0},"product_brand":[],"product_cat":[12370,12304],"product_tag":[],"class_list":{"0":"post-718527","1":"product","2":"type-product","3":"status-publish","5":"product_cat-arastirma-inceleme","6":"product_cat-tarih","7":"pa_cilt-ciltsiz","8":"pa_tur-kitap","9":"pa_yayinevi-utopya-yayinevi","10":"pa_yazar-ayhan-bilgin","12":"first","13":"instock","14":"sale","15":"shipping-taxable","16":"purchasable","17":"product-type-simple"},"_links":{"self":[{"href":"https:\/\/roveyayinevi.com.tr\/index.php\/wp-json\/wp\/v2\/product\/718527","targetHints":{"allow":["GET"]}}],"collection":[{"href":"https:\/\/roveyayinevi.com.tr\/index.php\/wp-json\/wp\/v2\/product"}],"about":[{"href":"https:\/\/roveyayinevi.com.tr\/index.php\/wp-json\/wp\/v2\/types\/product"}],"wp:attachment":[{"href":"https:\/\/roveyayinevi.com.tr\/index.php\/wp-json\/wp\/v2\/media?parent=718527"}],"wp:term":[{"taxonomy":"product_brand","embeddable":true,"href":"https:\/\/roveyayinevi.com.tr\/index.php\/wp-json\/wp\/v2\/product_brand?post=718527"},{"taxonomy":"product_cat","embeddable":true,"href":"https:\/\/roveyayinevi.com.tr\/index.php\/wp-json\/wp\/v2\/product_cat?post=718527"},{"taxonomy":"product_tag","embeddable":true,"href":"https:\/\/roveyayinevi.com.tr\/index.php\/wp-json\/wp\/v2\/product_tag?post=718527"}],"curies":[{"name":"wp","href":"https:\/\/api.w.org\/{rel}","templated":true}]}}