{"id":718523,"date":"2025-08-27T18:09:56","date_gmt":"2025-08-27T15:09:56","guid":{"rendered":"https:\/\/roveyayinevi.com.tr\/index.php\/urun\/turkiye-ve-arap-bahari\/"},"modified":"2026-04-16T02:26:44","modified_gmt":"2026-04-15T23:26:44","slug":"turkiye-ve-arap-bahari","status":"publish","type":"product","link":"https:\/\/roveyayinevi.com.tr\/index.php\/urun\/turkiye-ve-arap-bahari\/","title":{"rendered":"T\u00fcrkiye ve Arap Bahar\u0131"},"content":{"rendered":"<p>2011\u2019de otoriter y\u00f6netimlere kar\u015f\u0131 bir \u00f6zg\u00fcrl\u00fck, demokrasi ve haysiyet aray\u0131\u015f\u0131 olarak ba\u015flayan Arap Bahar\u0131, sadece, uzun y\u0131llard\u0131r m\u00fczmin sorunlarla bo\u011fu\u015fan Orta Do\u011fu\u2019da de\u011fil, t\u00fcm d\u00fcnyada heyecan yaratm\u0131\u015ft\u0131r. Ancak \u00e7ok ge\u00e7meden bu geli\u015fmeler, bahardan \u00e7ok k\u0131\u015f\u0131 and\u0131ran bir siyasal ve toplumsal karma\u015faya d\u00f6n\u00fc\u015fm\u00fc\u015ft\u00fcr. Hatta Suriye gibi \u00f6rneklerde, kanl\u0131 bir i\u00e7 sava\u015f ve b\u00fcy\u00fck g\u00fc\u00e7lerin Suriye topraklar\u0131nda y\u00fcr\u00fctt\u00fc\u011f\u00fc vek\u00e2let sava\u015flar\u0131na ve k\u00fcresel bir m\u00fccadeleye d\u00f6n\u00fc\u015fm\u00fc\u015ft\u00fcr.   Orta Do\u011fu\u2019daki bu geni\u015f \u00e7apl\u0131 ve derin sars\u0131nt\u0131lar esnas\u0131nda bilhassa ABD gittik\u00e7e etkisizle\u015fmi\u015f, bu ise b\u00f6lgede bir liderlik aray\u0131\u015f\u0131n\u0131 daha g\u00fc\u00e7l\u00fc bir \u015fekilde g\u00fcndeme getirmi\u015ftir. Bir kez daha derin bir karma\u015fa i\u00e7indeki Orta Do\u011fu\u2019da bir rol model \u00fclke aray\u0131\u015f\u0131nda g\u00f6zler \u00f6ncelikle T\u00fcrkiye\u2019ye \u00e7evrilmi\u015ftir. Bir\u00e7oklar\u0131nca otoriter y\u00f6netimlerden kurtulma m\u00fccadelesi veren Arap halklar\u0131na, T\u00fcrkiye\u2019nin siyas\u00ee-iktisad\u00ee d\u00f6n\u00fc\u015f\u00fcm\u00fc ve kurdu\u011fu model \u00f6rnek olarak sunulmu\u015ftur.   Tabi\u00ee hem Orta Do\u011fu\u2019da hem de T\u00fcrkiye\u2019de her \u015fey \u00e7ok b\u00fcy\u00fck bir h\u0131zla geli\u015fmekte ve de\u011fi\u015fmektedir. O kadar ki, d\u00fcnyan\u0131n say\u0131l\u0131 Orta Do\u011fu uzmanlar\u0131ndan olan GrahamFuller\u2019\u0131n bu kitab\u0131 kaleme ald\u0131\u011f\u0131 s\u0131rada ya\u015fananlar ile T\u00fcrk\u00e7e bask\u0131s\u0131n\u0131n yay\u0131na haz\u0131rland\u0131\u011f\u0131 d\u00f6nem aras\u0131ndaki geli\u015fmeler bile yeni bir kitap konusu olabilir. Ancak t\u00fcm bu yerel ve b\u00f6lgesel a\u015f\u0131r\u0131-dinamizme ra\u011fmen Fuller\u2019\u0131n ferasetli analiz ve \u00f6ng\u00f6r\u00fcleri, Arap devrimlerini ve T\u00fcrkiye\u2019nin bu kompozisyon i\u00e7indeki konumunu net ve ufuk a\u00e7\u0131c\u0131 bir \u015fekilde g\u00f6z \u00f6n\u00fcne sermektedir. G\u00f6r\u00fc\u015flerine kat\u0131lsak da kat\u0131lmasak da, Fuller\u2019\u0131n tespit, tahlil ve \u00f6nerileri, \u00fczerinde ciddiyetle durmay\u0131 hak etmekte, T\u00fcrkiye\u2019yi do\u011frudan ilgilendirmektedir.   Kitab\u0131n T\u00fcrk\u00e7e bask\u0131s\u0131 i\u00e7in yazd\u0131\u011f\u0131 \u00f6ns\u00f6zde de belirtti\u011fi gibi Fuller, son birka\u00e7 y\u0131ldaki geli\u015fmeleri, Adalet ve Kalk\u0131nma Partisi\u2019nin, iktidar\u0131n\u0131n ilk y\u0131llar\u0131nda ba\u015fard\u0131klar\u0131yla kar\u015f\u0131la\u015ft\u0131rd\u0131\u011f\u0131nda bir nebze hayal k\u0131r\u0131kl\u0131\u011f\u0131 i\u00e7erisindedir. Ancak b\u00f6lgeyi ve \u00fclkeyi \u00e7ok yak\u0131ndan tan\u0131yan bir isim olarak, yine de T\u00fcrkiye\u2019ye olan kuvvetli inanc\u0131 kendisini iyimser k\u0131lmaktad\u0131r.   <\/p>\n","protected":false},"excerpt":{"rendered":"<p>2011\u2019de otoriter y\u00f6netimlere kar\u015f\u0131 bir \u00f6zg\u00fcrl\u00fck, demokrasi ve haysiyet aray\u0131\u015f\u0131 olarak ba\u015flayan Arap Bahar\u0131, sadece, uzun y\u0131llard\u0131r m\u00fczmin sorunlarla bo\u011fu\u015fan Orta Do\u011fu\u2019da de\u011fil, t\u00fcm d\u00fcnyada heyecan<span class=\"excerpt-hellip\"> [\u2026]<\/span><\/p>\n","protected":false},"featured_media":0,"template":"","meta":{"_monsterinsights_skip_tracking":false,"_monsterinsights_sitenote_active":false,"_monsterinsights_sitenote_note":"","_monsterinsights_sitenote_category":0},"product_brand":[],"product_cat":[12337,17225],"product_tag":[],"class_list":{"0":"post-718523","1":"product","2":"type-product","3":"status-publish","5":"product_cat-politika-siyaset","6":"product_cat-uluslararasi-iliskiler","7":"pa_cilt-ciltsiz","8":"pa_tur-kitap","9":"pa_yayinevi-serbest-kitaplar","10":"pa_yazar-graham-e-fuller","12":"first","13":"instock","14":"sale","15":"shipping-taxable","16":"purchasable","17":"product-type-simple"},"_links":{"self":[{"href":"https:\/\/roveyayinevi.com.tr\/index.php\/wp-json\/wp\/v2\/product\/718523","targetHints":{"allow":["GET"]}}],"collection":[{"href":"https:\/\/roveyayinevi.com.tr\/index.php\/wp-json\/wp\/v2\/product"}],"about":[{"href":"https:\/\/roveyayinevi.com.tr\/index.php\/wp-json\/wp\/v2\/types\/product"}],"wp:attachment":[{"href":"https:\/\/roveyayinevi.com.tr\/index.php\/wp-json\/wp\/v2\/media?parent=718523"}],"wp:term":[{"taxonomy":"product_brand","embeddable":true,"href":"https:\/\/roveyayinevi.com.tr\/index.php\/wp-json\/wp\/v2\/product_brand?post=718523"},{"taxonomy":"product_cat","embeddable":true,"href":"https:\/\/roveyayinevi.com.tr\/index.php\/wp-json\/wp\/v2\/product_cat?post=718523"},{"taxonomy":"product_tag","embeddable":true,"href":"https:\/\/roveyayinevi.com.tr\/index.php\/wp-json\/wp\/v2\/product_tag?post=718523"}],"curies":[{"name":"wp","href":"https:\/\/api.w.org\/{rel}","templated":true}]}}