{"id":718475,"date":"2025-08-27T18:09:22","date_gmt":"2025-08-27T15:09:22","guid":{"rendered":"https:\/\/roveyayinevi.com.tr\/index.php\/urun\/osmanli-devletinin-kisa-sosyal-tarihi\/"},"modified":"2026-04-16T02:26:43","modified_gmt":"2026-04-15T23:26:43","slug":"osmanli-devletinin-kisa-sosyal-tarihi","status":"publish","type":"product","link":"https:\/\/roveyayinevi.com.tr\/index.php\/urun\/osmanli-devletinin-kisa-sosyal-tarihi\/","title":{"rendered":"Osmanl\u0131 Devletinin K\u0131sa Sosyal Tarihi"},"content":{"rendered":"<p>Sosyal tarih denildi\u011fi zaman akla gelen \u00f6nemli tarih\u00e7ilerden G. M. Trevelyan klasikle\u015fmi\u015f olan English Social History adl\u0131 eserinde sosyal tarihi siyasi tarihin hari\u00e7 b\u0131rakt\u0131\u011f\u0131 ya da unuttu\u011fu insanlar\u0131n tarihi olarak tan\u0131mlar. Bunu yaparken, insanlar\u0131 siyasetten ba\u011f\u0131ms\u0131z d\u00fc\u015f\u00fcnmenin zor oldu\u011funu ve hele \u0130ngiltere insan\u0131 i\u00e7in bunun daha zor oldu\u011funu belirtir. Sosyal tarih olmaks\u0131z\u0131n iktisadi ve siyasi tarihin anla\u015f\u0131lamayaca\u011f\u0131n\u0131 savunur. Bu s\u00f6zleri Osmanl\u0131 tarihi ve insan\u0131na uyarlamam\u0131z m\u00fcmk\u00fcnd\u00fcr. Nitekim XX. y\u00fczy\u0131l\u0131n ikinci yar\u0131s\u0131ndan itibaren Charles Issawi, Roger Owen, Halil \u0130nalc\u0131k, Donald Quataert, Nikolai Todorov gibi tarih\u00e7i ve sosyal bilimciler \u201cOsmanl\u0131 sosyal ve ekonomik tarihinin\u201d farkl\u0131 d\u00f6nemlerine ve b\u00f6lgelerine \u0131\u015f\u0131k tutmaya \u00e7al\u0131\u015ft\u0131lar. Bu \u00e7al\u0131\u015fmalar\u0131n hi\u00e7birisi \u201cdevlet\u201di konu d\u0131\u015f\u0131nda b\u0131rakmam\u0131\u015ft\u0131r. Bu \u00e7al\u0131\u015fmalarda birinci ve ikinci elden nicel ve nitel veriler kullan\u0131larak Osmanl\u0131 toplumunun b\u00fcrokrasiden ba\u015fka di\u011fer unsurlar\u0131 da incelenmi\u015ftir.Elinizdeki bu kitap, merhum Kemal Karpat\u2019\u0131n vefat\u0131ndan k\u0131sa bir s\u00fcre \u00f6nce ar\u015fivini d\u00fczenledi\u011fi s\u0131rada, ay\u0131r\u0131p yay\u0131nevinin mutfa\u011f\u0131na g\u00f6nderdi\u011fi, bir y\u00f6n\u00fcyle yukar\u0131da ismi verilen sosyal bilimcilerin takip etti\u011fi metot ve verileri kullanmak suretiyle olu\u015fturulmu\u015f bir sosyal tarih \u00e7al\u0131\u015fmas\u0131d\u0131r. Osmanl\u0131 Devleti\u2019nin devrald\u0131\u011f\u0131 tarihsel miras ve co\u011frafya \u00fczerine kurdu\u011fu \u00f6zg\u00fcn sosyo-politik, ekonomik, k\u00fclt\u00fcrel ve asker\u00ee yap\u0131lanmas\u0131n\u0131n bilhassa XVI. y\u00fczy\u0131l\u0131n sonundan itibaren ya\u015fad\u0131\u011f\u0131 d\u00f6n\u00fc\u015f\u00fcm\u00fcn sebepleri mukayeseli bir bak\u0131\u015f a\u00e7\u0131s\u0131yla tahlil edilmektedir. Karpat, kendisine has \u00fcslubu ve metodolojisiyle Osmanl\u0131 siyasas\u0131 ve toplumsal yap\u0131s\u0131 \u00fczerindeki temel dinamiklerin paradoksal de\u011fi\u015fimini genel y\u00f6nleriyle tahlil ederken \u00e7ok ilgin\u00e7 ayr\u0131nt\u0131lara de\u011finmek suretiyle hem bir b\u00fct\u00fcn halinde Osmanl\u0131 tarihini incelemi\u015f hem de birtak\u0131m ayr\u0131nt\u0131lar\u0131 da ihmal etmedi\u011fini g\u00f6stermi\u015ftir. Merhum Kemal Karpat\u2019\u0131n 35 y\u0131l \u00f6nce haz\u0131rlad\u0131\u011f\u0131 bu kitab\u0131 ne\u015fretmekle h\u00fcz\u00fcnl\u00fc bir sevin\u00e7 ya\u015famaktay\u0131z.<\/p>\n","protected":false},"excerpt":{"rendered":"<p>Sosyal tarih denildi\u011fi zaman akla gelen \u00f6nemli tarih\u00e7ilerden G. M. Trevelyan klasikle\u015fmi\u015f olan English Social History adl\u0131 eserinde sosyal tarihi siyasi tarihin hari\u00e7 b\u0131rakt\u0131\u011f\u0131 ya da<span class=\"excerpt-hellip\"> [\u2026]<\/span><\/p>\n","protected":false},"featured_media":0,"template":"","meta":{"_monsterinsights_skip_tracking":false,"_monsterinsights_sitenote_active":false,"_monsterinsights_sitenote_note":"","_monsterinsights_sitenote_category":0},"product_brand":[],"product_cat":[13517,12304],"product_tag":[],"class_list":{"0":"post-718475","1":"product","2":"type-product","3":"status-publish","5":"product_cat-osmanli-tarihi","6":"product_cat-tarih","7":"pa_cilt-ciltsiz","8":"pa_tur-kitap","9":"pa_yayinevi-timas-yayinlari","10":"pa_yazar-kemal-karpat","12":"first","13":"instock","14":"sale","15":"shipping-taxable","16":"purchasable","17":"product-type-simple"},"_links":{"self":[{"href":"https:\/\/roveyayinevi.com.tr\/index.php\/wp-json\/wp\/v2\/product\/718475","targetHints":{"allow":["GET"]}}],"collection":[{"href":"https:\/\/roveyayinevi.com.tr\/index.php\/wp-json\/wp\/v2\/product"}],"about":[{"href":"https:\/\/roveyayinevi.com.tr\/index.php\/wp-json\/wp\/v2\/types\/product"}],"wp:attachment":[{"href":"https:\/\/roveyayinevi.com.tr\/index.php\/wp-json\/wp\/v2\/media?parent=718475"}],"wp:term":[{"taxonomy":"product_brand","embeddable":true,"href":"https:\/\/roveyayinevi.com.tr\/index.php\/wp-json\/wp\/v2\/product_brand?post=718475"},{"taxonomy":"product_cat","embeddable":true,"href":"https:\/\/roveyayinevi.com.tr\/index.php\/wp-json\/wp\/v2\/product_cat?post=718475"},{"taxonomy":"product_tag","embeddable":true,"href":"https:\/\/roveyayinevi.com.tr\/index.php\/wp-json\/wp\/v2\/product_tag?post=718475"}],"curies":[{"name":"wp","href":"https:\/\/api.w.org\/{rel}","templated":true}]}}