{"id":718413,"date":"2025-08-27T18:08:00","date_gmt":"2025-08-27T15:08:00","guid":{"rendered":"https:\/\/roveyayinevi.com.tr\/index.php\/urun\/ataturk-ve-din-2\/"},"modified":"2026-04-16T02:26:26","modified_gmt":"2026-04-15T23:26:26","slug":"ataturk-ve-din-2","status":"publish","type":"product","link":"https:\/\/roveyayinevi.com.tr\/index.php\/urun\/ataturk-ve-din-2\/","title":{"rendered":"Atat\u00fcrk ve Din"},"content":{"rendered":"<p>\u00b4\u00b4Din vard\u0131r ve laz\u0131md\u0131r. Temeli \u00e7ok sa\u011flam bir dinimiz var. Malzemesi iyi. Ancak bina sakatlanm\u0131\u015ft\u0131r. \u00c7ok ya\u015fam\u0131\u015f ve eskimi\u015f olan harc\u0131n iltisak kudreti azal\u0131p \u00e7\u00f6z\u00fcld\u00fck\u00e7e, yeni malzeme ile takviye edilememi\u015ftir. Aksine olarak yabanc\u0131 unsurlar kat\u0131larak zay\u0131flat\u0131lm\u0131\u015ft\u0131r. Bug\u00fcn bu binaya dokunulamaz, tamir de edilemez. Zamanla \u00e7atlaklar derinle\u015fecek ve sa\u011flam olan temel \u00fczerine yeni bir bina kurulacakt\u0131r.1932-1933\u00b4\u00b4Az zamanda \u00e7ok ve b\u00fcy\u00fck i\u015fler yapt\u0131k. Bu i\u015flerin en b\u00fcy\u00fc\u011f\u00fc, temeli T\u00fcrk kahramanl\u0131\u011f\u0131 ve y\u00fcksek T\u00fcrk k\u00fclt\u00fcr\u00fc olan T\u00fcrkiye Cumhuriyeti\u00b4dir&#8230; Ge\u00e7en zamana nispetle daha \u00e7ok \u00e7al\u0131\u015faca\u011f\u0131z. Daha az zamanda, daha b\u00fcy\u00fck i\u015fler ba\u015faraca\u011f\u0131z&#8230;T\u00fcrk Milleti Milli Birlik ve Beraberlikle g\u00fc\u00e7l\u00fckleri yenmesini bilmi\u015ftir.\u00b4\u00b429 Ekim 1933Gazi Mustafa Kemal Atat\u00fcrk<\/p>\n","protected":false},"excerpt":{"rendered":"<p>\u00b4\u00b4Din vard\u0131r ve laz\u0131md\u0131r. Temeli \u00e7ok sa\u011flam bir dinimiz var. Malzemesi iyi. Ancak bina sakatlanm\u0131\u015ft\u0131r. \u00c7ok ya\u015fam\u0131\u015f ve eskimi\u015f olan harc\u0131n iltisak kudreti azal\u0131p \u00e7\u00f6z\u00fcld\u00fck\u00e7e, yeni<span class=\"excerpt-hellip\"> [\u2026]<\/span><\/p>\n","protected":false},"featured_media":0,"template":"","meta":{"_monsterinsights_skip_tracking":false,"_monsterinsights_sitenote_active":false,"_monsterinsights_sitenote_note":"","_monsterinsights_sitenote_category":0},"product_brand":[],"product_cat":[12530,12304],"product_tag":[],"class_list":{"0":"post-718413","1":"product","2":"type-product","3":"status-publish","5":"product_cat-mustafa-kemal-ataturk","6":"product_cat-tarih","7":"pa_cilt-ciltsiz","8":"pa_tur-kitap","9":"pa_yayinevi-soncag","10":"pa_yazar-mehmet-arif-demirer","12":"first","13":"instock","14":"sale","15":"shipping-taxable","16":"purchasable","17":"product-type-simple"},"_links":{"self":[{"href":"https:\/\/roveyayinevi.com.tr\/index.php\/wp-json\/wp\/v2\/product\/718413","targetHints":{"allow":["GET"]}}],"collection":[{"href":"https:\/\/roveyayinevi.com.tr\/index.php\/wp-json\/wp\/v2\/product"}],"about":[{"href":"https:\/\/roveyayinevi.com.tr\/index.php\/wp-json\/wp\/v2\/types\/product"}],"wp:attachment":[{"href":"https:\/\/roveyayinevi.com.tr\/index.php\/wp-json\/wp\/v2\/media?parent=718413"}],"wp:term":[{"taxonomy":"product_brand","embeddable":true,"href":"https:\/\/roveyayinevi.com.tr\/index.php\/wp-json\/wp\/v2\/product_brand?post=718413"},{"taxonomy":"product_cat","embeddable":true,"href":"https:\/\/roveyayinevi.com.tr\/index.php\/wp-json\/wp\/v2\/product_cat?post=718413"},{"taxonomy":"product_tag","embeddable":true,"href":"https:\/\/roveyayinevi.com.tr\/index.php\/wp-json\/wp\/v2\/product_tag?post=718413"}],"curies":[{"name":"wp","href":"https:\/\/api.w.org\/{rel}","templated":true}]}}